{"id":13,"date":"2019-06-25T22:45:12","date_gmt":"2019-06-25T20:45:12","guid":{"rendered":"https:\/\/www.saint-joseph-tartas.com\/?page_id=13"},"modified":"2025-03-27T14:33:11","modified_gmt":"2025-03-27T13:33:11","slug":"historique","status":"publish","type":"page","link":"https:\/\/www.saint-joseph-tartas.com\/?page_id=13","title":{"rendered":"Historique de Tartas et de Saint-Joseph"},"content":{"rendered":"\t\t<div data-elementor-type=\"wp-page\" data-elementor-id=\"13\" class=\"elementor elementor-13\" data-elementor-settings=\"[]\">\n\t\t\t<div class=\"elementor-inner\">\n\t\t\t\t<div class=\"elementor-section-wrap\">\n\t\t\t\t\t\t\t<section class=\"elementor-element elementor-element-5423bd7c elementor-section-boxed elementor-section-height-default elementor-section-height-default elementor-section elementor-top-section\" data-id=\"5423bd7c\" data-element_type=\"section\">\n\t\t\t\t\t\t<div class=\"elementor-container elementor-column-gap-default\">\n\t\t\t\t<div class=\"elementor-row\">\n\t\t\t\t<div class=\"elementor-element elementor-element-2c598550 elementor-column elementor-col-100 elementor-top-column\" data-id=\"2c598550\" data-element_type=\"column\">\n\t\t\t<div class=\"elementor-column-wrap  elementor-element-populated\">\n\t\t\t\t\t<div class=\"elementor-widget-wrap\">\n\t\t\t\t<div class=\"elementor-element elementor-element-544b637f elementor-widget elementor-widget-text-editor\" data-id=\"544b637f\" data-element_type=\"widget\" data-widget_type=\"text-editor.default\">\n\t\t\t\t<div class=\"elementor-widget-container\">\n\t\t\t\t\t<div class=\"elementor-text-editor elementor-clearfix\"><p><!-- wp:heading {\"level\":3} --><\/p>\n<h3><span style=\"color: #333399;\"><strong>De la pr\u00e9histoire \u00e0 l\u2019\u00e9poque gallo-romaine<\/strong><\/span><\/h3>\n<p><!-- \/wp:heading --><\/p>\n<p><!-- wp:paragraph --><\/p>\n<p>Le premier village se d\u00e9veloppe et frappe sa monnaie. Un monnayage, attribu\u00e9 \u00e0 Tartas, nous est connu par deux tr\u00e9sors d\u00e9couverts dans le d\u00e9partement des Landes en 1845 \u00e0 Eyres-Moncube et en 1892 \u00e0 Pomarez, tr\u00e9sor qui contenait 400 pi\u00e8ces. Ce monnayage est actuellement dat\u00e9 du II\u00e8me si\u00e8cle avant J.-C.<br \/>\u00a0En 56 avant J.-C., Crassus, lieutenant de C\u00e9sar, fils d\u2019un triumvir de Rome, conquit l\u2019Aquitaine et les Landes \u00e0 la t\u00eate d\u2019une l\u00e9gion de 6 000 soldats romains. Ils occupent le petit village et en font probablement un camp fortifi\u00e9 (palissade form\u00e9e de troncs d\u2019arbres reli\u00e9s entre eux par des branches entrecrois\u00e9es).<\/p>\n<p><!-- \/wp:paragraph --><\/p>\n<p><!-- wp:paragraph --><\/p>\n<p>C\u2019est peut-\u00eatre \u00e0 ce moment qu\u2019appara\u00eet le premier trac\u00e9 de la rue Sainte Ursule. Le camp encercle la partie haute du site : de l\u2019actuel monument aux morts, vers la maison de retraite et jusqu\u2019\u00e0 proximit\u00e9 de l\u2019actuelle \u00e9glise St Jacques.\u00a0\u00a0<\/p>\n<p><!-- \/wp:paragraph --><\/p>\n<p><!-- wp:heading {\"level\":3} --><\/p>\n<h3><span style=\"color: #333399;\"><strong>Au Moyen Age<\/strong><\/span><\/h3>\n<p><!-- \/wp:heading --><\/p>\n<p><!-- wp:paragraph --><\/p>\n<p>Comme beaucoup d\u2019autres r\u00e9gions, le d\u00e9partement a \u00e9t\u00e9 envahi par les Wisigoths et les Vandales au 5\u00e8me si\u00e8cle et Tartas ne resta pas \u00e0 l\u2019abri de ces \u201cvisites\u201d. Les Wisigoths furent chass\u00e9s en 507 et l\u2019ensemble de l\u2019Aquitaine fit d\u00e9sormais partie du patrimoine des M\u00e9rovingiens, puis des Carolingiens.<br \/>Apr\u00e8s \u00eatre pass\u00e9e dans de nombreuses mains, la ville de Tartas a \u00e9t\u00e9 vendue \u00e0 Amanieu d\u2019Albret en 1309. Cette cit\u00e9 m\u00e9di\u00e9vale se d\u00e9veloppe.\u00a0<\/p>\n<p><!-- \/wp:paragraph --><\/p>\n<p><!-- wp:heading {\"level\":3} --><\/p>\n<h3><span style=\"color: #333399;\"><strong>Les Clarisses et les Ursulines<\/strong><\/span><\/h3>\n<p><!-- \/wp:heading --><\/p>\n<p><!-- wp:paragraph --><\/p>\n<p><strong><span style=\"color: #0000ff;\">Vers 1560<\/span><\/strong> : Les Tarusates deviennent protestants.<\/p>\n<p><span style=\"color: #0000ff;\"><strong>1570<\/strong> <\/span>: Montluc prend le ch\u00e2teau pour les catholiques, mais les protestants restent en ville.\u00a0<\/p>\n<p><span style=\"color: #0000ff;\"><strong>11 juin 1638<\/strong><\/span> : La communaut\u00e9 des Clarisses de Tartas est fond\u00e9e : elle comprend cinq religieuses. Elle s\u2019installe sur une partie du ch\u00e2teau.<\/p>\n<p><span style=\"color: #0000ff;\"><strong>6 juin <span style=\"color: #0000ff;\">1780<\/span><\/strong><\/span> : Trois Usrulines s\u2019installent au couvent. En 1788, on compte 90 pensionnaires et 160 externes.<\/p>\n<p><span style=\"color: #0000ff;\"><strong>12 septembre 1792<\/strong><\/span> : Les R\u00e9volutionnaires chassent les religieuses. Le couvent devient une caserne pour un r\u00e9giment de dragons.\u00a0<\/p>\n<p><span style=\"color: #0000ff;\"><strong>Fin 1808<\/strong><\/span> : Trois soeurs Ursulines reviennent pour cr\u00e9er une maison d\u2019\u00e9ducation de jeunes filles. En 1812, il y a 46 \u00e9l\u00e8ves pour 8 religieuses. L\u2019\u00e9tablissement se d\u00e9veloppe : 35 religieuses sont pr\u00e9sentes.\u00a0<\/p>\n<p><span style=\"color: #0000ff;\"><strong>1839<\/strong> <\/span>: L&rsquo;\u00e9tablissement s\u2019\u00e9tend : achat d\u2019un jardin et de \u201cl\u2019all\u00e9e des Anges\u201d.\u00a0<\/p>\n<p>\u00a0<\/p>\n<p><!-- \/wp:paragraph --><\/p><\/div>\n\t\t\t\t<\/div>\n\t\t\t\t<\/div>\n\t\t\t\t\t\t<\/div>\n\t\t\t<\/div>\n\t\t<\/div>\n\t\t\t\t\t\t<\/div>\n\t\t\t<\/div>\n\t\t<\/section>\n\t\t\t\t<section class=\"elementor-element elementor-element-51c2468 elementor-section-boxed elementor-section-height-default elementor-section-height-default elementor-section elementor-top-section\" data-id=\"51c2468\" data-element_type=\"section\">\n\t\t\t\t\t\t<div class=\"elementor-container elementor-column-gap-default\">\n\t\t\t\t<div class=\"elementor-row\">\n\t\t\t\t<div class=\"elementor-element elementor-element-068daec elementor-column elementor-col-50 elementor-top-column\" data-id=\"068daec\" data-element_type=\"column\">\n\t\t\t<div class=\"elementor-column-wrap  elementor-element-populated\">\n\t\t\t\t\t<div class=\"elementor-widget-wrap\">\n\t\t\t\t<div class=\"elementor-element elementor-element-587a660 elementor-widget elementor-widget-image\" data-id=\"587a660\" data-element_type=\"widget\" data-widget_type=\"image.default\">\n\t\t\t\t<div class=\"elementor-widget-container\">\n\t\t\t\t\t<div class=\"elementor-image\">\n\t\t\t\t\t\t\t\t\t\t<img loading=\"lazy\" decoding=\"async\" width=\"678\" height=\"507\" src=\"https:\/\/www.saint-joseph-tartas.com\/wp-content\/uploads\/2019\/12\/10_11_45_scan1096180-1024x765.jpg\" class=\"attachment-large size-large\" alt=\"\" srcset=\"https:\/\/www.saint-joseph-tartas.com\/wp-content\/uploads\/2019\/12\/10_11_45_scan1096180-1024x765.jpg 1024w, https:\/\/www.saint-joseph-tartas.com\/wp-content\/uploads\/2019\/12\/10_11_45_scan1096180-300x224.jpg 300w, https:\/\/www.saint-joseph-tartas.com\/wp-content\/uploads\/2019\/12\/10_11_45_scan1096180-768x574.jpg 768w, https:\/\/www.saint-joseph-tartas.com\/wp-content\/uploads\/2019\/12\/10_11_45_scan1096180-1536x1147.jpg 1536w, https:\/\/www.saint-joseph-tartas.com\/wp-content\/uploads\/2019\/12\/10_11_45_scan1096180-2048x1530.jpg 2048w\" sizes=\"auto, (max-width: 678px) 100vw, 678px\" \/>\t\t\t\t\t\t\t\t\t\t\t<\/div>\n\t\t\t\t<\/div>\n\t\t\t\t<\/div>\n\t\t\t\t\t\t<\/div>\n\t\t\t<\/div>\n\t\t<\/div>\n\t\t\t\t<div class=\"elementor-element elementor-element-3fc3f56 elementor-column elementor-col-50 elementor-top-column\" data-id=\"3fc3f56\" data-element_type=\"column\">\n\t\t\t<div class=\"elementor-column-wrap  elementor-element-populated\">\n\t\t\t\t\t<div class=\"elementor-widget-wrap\">\n\t\t\t\t<div class=\"elementor-element elementor-element-3695e18 elementor-widget elementor-widget-image\" data-id=\"3695e18\" data-element_type=\"widget\" data-widget_type=\"image.default\">\n\t\t\t\t<div class=\"elementor-widget-container\">\n\t\t\t\t\t<div class=\"elementor-image\">\n\t\t\t\t\t\t\t\t\t\t<img loading=\"lazy\" decoding=\"async\" width=\"678\" height=\"435\" src=\"https:\/\/www.saint-joseph-tartas.com\/wp-content\/uploads\/2019\/12\/11_54_23_scan115141719-1024x657.jpg\" class=\"attachment-large size-large\" alt=\"\" srcset=\"https:\/\/www.saint-joseph-tartas.com\/wp-content\/uploads\/2019\/12\/11_54_23_scan115141719-1024x657.jpg 1024w, https:\/\/www.saint-joseph-tartas.com\/wp-content\/uploads\/2019\/12\/11_54_23_scan115141719-300x192.jpg 300w, https:\/\/www.saint-joseph-tartas.com\/wp-content\/uploads\/2019\/12\/11_54_23_scan115141719-768x493.jpg 768w, https:\/\/www.saint-joseph-tartas.com\/wp-content\/uploads\/2019\/12\/11_54_23_scan115141719-1536x985.jpg 1536w, https:\/\/www.saint-joseph-tartas.com\/wp-content\/uploads\/2019\/12\/11_54_23_scan115141719-2048x1314.jpg 2048w\" sizes=\"auto, (max-width: 678px) 100vw, 678px\" \/>\t\t\t\t\t\t\t\t\t\t\t<\/div>\n\t\t\t\t<\/div>\n\t\t\t\t<\/div>\n\t\t\t\t\t\t<\/div>\n\t\t\t<\/div>\n\t\t<\/div>\n\t\t\t\t\t\t<\/div>\n\t\t\t<\/div>\n\t\t<\/section>\n\t\t\t\t<section class=\"elementor-element elementor-element-0f5bf1a elementor-section-boxed elementor-section-height-default elementor-section-height-default elementor-section elementor-top-section\" data-id=\"0f5bf1a\" data-element_type=\"section\">\n\t\t\t\t\t\t<div class=\"elementor-container elementor-column-gap-default\">\n\t\t\t\t<div class=\"elementor-row\">\n\t\t\t\t<div class=\"elementor-element elementor-element-6cdde8a elementor-column elementor-col-100 elementor-top-column\" data-id=\"6cdde8a\" data-element_type=\"column\">\n\t\t\t<div class=\"elementor-column-wrap  elementor-element-populated\">\n\t\t\t\t\t<div class=\"elementor-widget-wrap\">\n\t\t\t\t<div class=\"elementor-element elementor-element-ee033f8 elementor-widget elementor-widget-text-editor\" data-id=\"ee033f8\" data-element_type=\"widget\" data-widget_type=\"text-editor.default\">\n\t\t\t\t<div class=\"elementor-widget-container\">\n\t\t\t\t\t<div class=\"elementor-text-editor elementor-clearfix\"><p>Victor Hugo passe par l\u00e0 et \u00e9crit : \u201cTartas, l\u2019ancien chef-lieu des Tarsuates, est une jolie ville sur la Midouze\u2026 En passant, j\u2019ai salu\u00e9 \u00e0 gauche de la route un plan encore debout de la v\u00e9n\u00e9rable muraille qui r\u00e9sista en 1440 au redoutable captal de Buch et donna \u00e0 CharlesVII le temps d\u2019arriver\u201d.<\/p>\n<p><span style=\"color: #0000ff;\"><strong>1904<\/strong> <\/span>: Suppression de l\u2019enseignement donn\u00e9 par des congr\u00e9gations religieuses.\u00a0Une foule importante se bat contre les gendarmes pour garder les religieuses.<\/p>\n<p><span style=\"color: #0000ff;\"><strong>1926<\/strong> <\/span>: Les Ursulines reviennent et construisent en 1939 Massabielle. Le pensionnat devient tr\u00e8s Prosp\u00e8re.<\/p>\n<p><span style=\"color: #0000ff;\"><strong>1960<\/strong> <\/span>: On d\u00e9nombre 260 \u00e9l\u00e8ves dont 197 internes, qui passent le brevet et le bac.<\/p><\/div>\n\t\t\t\t<\/div>\n\t\t\t\t<\/div>\n\t\t\t\t\t\t<\/div>\n\t\t\t<\/div>\n\t\t<\/div>\n\t\t\t\t\t\t<\/div>\n\t\t\t<\/div>\n\t\t<\/section>\n\t\t\t\t<section class=\"elementor-element elementor-element-faa965c elementor-section-boxed elementor-section-height-default elementor-section-height-default elementor-section elementor-top-section\" data-id=\"faa965c\" data-element_type=\"section\">\n\t\t\t\t\t\t<div class=\"elementor-container elementor-column-gap-default\">\n\t\t\t\t<div class=\"elementor-row\">\n\t\t\t\t<div class=\"elementor-element elementor-element-55e0f04 elementor-column elementor-col-33 elementor-top-column\" data-id=\"55e0f04\" data-element_type=\"column\">\n\t\t\t<div class=\"elementor-column-wrap  elementor-element-populated\">\n\t\t\t\t\t<div class=\"elementor-widget-wrap\">\n\t\t\t\t<div class=\"elementor-element elementor-element-8d6e2bf elementor-widget elementor-widget-image\" data-id=\"8d6e2bf\" data-element_type=\"widget\" data-widget_type=\"image.default\">\n\t\t\t\t<div class=\"elementor-widget-container\">\n\t\t\t\t\t<div class=\"elementor-image\">\n\t\t\t\t\t\t\t\t\t\t<img loading=\"lazy\" decoding=\"async\" width=\"678\" height=\"506\" src=\"https:\/\/www.saint-joseph-tartas.com\/wp-content\/uploads\/2019\/12\/10_55_43_scan105235149-1024x764.jpg\" class=\"attachment-large size-large\" alt=\"\" srcset=\"https:\/\/www.saint-joseph-tartas.com\/wp-content\/uploads\/2019\/12\/10_55_43_scan105235149-1024x764.jpg 1024w, https:\/\/www.saint-joseph-tartas.com\/wp-content\/uploads\/2019\/12\/10_55_43_scan105235149-300x224.jpg 300w, https:\/\/www.saint-joseph-tartas.com\/wp-content\/uploads\/2019\/12\/10_55_43_scan105235149-768x573.jpg 768w, https:\/\/www.saint-joseph-tartas.com\/wp-content\/uploads\/2019\/12\/10_55_43_scan105235149-1536x1146.jpg 1536w, https:\/\/www.saint-joseph-tartas.com\/wp-content\/uploads\/2019\/12\/10_55_43_scan105235149-2048x1528.jpg 2048w\" sizes=\"auto, (max-width: 678px) 100vw, 678px\" \/>\t\t\t\t\t\t\t\t\t\t\t<\/div>\n\t\t\t\t<\/div>\n\t\t\t\t<\/div>\n\t\t\t\t\t\t<\/div>\n\t\t\t<\/div>\n\t\t<\/div>\n\t\t\t\t<div class=\"elementor-element elementor-element-db1ec1b elementor-column elementor-col-33 elementor-top-column\" data-id=\"db1ec1b\" data-element_type=\"column\">\n\t\t\t<div class=\"elementor-column-wrap  elementor-element-populated\">\n\t\t\t\t\t<div class=\"elementor-widget-wrap\">\n\t\t\t\t<div class=\"elementor-element elementor-element-b3b3d26 elementor-widget elementor-widget-image\" data-id=\"b3b3d26\" data-element_type=\"widget\" data-widget_type=\"image.default\">\n\t\t\t\t<div class=\"elementor-widget-container\">\n\t\t\t\t\t<div class=\"elementor-image\">\n\t\t\t\t\t\t\t\t\t\t<img loading=\"lazy\" decoding=\"async\" width=\"678\" height=\"436\" src=\"https:\/\/www.saint-joseph-tartas.com\/wp-content\/uploads\/2019\/12\/11_15_26_scan111227149-1024x658.jpg\" class=\"attachment-large size-large\" alt=\"\" srcset=\"https:\/\/www.saint-joseph-tartas.com\/wp-content\/uploads\/2019\/12\/11_15_26_scan111227149-1024x658.jpg 1024w, https:\/\/www.saint-joseph-tartas.com\/wp-content\/uploads\/2019\/12\/11_15_26_scan111227149-300x193.jpg 300w, https:\/\/www.saint-joseph-tartas.com\/wp-content\/uploads\/2019\/12\/11_15_26_scan111227149-768x494.jpg 768w, https:\/\/www.saint-joseph-tartas.com\/wp-content\/uploads\/2019\/12\/11_15_26_scan111227149-1536x987.jpg 1536w, https:\/\/www.saint-joseph-tartas.com\/wp-content\/uploads\/2019\/12\/11_15_26_scan111227149-2048x1316.jpg 2048w\" sizes=\"auto, (max-width: 678px) 100vw, 678px\" \/>\t\t\t\t\t\t\t\t\t\t\t<\/div>\n\t\t\t\t<\/div>\n\t\t\t\t<\/div>\n\t\t\t\t\t\t<\/div>\n\t\t\t<\/div>\n\t\t<\/div>\n\t\t\t\t<div class=\"elementor-element elementor-element-aff2c57 elementor-column elementor-col-33 elementor-top-column\" data-id=\"aff2c57\" data-element_type=\"column\">\n\t\t\t<div class=\"elementor-column-wrap  elementor-element-populated\">\n\t\t\t\t\t<div class=\"elementor-widget-wrap\">\n\t\t\t\t<div class=\"elementor-element elementor-element-8d5e26a elementor-widget elementor-widget-image\" data-id=\"8d5e26a\" data-element_type=\"widget\" data-widget_type=\"image.default\">\n\t\t\t\t<div class=\"elementor-widget-container\">\n\t\t\t\t\t<div class=\"elementor-image\">\n\t\t\t\t\t\t\t\t\t\t<img loading=\"lazy\" decoding=\"async\" width=\"678\" height=\"434\" src=\"https:\/\/www.saint-joseph-tartas.com\/wp-content\/uploads\/2019\/12\/11_18_47_scan111552593-1024x656.jpg\" class=\"attachment-large size-large\" alt=\"\" srcset=\"https:\/\/www.saint-joseph-tartas.com\/wp-content\/uploads\/2019\/12\/11_18_47_scan111552593-1024x656.jpg 1024w, https:\/\/www.saint-joseph-tartas.com\/wp-content\/uploads\/2019\/12\/11_18_47_scan111552593-300x192.jpg 300w, https:\/\/www.saint-joseph-tartas.com\/wp-content\/uploads\/2019\/12\/11_18_47_scan111552593-768x492.jpg 768w, https:\/\/www.saint-joseph-tartas.com\/wp-content\/uploads\/2019\/12\/11_18_47_scan111552593-1536x984.jpg 1536w, https:\/\/www.saint-joseph-tartas.com\/wp-content\/uploads\/2019\/12\/11_18_47_scan111552593-2048x1311.jpg 2048w\" sizes=\"auto, (max-width: 678px) 100vw, 678px\" \/>\t\t\t\t\t\t\t\t\t\t\t<\/div>\n\t\t\t\t<\/div>\n\t\t\t\t<\/div>\n\t\t\t\t\t\t<\/div>\n\t\t\t<\/div>\n\t\t<\/div>\n\t\t\t\t\t\t<\/div>\n\t\t\t<\/div>\n\t\t<\/section>\n\t\t\t\t<section class=\"elementor-element elementor-element-6a53366 elementor-section-boxed elementor-section-height-default elementor-section-height-default elementor-section elementor-top-section\" data-id=\"6a53366\" data-element_type=\"section\">\n\t\t\t\t\t\t<div class=\"elementor-container elementor-column-gap-default\">\n\t\t\t\t<div class=\"elementor-row\">\n\t\t\t\t<div class=\"elementor-element elementor-element-f29777c elementor-column elementor-col-100 elementor-top-column\" data-id=\"f29777c\" data-element_type=\"column\">\n\t\t\t<div class=\"elementor-column-wrap  elementor-element-populated\">\n\t\t\t\t\t<div class=\"elementor-widget-wrap\">\n\t\t\t\t<div class=\"elementor-element elementor-element-57adb35 elementor-widget elementor-widget-text-editor\" data-id=\"57adb35\" data-element_type=\"widget\" data-widget_type=\"text-editor.default\">\n\t\t\t\t<div class=\"elementor-widget-container\">\n\t\t\t\t\t<div class=\"elementor-text-editor elementor-clearfix\"><p><strong><span style=\"color: #0000ff;\">1964<\/span> <\/strong>: D\u00e9part des Ursulines. Les b\u00e2timents restent vides pendant 12 ans.<\/p>\n<p><strong><span style=\"color: #0000ff;\">1976 <\/span><\/strong>: L\u2019\u00e9v\u00eaque inaugure un coll\u00e8ge mixte.<\/p>\n<p><strong><span style=\"color: #0000ff;\">De 1980 \u00e0 1982<\/span><\/strong> : Direction de Monsieur Laborde.\u00a0<\/p>\n<p><span style=\"color: #0000ff;\"><strong>De 1982 \u00e0 1983<\/strong><\/span> : Direction de Monsieur Pompon.<\/p>\n<p><span style=\"color: #0000ff;\"><strong>1983<\/strong><\/span> : Monsieur Jean Louis Marbat prend la direction du coll\u00e8ge avec 56 \u00e9l\u00e8ves. Il entreprend la r\u00e9fection des locaux qui ont subi l\u2019outrage des ans. Il double les effectifs et lutte pour la survie de ce lieu historique, charge d\u2019une vocation : \u00e9duquer !\u00a0<\/p>\n<p><span style=\"color: #0000ff;\"><strong>1994<\/strong><\/span> : Madame Christine Dubois prend la direction de l\u2019\u00e9cole primaire ; les effectifs en progression constante depuis cette date ont permis l\u2019ouverture de 3 nouvelles classes.<\/p>\n<p><span style=\"color: #0000ff;\"><strong>2006<\/strong><\/span> : Monsieur Fran\u00e7ois Poupin assure la succession en tant que chef d\u2019\u00e9tablissement. Ce poitevin d\u2019origine souhaite faire entrer le groupe scolaire Saint-Joseph dans un XX\u00e8me si\u00e8cle moderne, o\u00f9 l\u2019essentiel demeure, le regard bienveillant que l\u2019on pose sur ces Hommes dans le Monde d\u2019aujourd\u2019hui et de demain, avec comme point de rep\u00e8re, les bases voulues par les fondateurs, entre autres l\u2019accueil de tous.<\/p>\n<p><span style=\"color: #0000ff;\"><strong>2008<\/strong><\/span> : Double changement de direction :<\/p>\n<ul>\n<li>Madame Marmande prend la direction de l\u2019\u00e9cole,<\/li>\n<li>Madame Ducassou prend la direction du coll\u00e8ge.\u00a0<\/li>\n<\/ul>\n<p>Les deux directrices entendent poursuivre dans la voie trac\u00e9e par leurs pr\u00e9d\u00e9cesseurs qui, gr\u00e2ce au travail de groupes et une forte implication des \u00e9quipes p\u00e9dagogiques qui se sont succ\u00e9d\u00e9es, ont r\u00e9ussi \u00e0 faire de Saint-Joseph un \u00e9tablissement o\u00f9 il fait bon enseigner et o\u00f9 les r\u00e9sultats sont au rendez-vous.<\/p>\n<p><strong><span style=\"color: #0000ff;\">Juin 2016<\/span><\/strong> : Mme Ducassou prend sa retraite. M. Lamidey lui succ\u00e8de.<\/p>\n<p><span style=\"color: #0000ff;\"><strong>Septembre 2017<\/strong><\/span> : M. Dupouy prend la direction du coll\u00e8ge.<\/p><\/div>\n\t\t\t\t<\/div>\n\t\t\t\t<\/div>\n\t\t\t\t\t\t<\/div>\n\t\t\t<\/div>\n\t\t<\/div>\n\t\t\t\t\t\t<\/div>\n\t\t\t<\/div>\n\t\t<\/section>\n\t\t\t\t<section class=\"elementor-element elementor-element-a38225f elementor-section-boxed elementor-section-height-default elementor-section-height-default elementor-section elementor-top-section\" data-id=\"a38225f\" data-element_type=\"section\">\n\t\t\t\t\t\t<div class=\"elementor-container elementor-column-gap-default\">\n\t\t\t\t<div class=\"elementor-row\">\n\t\t\t\t<div class=\"elementor-element elementor-element-c7ada04 elementor-column elementor-col-50 elementor-top-column\" data-id=\"c7ada04\" data-element_type=\"column\">\n\t\t\t<div class=\"elementor-column-wrap  elementor-element-populated\">\n\t\t\t\t\t<div class=\"elementor-widget-wrap\">\n\t\t\t\t<div class=\"elementor-element elementor-element-ba02c9e elementor-arrows-position-inside elementor-widget elementor-widget-image-carousel\" data-id=\"ba02c9e\" data-element_type=\"widget\" data-settings=\"{&quot;slides_to_show&quot;:&quot;1&quot;,&quot;navigation&quot;:&quot;arrows&quot;,&quot;pause_on_hover&quot;:&quot;yes&quot;,&quot;autoplay&quot;:&quot;yes&quot;,&quot;autoplay_speed&quot;:5000,&quot;infinite&quot;:&quot;yes&quot;,&quot;effect&quot;:&quot;slide&quot;,&quot;speed&quot;:500,&quot;direction&quot;:&quot;ltr&quot;}\" data-widget_type=\"image-carousel.default\">\n\t\t\t\t<div class=\"elementor-widget-container\">\n\t\t\t\t\t<div class=\"elementor-image-carousel-wrapper swiper-container\" dir=\"ltr\">\n\t\t\t<div class=\"elementor-image-carousel swiper-wrapper\">\n\t\t\t\t<div class=\"swiper-slide\"><a href=\"https:\/\/www.saint-joseph-tartas.com\/wp-content\/uploads\/2022\/12\/214-2-scaled.jpg\" data-elementor-open-lightbox=\"default\" data-elementor-lightbox-slideshow=\"ba02c9e\" data-elementor-lightbox-index=\"0\"><figure class=\"swiper-slide-inner\"><img decoding=\"async\" class=\"swiper-slide-image\" src=\"https:\/\/www.saint-joseph-tartas.com\/wp-content\/uploads\/2022\/12\/214-2-scaled.jpg\" alt=\"214 (2)\" \/><\/figure><\/a><\/div><div class=\"swiper-slide\"><a href=\"https:\/\/www.saint-joseph-tartas.com\/wp-content\/uploads\/2022\/12\/204-scaled.jpg\" data-elementor-open-lightbox=\"default\" data-elementor-lightbox-slideshow=\"ba02c9e\" data-elementor-lightbox-index=\"1\"><figure class=\"swiper-slide-inner\"><img decoding=\"async\" class=\"swiper-slide-image\" src=\"https:\/\/www.saint-joseph-tartas.com\/wp-content\/uploads\/2022\/12\/204-scaled.jpg\" alt=\"204\" \/><\/figure><\/a><\/div><div class=\"swiper-slide\"><a href=\"https:\/\/www.saint-joseph-tartas.com\/wp-content\/uploads\/2022\/12\/283-scaled.jpg\" data-elementor-open-lightbox=\"default\" data-elementor-lightbox-slideshow=\"ba02c9e\" data-elementor-lightbox-index=\"2\"><figure class=\"swiper-slide-inner\"><img decoding=\"async\" class=\"swiper-slide-image\" src=\"https:\/\/www.saint-joseph-tartas.com\/wp-content\/uploads\/2022\/12\/283-scaled.jpg\" alt=\"283\" \/><\/figure><\/a><\/div><div class=\"swiper-slide\"><a href=\"https:\/\/www.saint-joseph-tartas.com\/wp-content\/uploads\/2022\/12\/171-scaled.jpg\" data-elementor-open-lightbox=\"default\" data-elementor-lightbox-slideshow=\"ba02c9e\" data-elementor-lightbox-index=\"3\"><figure class=\"swiper-slide-inner\"><img decoding=\"async\" class=\"swiper-slide-image\" src=\"https:\/\/www.saint-joseph-tartas.com\/wp-content\/uploads\/2022\/12\/171-scaled.jpg\" alt=\"171\" \/><\/figure><\/a><\/div><div class=\"swiper-slide\"><a href=\"https:\/\/www.saint-joseph-tartas.com\/wp-content\/uploads\/2022\/12\/169-scaled.jpg\" data-elementor-open-lightbox=\"default\" data-elementor-lightbox-slideshow=\"ba02c9e\" data-elementor-lightbox-index=\"4\"><figure class=\"swiper-slide-inner\"><img decoding=\"async\" class=\"swiper-slide-image\" src=\"https:\/\/www.saint-joseph-tartas.com\/wp-content\/uploads\/2022\/12\/169-scaled.jpg\" alt=\"169\" \/><\/figure><\/a><\/div>\t\t\t<\/div>\n\t\t\t\t\t\t\t\t\t\t\t\t\t\t\t\t<div class=\"elementor-swiper-button elementor-swiper-button-prev\">\n\t\t\t\t\t\t<i class=\"eicon-chevron-left\" aria-hidden=\"true\"><\/i>\n\t\t\t\t\t\t<span class=\"elementor-screen-only\">Pr\u00e9c\u00e9dent<\/span>\n\t\t\t\t\t<\/div>\n\t\t\t\t\t<div class=\"elementor-swiper-button elementor-swiper-button-next\">\n\t\t\t\t\t\t<i class=\"eicon-chevron-right\" aria-hidden=\"true\"><\/i>\n\t\t\t\t\t\t<span class=\"elementor-screen-only\">Suivant<\/span>\n\t\t\t\t\t<\/div>\n\t\t\t\t\t\t\t\t\t<\/div>\n\t\t\t\t<\/div>\n\t\t\t\t<\/div>\n\t\t\t\t\t\t<\/div>\n\t\t\t<\/div>\n\t\t<\/div>\n\t\t\t\t<div class=\"elementor-element elementor-element-d55ff43 elementor-column elementor-col-50 elementor-top-column\" data-id=\"d55ff43\" data-element_type=\"column\">\n\t\t\t<div class=\"elementor-column-wrap  elementor-element-populated\">\n\t\t\t\t\t<div class=\"elementor-widget-wrap\">\n\t\t\t\t<div class=\"elementor-element elementor-element-b0dc012 elementor-arrows-position-inside elementor-widget elementor-widget-image-carousel\" data-id=\"b0dc012\" data-element_type=\"widget\" data-settings=\"{&quot;slides_to_show&quot;:&quot;1&quot;,&quot;navigation&quot;:&quot;arrows&quot;,&quot;pause_on_hover&quot;:&quot;yes&quot;,&quot;autoplay&quot;:&quot;yes&quot;,&quot;autoplay_speed&quot;:5000,&quot;infinite&quot;:&quot;yes&quot;,&quot;effect&quot;:&quot;slide&quot;,&quot;speed&quot;:500,&quot;direction&quot;:&quot;ltr&quot;}\" data-widget_type=\"image-carousel.default\">\n\t\t\t\t<div class=\"elementor-widget-container\">\n\t\t\t\t\t<div class=\"elementor-image-carousel-wrapper swiper-container\" dir=\"ltr\">\n\t\t\t<div class=\"elementor-image-carousel swiper-wrapper\">\n\t\t\t\t<div class=\"swiper-slide\"><a href=\"https:\/\/www.saint-joseph-tartas.com\/wp-content\/uploads\/2022\/12\/2-scaled.jpg\" data-elementor-open-lightbox=\"default\" data-elementor-lightbox-slideshow=\"b0dc012\" data-elementor-lightbox-index=\"0\"><figure class=\"swiper-slide-inner\"><img decoding=\"async\" class=\"swiper-slide-image\" src=\"https:\/\/www.saint-joseph-tartas.com\/wp-content\/uploads\/2022\/12\/2-768x576.jpg\" alt=\"2\" \/><\/figure><\/a><\/div><div class=\"swiper-slide\"><a href=\"https:\/\/www.saint-joseph-tartas.com\/wp-content\/uploads\/2022\/12\/1-scaled.jpg\" data-elementor-open-lightbox=\"default\" data-elementor-lightbox-slideshow=\"b0dc012\" data-elementor-lightbox-index=\"1\"><figure class=\"swiper-slide-inner\"><img decoding=\"async\" class=\"swiper-slide-image\" src=\"https:\/\/www.saint-joseph-tartas.com\/wp-content\/uploads\/2022\/12\/1-768x576.jpg\" alt=\"1\" \/><\/figure><\/a><\/div><div class=\"swiper-slide\"><a href=\"https:\/\/www.saint-joseph-tartas.com\/wp-content\/uploads\/2022\/12\/5-scaled.jpg\" data-elementor-open-lightbox=\"default\" data-elementor-lightbox-slideshow=\"b0dc012\" data-elementor-lightbox-index=\"2\"><figure class=\"swiper-slide-inner\"><img decoding=\"async\" class=\"swiper-slide-image\" src=\"https:\/\/www.saint-joseph-tartas.com\/wp-content\/uploads\/2022\/12\/5-768x512.jpg\" alt=\"5\" \/><\/figure><\/a><\/div><div class=\"swiper-slide\"><a href=\"https:\/\/www.saint-joseph-tartas.com\/wp-content\/uploads\/2022\/12\/4-scaled.jpg\" data-elementor-open-lightbox=\"default\" data-elementor-lightbox-slideshow=\"b0dc012\" data-elementor-lightbox-index=\"3\"><figure class=\"swiper-slide-inner\"><img decoding=\"async\" class=\"swiper-slide-image\" src=\"https:\/\/www.saint-joseph-tartas.com\/wp-content\/uploads\/2022\/12\/4-768x512.jpg\" alt=\"4\" \/><\/figure><\/a><\/div>\t\t\t<\/div>\n\t\t\t\t\t\t\t\t\t\t\t\t\t\t\t\t<div class=\"elementor-swiper-button elementor-swiper-button-prev\">\n\t\t\t\t\t\t<i class=\"eicon-chevron-left\" aria-hidden=\"true\"><\/i>\n\t\t\t\t\t\t<span class=\"elementor-screen-only\">Pr\u00e9c\u00e9dent<\/span>\n\t\t\t\t\t<\/div>\n\t\t\t\t\t<div class=\"elementor-swiper-button elementor-swiper-button-next\">\n\t\t\t\t\t\t<i class=\"eicon-chevron-right\" aria-hidden=\"true\"><\/i>\n\t\t\t\t\t\t<span class=\"elementor-screen-only\">Suivant<\/span>\n\t\t\t\t\t<\/div>\n\t\t\t\t\t\t\t\t\t<\/div>\n\t\t\t\t<\/div>\n\t\t\t\t<\/div>\n\t\t\t\t\t\t<\/div>\n\t\t\t<\/div>\n\t\t<\/div>\n\t\t\t\t\t\t<\/div>\n\t\t\t<\/div>\n\t\t<\/section>\n\t\t\t\t\t\t<\/div>\n\t\t\t<\/div>\n\t\t<\/div>\n\t\t","protected":false},"excerpt":{"rendered":"<p>De la pr\u00e9histoire \u00e0 l\u2019\u00e9poque gallo-romaine Le premier village se d\u00e9veloppe et frappe sa monnaie. Un monnayage, attribu\u00e9 \u00e0 Tartas, nous est connu par deux tr\u00e9sors d\u00e9couverts dans le d\u00e9partement <a class=\"more-link\" href=\"https:\/\/www.saint-joseph-tartas.com\/?page_id=13\">Lire la suite<\/a><\/p>\n","protected":false},"author":1,"featured_media":0,"parent":8,"menu_order":0,"comment_status":"closed","ping_status":"closed","template":"page-fullwidth.php","meta":{"footnotes":""},"class_list":["post-13","page","type-page","status-publish","hentry"],"_links":{"self":[{"href":"https:\/\/www.saint-joseph-tartas.com\/index.php?rest_route=\/wp\/v2\/pages\/13","targetHints":{"allow":["GET"]}}],"collection":[{"href":"https:\/\/www.saint-joseph-tartas.com\/index.php?rest_route=\/wp\/v2\/pages"}],"about":[{"href":"https:\/\/www.saint-joseph-tartas.com\/index.php?rest_route=\/wp\/v2\/types\/page"}],"author":[{"embeddable":true,"href":"https:\/\/www.saint-joseph-tartas.com\/index.php?rest_route=\/wp\/v2\/users\/1"}],"replies":[{"embeddable":true,"href":"https:\/\/www.saint-joseph-tartas.com\/index.php?rest_route=%2Fwp%2Fv2%2Fcomments&post=13"}],"version-history":[{"count":15,"href":"https:\/\/www.saint-joseph-tartas.com\/index.php?rest_route=\/wp\/v2\/pages\/13\/revisions"}],"predecessor-version":[{"id":9675,"href":"https:\/\/www.saint-joseph-tartas.com\/index.php?rest_route=\/wp\/v2\/pages\/13\/revisions\/9675"}],"up":[{"embeddable":true,"href":"https:\/\/www.saint-joseph-tartas.com\/index.php?rest_route=\/wp\/v2\/pages\/8"}],"wp:attachment":[{"href":"https:\/\/www.saint-joseph-tartas.com\/index.php?rest_route=%2Fwp%2Fv2%2Fmedia&parent=13"}],"curies":[{"name":"wp","href":"https:\/\/api.w.org\/{rel}","templated":true}]}}