{"id":17,"date":"2019-06-25T22:45:50","date_gmt":"2019-06-25T20:45:50","guid":{"rendered":"https:\/\/www.saint-joseph-tartas.com\/?page_id=17"},"modified":"2025-02-10T19:06:17","modified_gmt":"2025-02-10T18:06:17","slug":"effectifs","status":"publish","type":"page","link":"https:\/\/www.saint-joseph-tartas.com\/?page_id=17","title":{"rendered":"Tarifs"},"content":{"rendered":"\t\t<div data-elementor-type=\"wp-page\" data-elementor-id=\"17\" class=\"elementor elementor-17\" data-elementor-settings=\"[]\">\n\t\t\t<div class=\"elementor-inner\">\n\t\t\t\t<div class=\"elementor-section-wrap\">\n\t\t\t\t\t\t\t<section class=\"elementor-element elementor-element-ecccade elementor-section-boxed elementor-section-height-default elementor-section-height-default elementor-section elementor-top-section\" data-id=\"ecccade\" data-element_type=\"section\">\n\t\t\t\t\t\t<div class=\"elementor-container elementor-column-gap-default\">\n\t\t\t\t<div class=\"elementor-row\">\n\t\t\t\t<div class=\"elementor-element elementor-element-a6efabd elementor-column elementor-col-100 elementor-top-column\" data-id=\"a6efabd\" data-element_type=\"column\">\n\t\t\t<div class=\"elementor-column-wrap  elementor-element-populated\">\n\t\t\t\t\t<div class=\"elementor-widget-wrap\">\n\t\t\t\t<div class=\"elementor-element elementor-element-a86721c elementor-widget elementor-widget-heading\" data-id=\"a86721c\" data-element_type=\"widget\" data-widget_type=\"heading.default\">\n\t\t\t\t<div class=\"elementor-widget-container\">\n\t\t\t<h2 class=\"elementor-heading-title elementor-size-default\">R\u00e8glement financier 2025-2026<\/h2>\t\t<\/div>\n\t\t\t\t<\/div>\n\t\t\t\t\t\t<\/div>\n\t\t\t<\/div>\n\t\t<\/div>\n\t\t\t\t\t\t<\/div>\n\t\t\t<\/div>\n\t\t<\/section>\n\t\t\t\t<section class=\"elementor-element elementor-element-0fb2422 elementor-section-boxed elementor-section-height-default elementor-section-height-default elementor-section elementor-top-section\" data-id=\"0fb2422\" data-element_type=\"section\">\n\t\t\t\t\t\t<div class=\"elementor-container elementor-column-gap-default\">\n\t\t\t\t<div class=\"elementor-row\">\n\t\t\t\t<div class=\"elementor-element elementor-element-f5ef632 elementor-column elementor-col-100 elementor-top-column\" data-id=\"f5ef632\" data-element_type=\"column\">\n\t\t\t<div class=\"elementor-column-wrap  elementor-element-populated\">\n\t\t\t\t\t<div class=\"elementor-widget-wrap\">\n\t\t\t\t<div class=\"elementor-element elementor-element-43251ef elementor-widget elementor-widget-text-editor\" data-id=\"43251ef\" data-element_type=\"widget\" data-widget_type=\"text-editor.default\">\n\t\t\t\t<div class=\"elementor-widget-container\">\n\t\t\t\t\t<div class=\"elementor-text-editor elementor-clearfix\"><p><img decoding=\"async\" class=\"details-image\" draggable=\"false\" src=\"https:\/\/www.saint-joseph-tartas.com\/wp-content\/uploads\/2025\/02\/TARIFS-2025-2026-pdf-724x1024.jpg\" alt=\"\" \/><\/p><\/div>\n\t\t\t\t<\/div>\n\t\t\t\t<\/div>\n\t\t\t\t\t\t<\/div>\n\t\t\t<\/div>\n\t\t<\/div>\n\t\t\t\t\t\t<\/div>\n\t\t\t<\/div>\n\t\t<\/section>\n\t\t\t\t<section class=\"elementor-element elementor-element-8498bfa elementor-section-boxed elementor-section-height-default elementor-section-height-default elementor-section elementor-top-section\" data-id=\"8498bfa\" data-element_type=\"section\">\n\t\t\t\t\t\t<div class=\"elementor-container elementor-column-gap-default\">\n\t\t\t\t<div class=\"elementor-row\">\n\t\t\t\t<div class=\"elementor-element elementor-element-9911981 elementor-column elementor-col-100 elementor-top-column\" data-id=\"9911981\" data-element_type=\"column\">\n\t\t\t<div class=\"elementor-column-wrap  elementor-element-populated\">\n\t\t\t\t\t<div class=\"elementor-widget-wrap\">\n\t\t\t\t<div class=\"elementor-element elementor-element-e356835 elementor-widget elementor-widget-text-editor\" data-id=\"e356835\" data-element_type=\"widget\" data-widget_type=\"text-editor.default\">\n\t\t\t\t<div class=\"elementor-widget-container\">\n\t\t\t\t\t<div class=\"elementor-text-editor elementor-clearfix\"><p><span style=\"color: #0000ff;\"><strong>REDUCTIONS FAMILLE NOMBREUSE<\/strong>\u00a0:<\/span>\u00a0<span style=\"font-size: small;\">Les familles qui inscrivent simultan\u00e9ment plusieurs enfants dans l\u2019\u00e9tablissement (\u00e9cole \u2013 coll\u00e8ge) b\u00e9n\u00e9ficient d\u2019une r\u00e9duction\u00a0: troisi\u00e8me enfant = 50% et gratuit\u00e9 \u00e0 partir du quatri\u00e8me (sur la contribution des familles).<\/span><\/p><p><span style=\"color: #0000ff;\"><strong>MODES DE REGLEMENT\u00a0: <\/strong><\/span><\/p><p align=\"LEFT\"><span style=\"font-size: medium;\"><b>Par pr\u00e9l\u00e8vement mensuel automatique le 08 de chaque mois, d\u2019octobre \u00e0 juillet\u00a0:<\/b><\/span><\/p><ul><li style=\"list-style-type: none;\"><ul><li><p align=\"JUSTIFY\"><span style=\"font-family: Calibri, serif;\"><span style=\"font-size: medium;\"><span style=\"font-family: Times New Roman, serif;\">Un \u00e9ch\u00e9ancier des pr\u00e9l\u00e8vements est notifi\u00e9 sur la facture<\/span><\/span><\/span><\/p><\/li><\/ul><\/li><\/ul><p align=\"JUSTIFY\"><span style=\"font-size: medium;\"><b>Par ch\u00e8que bancaire ou postal, en esp\u00e8ces\u00a0; au mois ou au trimestre<\/b>\u00a0:<\/span><\/p><ul><li style=\"list-style-type: none;\"><ul><li><p align=\"JUSTIFY\"><span style=\"font-family: Calibri, serif;\"><span style=\"font-size: medium;\"><span style=\"font-family: Times New Roman, serif;\">Un \u00e9ch\u00e9ancier des pr\u00e9l\u00e8vements est notifi\u00e9 sur la facture<\/span><\/span><\/span><\/p><\/li><li><p align=\"JUSTIFY\"><span style=\"font-family: Calibri, serif;\"><span style=\"font-size: medium;\"><span style=\"font-family: Times New Roman, serif;\">Par ch\u00e8que bancaire \u00e0 l\u2019ordre de \u00ab\u00a0OGEC ST JOSEPH\u00a0\u00bb en indiquant au dos le code famille <\/span><span style=\"font-family: Times New Roman, serif;\"><b>(4111 suivi du nom du payeur <\/b><\/span><span style=\"font-family: Times New Roman, serif;\"><u><b>exemple<\/b><\/u><\/span><span style=\"font-family: Times New Roman, serif;\"><b>\u00a0: 4111DUPONT)<\/b><\/span> <\/span><\/span><\/p><\/li><li><p align=\"JUSTIFY\"><span style=\"font-family: Calibri, serif;\"><span style=\"font-size: medium;\"><span style=\"font-family: Times New Roman, serif;\">Le paiement en esp\u00e8ces se fera uniquement aupr\u00e8s du Service Comptabilit\u00e9 de St Joseph situ\u00e9 126 rue Sainte Ursule 40400 TARTAS<\/span><\/span><\/span><\/p><\/li><\/ul><\/li><\/ul><\/div>\n\t\t\t\t<\/div>\n\t\t\t\t<\/div>\n\t\t\t\t\t\t<\/div>\n\t\t\t<\/div>\n\t\t<\/div>\n\t\t\t\t\t\t<\/div>\n\t\t\t<\/div>\n\t\t<\/section>\n\t\t\t\t<section class=\"elementor-element elementor-element-2d18405 elementor-section-boxed elementor-section-height-default elementor-section-height-default elementor-section elementor-top-section\" data-id=\"2d18405\" data-element_type=\"section\">\n\t\t\t\t\t\t<div class=\"elementor-container elementor-column-gap-default\">\n\t\t\t\t<div class=\"elementor-row\">\n\t\t\t\t<div class=\"elementor-element elementor-element-54bce65 elementor-column elementor-col-100 elementor-top-column\" data-id=\"54bce65\" data-element_type=\"column\">\n\t\t\t<div class=\"elementor-column-wrap  elementor-element-populated\">\n\t\t\t\t\t<div class=\"elementor-widget-wrap\">\n\t\t\t\t<div class=\"elementor-element elementor-element-244cdd1 elementor-widget elementor-widget-text-editor\" data-id=\"244cdd1\" data-element_type=\"widget\" data-widget_type=\"text-editor.default\">\n\t\t\t\t<div class=\"elementor-widget-container\">\n\t\t\t\t\t<div class=\"elementor-text-editor elementor-clearfix\"><p><span style=\"color: #0000ff;\"><strong>(1) FRAIS ANNEXES COLLEGE<\/strong>\u00a0<\/span>:<\/p><p><span style=\"font-size: medium;\">Ils correspondent \u00e0 des supports p\u00e9dagogiques qui restent la propri\u00e9t\u00e9 des \u00e9l\u00e8ves\u00a0(Fascicules, livres de poche, cahier d\u2019activit\u00e9,\u2026)<\/span><\/p><\/div>\n\t\t\t\t<\/div>\n\t\t\t\t<\/div>\n\t\t\t\t\t\t<\/div>\n\t\t\t<\/div>\n\t\t<\/div>\n\t\t\t\t\t\t<\/div>\n\t\t\t<\/div>\n\t\t<\/section>\n\t\t\t\t<section class=\"elementor-element elementor-element-faa3ebe elementor-section-boxed elementor-section-height-default elementor-section-height-default elementor-section elementor-top-section\" data-id=\"faa3ebe\" data-element_type=\"section\">\n\t\t\t\t\t\t<div class=\"elementor-container elementor-column-gap-default\">\n\t\t\t\t<div class=\"elementor-row\">\n\t\t\t\t<div class=\"elementor-element elementor-element-9f43d8f elementor-column elementor-col-100 elementor-top-column\" data-id=\"9f43d8f\" data-element_type=\"column\">\n\t\t\t<div class=\"elementor-column-wrap  elementor-element-populated\">\n\t\t\t\t\t<div class=\"elementor-widget-wrap\">\n\t\t\t\t<div class=\"elementor-element elementor-element-d93b416 elementor-widget elementor-widget-text-editor\" data-id=\"d93b416\" data-element_type=\"widget\" data-widget_type=\"text-editor.default\">\n\t\t\t\t<div class=\"elementor-widget-container\">\n\t\t\t\t\t<div class=\"elementor-text-editor elementor-clearfix\"><p><strong><span style=\"color: #0000ff;\">(2) ASSURANCE MUTUELLE ST CHRISTOPHE :<\/span> 8,20 \u20ac<\/strong><\/p><p>La cotisation est obligatoire <em>(Cf. la convention de scolarisation)<\/em><\/p><\/div>\n\t\t\t\t<\/div>\n\t\t\t\t<\/div>\n\t\t\t\t\t\t<\/div>\n\t\t\t<\/div>\n\t\t<\/div>\n\t\t\t\t\t\t<\/div>\n\t\t\t<\/div>\n\t\t<\/section>\n\t\t\t\t<section class=\"elementor-element elementor-element-fa31e6e elementor-section-boxed elementor-section-height-default elementor-section-height-default elementor-section elementor-top-section\" data-id=\"fa31e6e\" data-element_type=\"section\">\n\t\t\t\t\t\t<div class=\"elementor-container elementor-column-gap-default\">\n\t\t\t\t<div class=\"elementor-row\">\n\t\t\t\t<div class=\"elementor-element elementor-element-8119bb8 elementor-column elementor-col-100 elementor-top-column\" data-id=\"8119bb8\" data-element_type=\"column\">\n\t\t\t<div class=\"elementor-column-wrap  elementor-element-populated\">\n\t\t\t\t\t<div class=\"elementor-widget-wrap\">\n\t\t\t\t<div class=\"elementor-element elementor-element-3f6a480 elementor-widget elementor-widget-text-editor\" data-id=\"3f6a480\" data-element_type=\"widget\" data-widget_type=\"text-editor.default\">\n\t\t\t\t<div class=\"elementor-widget-container\">\n\t\t\t\t\t<div class=\"elementor-text-editor elementor-clearfix\"><p><span style=\"color: #0000ff;\"><strong>(3) CONTRIBUTION SOLIDARITE<\/strong>\u00a0:<\/span>\u00a0 80\u20ac ou plus par an et par famille. Cette contribution permet, en l\u2019absence de subventions d\u2019investissements des collectivit\u00e9s territoriales, d\u2019optimiser nos installations p\u00e9dagogiques.<\/p><\/div>\n\t\t\t\t<\/div>\n\t\t\t\t<\/div>\n\t\t\t\t\t\t<\/div>\n\t\t\t<\/div>\n\t\t<\/div>\n\t\t\t\t\t\t<\/div>\n\t\t\t<\/div>\n\t\t<\/section>\n\t\t\t\t<section class=\"elementor-element elementor-element-abcab3a elementor-section-boxed elementor-section-height-default elementor-section-height-default elementor-section elementor-top-section\" data-id=\"abcab3a\" data-element_type=\"section\">\n\t\t\t\t\t\t<div class=\"elementor-container elementor-column-gap-default\">\n\t\t\t\t<div class=\"elementor-row\">\n\t\t\t\t<div class=\"elementor-element elementor-element-cf99afb elementor-column elementor-col-100 elementor-top-column\" data-id=\"cf99afb\" data-element_type=\"column\">\n\t\t\t<div class=\"elementor-column-wrap  elementor-element-populated\">\n\t\t\t\t\t<div class=\"elementor-widget-wrap\">\n\t\t\t\t<div class=\"elementor-element elementor-element-b245353 elementor-widget elementor-widget-text-editor\" data-id=\"b245353\" data-element_type=\"widget\" data-widget_type=\"text-editor.default\">\n\t\t\t\t<div class=\"elementor-widget-container\">\n\t\t\t\t\t<div class=\"elementor-text-editor elementor-clearfix\"><p><span style=\"color: #0000ff;\"><strong>(4) TRANSPORT PRIVE :<\/strong><\/span><em> (inscription sur fiche jointe \u00e0 compl\u00e9ter et \u00e0 retourner au secr\u00e9tariat)<\/em><\/p><p align=\"JUSTIFY\"><span style=\"font-size: medium;\">Deux circuits sont assur\u00e9s par le transporteur Darriot-Bibes sur la haute lande vers Rion des Landes, Morcenx, Arengosse, Villenave \u2026 puis sur la Chalosse\u00a0: Montfort en Chalosse, Saint Geours d\u2019Auribat, Mugron, \u2026 Le circuit, les arr\u00eats et les horaires sont disponibles sur demande. <\/span><\/p><\/div>\n\t\t\t\t<\/div>\n\t\t\t\t<\/div>\n\t\t\t\t\t\t<\/div>\n\t\t\t<\/div>\n\t\t<\/div>\n\t\t\t\t\t\t<\/div>\n\t\t\t<\/div>\n\t\t<\/section>\n\t\t\t\t<section class=\"elementor-element elementor-element-950e453 elementor-section-boxed elementor-section-height-default elementor-section-height-default elementor-section elementor-top-section\" data-id=\"950e453\" data-element_type=\"section\">\n\t\t\t\t\t\t<div class=\"elementor-container elementor-column-gap-default\">\n\t\t\t\t<div class=\"elementor-row\">\n\t\t\t\t<div class=\"elementor-element elementor-element-1f551cb elementor-column elementor-col-100 elementor-top-column\" data-id=\"1f551cb\" data-element_type=\"column\">\n\t\t\t<div class=\"elementor-column-wrap  elementor-element-populated\">\n\t\t\t\t\t<div class=\"elementor-widget-wrap\">\n\t\t\t\t<div class=\"elementor-element elementor-element-1207ef6 elementor-widget elementor-widget-text-editor\" data-id=\"1207ef6\" data-element_type=\"widget\" data-widget_type=\"text-editor.default\">\n\t\t\t\t<div class=\"elementor-widget-container\">\n\t\t\t\t\t<div class=\"elementor-text-editor elementor-clearfix\"><p><strong><span style=\"color: #0000ff;\">(5) ETUDE DIRIGEE &#8211; GARDERIE<\/span>\u00a0: <\/strong><em>(inscription sur fiche jointe \u00e0 compl\u00e9ter et \u00e0 retourner au secr\u00e9tariat d\u00e8s la rentr\u00e9e)<\/em><\/p><p align=\"JUSTIFY\"><span style=\"font-size: medium;\">Les \u00e9l\u00e8ves empruntant le transport de l\u2019\u00e9tablissement, d\u00e9part du bus \u00e0 17h45, ne sont pas soumis au <\/span><span style=\"font-size: medium;\">paiement de l\u2019\u00e9tude.<\/span><\/p><p align=\"JUSTIFY\"><span style=\"font-size: medium;\">Etude ou garderie occasionnelle\u00a0: vente de carnets de 10 tickets \u00e0 31 \u20ac. (<i>A retirer au secr\u00e9tariat)<\/i><\/span><\/p><\/div>\n\t\t\t\t<\/div>\n\t\t\t\t<\/div>\n\t\t\t\t\t\t<\/div>\n\t\t\t<\/div>\n\t\t<\/div>\n\t\t\t\t\t\t<\/div>\n\t\t\t<\/div>\n\t\t<\/section>\n\t\t\t\t<section class=\"elementor-element elementor-element-33539fe elementor-section-boxed elementor-section-height-default elementor-section-height-default elementor-section elementor-top-section\" data-id=\"33539fe\" data-element_type=\"section\">\n\t\t\t\t\t\t<div class=\"elementor-container elementor-column-gap-default\">\n\t\t\t\t<div class=\"elementor-row\">\n\t\t\t\t<div class=\"elementor-element elementor-element-fdd3eab elementor-column elementor-col-100 elementor-top-column\" data-id=\"fdd3eab\" data-element_type=\"column\">\n\t\t\t<div class=\"elementor-column-wrap  elementor-element-populated\">\n\t\t\t\t\t<div class=\"elementor-widget-wrap\">\n\t\t\t\t<div class=\"elementor-element elementor-element-cf126f9 elementor-widget elementor-widget-text-editor\" data-id=\"cf126f9\" data-element_type=\"widget\" data-widget_type=\"text-editor.default\">\n\t\t\t\t<div class=\"elementor-widget-container\">\n\t\t\t\t\t<div class=\"elementor-text-editor elementor-clearfix\"><p><span style=\"color: #0000ff;\"><strong>(6) COTISATION APEL<\/strong> <\/span>(Association Parents d\u2019El\u00e8ves)\u00a0: <strong>22,00 \u20ac<\/strong> <strong>\u00a0\u00a0<\/strong><\/p><p align=\"JUSTIFY\"><span style=\"font-size: medium;\">L\u2019adh\u00e9sion \u00e0 une association est libre et volontaire vous devez de ce fait pr\u00e9ciser, dans la fiche d\u2019inscription, <\/span><span style=\"font-size: medium;\">votre d\u00e9cision d\u2019adh\u00e9rer ou pas \u00e0 l\u2019APEL. La cotisation sera appel\u00e9e sur la facture. Nous vous engageons <\/span><span style=\"font-size: medium;\">\u00e0 y adh\u00e9rer.<\/span><\/p><\/div>\n\t\t\t\t<\/div>\n\t\t\t\t<\/div>\n\t\t\t\t\t\t<\/div>\n\t\t\t<\/div>\n\t\t<\/div>\n\t\t\t\t\t\t<\/div>\n\t\t\t<\/div>\n\t\t<\/section>\n\t\t\t\t<section class=\"elementor-element elementor-element-74ce3cd elementor-section-boxed elementor-section-height-default elementor-section-height-default elementor-section elementor-top-section\" data-id=\"74ce3cd\" data-element_type=\"section\">\n\t\t\t\t\t\t<div class=\"elementor-container elementor-column-gap-default\">\n\t\t\t\t<div class=\"elementor-row\">\n\t\t\t\t<div class=\"elementor-element elementor-element-0b94d65 elementor-column elementor-col-100 elementor-top-column\" data-id=\"0b94d65\" data-element_type=\"column\">\n\t\t\t<div class=\"elementor-column-wrap  elementor-element-populated\">\n\t\t\t\t\t<div class=\"elementor-widget-wrap\">\n\t\t\t\t<div class=\"elementor-element elementor-element-9b2ed85 elementor-widget elementor-widget-text-editor\" data-id=\"9b2ed85\" data-element_type=\"widget\" data-widget_type=\"text-editor.default\">\n\t\t\t\t<div class=\"elementor-widget-container\">\n\t\t\t\t\t<div class=\"elementor-text-editor elementor-clearfix\"><ul><li><p><strong><span style=\"color: #0000ff;\"><span style=\"font-size: medium;\">TICKET REPAS OCCASIONNEL\u00a0<\/span><\/span><\/strong><span style=\"color: #000000;\"><span style=\"color: #808080;\"><b>(qui ne peuvent devenir habituels) :<\/b> <\/span><\/span><\/p><\/li><\/ul><p align=\"JUSTIFY\"><span style=\"color: #999999;\"><span style=\"font-size: medium;\">Vente de carnets de 10 tickets \u00e0 55 \u20ac. <i>(A retirer au secr\u00e9tariat)<\/i><\/span><\/span><\/p><p align=\"JUSTIFY\"><span style=\"color: #999999;\"><span style=\"font-size: medium;\">En cas d\u2019absence justifi\u00e9e par <b>un certificat m\u00e9dical<\/b>, les repas seront rembours\u00e9s 3.60 \u20ac apr\u00e8s un d\u00e9lai de carence d\u2019une semaine.<br \/>En cas de non-paiement d\u00fb \u00e0 son terme, sans explication des parents, l\u2019\u00e9tablissement se r\u00e9serve le droit de ne pas r\u00e9admettre \u00e0 la demi-pension l\u2019\u00e9l\u00e8ve. Il en avertira la famille par lettre recommand\u00e9e avec accus\u00e9 de r\u00e9ception.<\/span><\/span><\/p><ul><li><p><strong><span style=\"color: #0000ff;\"><span style=\"font-size: medium;\"><b>CHANGEMENT DE QUALITE <\/b><\/span><\/span><\/strong><span style=\"font-size: small;\"><span style=\"color: #0000ff;\">:<\/span> <\/span><\/p><\/li><\/ul><p align=\"JUSTIFY\"><span style=\"font-size: medium;\">Toute demande de changement de cat\u00e9gorie\u00a0: demi-pensionnaire ou externe, doit \u00eatre formul\u00e9, 15 jours au pr\u00e9alable, par \u00e9crit et ne peut intervenir qu\u2019au <b>1er d\u00e9cembre<\/b> et au <b>1er mars<\/b>.<\/span><\/p><ul><li><p><strong><span style=\"color: #0000ff;\"><span style=\"font-size: medium;\"><b>RETARD ET\/OU DEFAUT DE PAIEMENT <\/b><\/span><\/span><\/strong><span style=\"font-size: small; color: #0000ff;\"><b>:<\/b><\/span><\/p><\/li><\/ul><p align=\"JUSTIFY\"><span style=\"font-size: medium;\">En cas de retard pour le r\u00e8glement, les dispositions suivantes seront appliqu\u00e9es\u00a0:<\/span><\/p><p align=\"JUSTIFY\"><span style=\"font-size: medium;\">1<sup>er<\/sup> rappel\u00a0: par courrier d\u00e8s d\u00e9passement de la date d\u2019\u00e9ch\u00e9ance<\/span><\/p><p align=\"JUSTIFY\"><span style=\"font-size: medium;\">2<sup>\u00e8me<\/sup> rappel\u00a0: avec date de paiement obligatoire<\/span><\/p><p align=\"JUSTIFY\"><span style=\"font-size: medium;\">3<sup>\u00e8me<\/sup> rappel\u00a0: mise en demeure de payer (proc\u00e9dure d\u2019injonction de payer aupr\u00e8s d\u2019un huissier de justice)<\/span><\/p><p align=\"JUSTIFY\"><span style=\"font-size: medium;\">En cas de difficult\u00e9s financi\u00e8res, n\u2019h\u00e9sitez pas \u00e0 prendre contact avec les chefs d\u2019\u00e9tablissement.<\/span><\/p><p align=\"JUSTIFY\"><span style=\"text-decoration: underline;\"><strong><span style=\"font-size: medium; color: #0000ff; text-decoration: underline;\">\u2666 Bourse Nationale de Coll\u00e8ge<\/span><\/strong><\/span><span style=\"font-size: medium;\"><span style=\"color: #0000ff;\"> :<\/span> <\/span><\/p><p align=\"JUSTIFY\"><span style=\"font-size: medium;\">Elles sont attribu\u00e9es pour une ann\u00e9e scolaire sous conditions de ressources en fonction du revenu fiscal de r\u00e9f\u00e9rence des familles ou du repr\u00e9sentant l\u00e9gal de l\u2019\u00e9l\u00e8ve. <\/span><\/p><p align=\"JUSTIFY\"><span style=\"color: #0000ff;\"><strong><span style=\"text-decoration: underline;\"><span style=\"font-size: medium;\">\u2666 Bourse D\u00e9partementale<\/span><\/span><\/strong><span style=\"font-size: medium;\"><strong>\u00a0<\/strong>:<\/span><\/span><\/p><p align=\"JUSTIFY\"><span style=\"font-size: medium;\">Les \u00e9l\u00e8ves \u00bd pensionnaires du coll\u00e8ge peuvent b\u00e9n\u00e9ficier d\u2019une bourse d\u00e9partementale vers\u00e9e par le conseil d\u00e9partemental sous conditions de ressources.<\/span><\/p><p align=\"JUSTIFY\"><span style=\"font-size: medium;\">\u00a0<\/span><\/p><\/div>\n\t\t\t\t<\/div>\n\t\t\t\t<\/div>\n\t\t\t\t\t\t<\/div>\n\t\t\t<\/div>\n\t\t<\/div>\n\t\t\t\t\t\t<\/div>\n\t\t\t<\/div>\n\t\t<\/section>\n\t\t\t\t\t\t<\/div>\n\t\t\t<\/div>\n\t\t<\/div>\n\t\t","protected":false},"excerpt":{"rendered":"<p>R\u00e8glement financier 2025-2026 REDUCTIONS FAMILLE NOMBREUSE\u00a0:\u00a0Les familles qui inscrivent simultan\u00e9ment plusieurs enfants dans l\u2019\u00e9tablissement (\u00e9cole \u2013 coll\u00e8ge) b\u00e9n\u00e9ficient d\u2019une r\u00e9duction\u00a0: troisi\u00e8me enfant = 50% et gratuit\u00e9 \u00e0 partir du quatri\u00e8me <a class=\"more-link\" href=\"https:\/\/www.saint-joseph-tartas.com\/?page_id=17\">Lire la suite<\/a><\/p>\n","protected":false},"author":1,"featured_media":0,"parent":93,"menu_order":0,"comment_status":"closed","ping_status":"closed","template":"page-fullwidth.php","meta":{"footnotes":""},"class_list":["post-17","page","type-page","status-publish","hentry"],"_links":{"self":[{"href":"https:\/\/www.saint-joseph-tartas.com\/index.php?rest_route=\/wp\/v2\/pages\/17","targetHints":{"allow":["GET"]}}],"collection":[{"href":"https:\/\/www.saint-joseph-tartas.com\/index.php?rest_route=\/wp\/v2\/pages"}],"about":[{"href":"https:\/\/www.saint-joseph-tartas.com\/index.php?rest_route=\/wp\/v2\/types\/page"}],"author":[{"embeddable":true,"href":"https:\/\/www.saint-joseph-tartas.com\/index.php?rest_route=\/wp\/v2\/users\/1"}],"replies":[{"embeddable":true,"href":"https:\/\/www.saint-joseph-tartas.com\/index.php?rest_route=%2Fwp%2Fv2%2Fcomments&post=17"}],"version-history":[{"count":35,"href":"https:\/\/www.saint-joseph-tartas.com\/index.php?rest_route=\/wp\/v2\/pages\/17\/revisions"}],"predecessor-version":[{"id":9605,"href":"https:\/\/www.saint-joseph-tartas.com\/index.php?rest_route=\/wp\/v2\/pages\/17\/revisions\/9605"}],"up":[{"embeddable":true,"href":"https:\/\/www.saint-joseph-tartas.com\/index.php?rest_route=\/wp\/v2\/pages\/93"}],"wp:attachment":[{"href":"https:\/\/www.saint-joseph-tartas.com\/index.php?rest_route=%2Fwp%2Fv2%2Fmedia&parent=17"}],"curies":[{"name":"wp","href":"https:\/\/api.w.org\/{rel}","templated":true}]}}