{"id":23,"date":"2019-06-25T22:49:17","date_gmt":"2019-06-25T20:49:17","guid":{"rendered":"https:\/\/www.saint-joseph-tartas.com\/?page_id=23"},"modified":"2020-12-09T06:22:48","modified_gmt":"2020-12-09T05:22:48","slug":"presentation","status":"publish","type":"page","link":"https:\/\/www.saint-joseph-tartas.com\/?page_id=23","title":{"rendered":"Pr\u00e9sentation"},"content":{"rendered":"\n<p>La loi d\u2019orientation commence ainsi&nbsp;: \u00ab&nbsp;Le droit \u00e0 l\u2019\u00e9ducation est garanti \u00e0 chacun afin de lui permettre de d\u00e9velopper sa personnalit\u00e9, d\u2019\u00e9lever son niveau de formation initiale et continue, de s\u2019ins\u00e9rer dans la vie professionnelle, d\u2019exercer sa citoyennet\u00e9&nbsp;\u00bb C\u2019est en s\u2019appuyant sur cette d\u00e9claration d\u2019intention que l\u2019\u00e9tablissement Saint Joseph adopte comme objectif de former la personne, le travailleur et le citoyen.&nbsp;Notre \u00e9tablissement \u00e0 taille humaine accueille des enfants de la maternelle \u00e0 la 3<sup>\u00e8me<\/sup>, notre force se r\u00e9sume en 4 points&nbsp;:<\/p>\n\n\n\n<ul class=\"wp-block-list\"><li> Il r\u00e8gne une grande confiance et une forte alliance&nbsp;entre les professeurs, les parents e les intervenants. <\/li><li> Toute l\u2019\u00e9quipe se met au service de la r\u00e9ussite de chaque enfant. <\/li><li> La taille humaine de notre \u00e9tablissement permet \u00e0 l\u2019\u00e9l\u00e8ve d\u2019avoir un suivi personnel. <\/li><li> Lieu d\u2019accueil pour tous les \u00e9l\u00e8ves, c\u2019est \u00e9galement un lieu ouvert sur le monde.&nbsp; <\/li><\/ul>\n\n\n<p><!--EndFragment--><\/p>\n\n\n<p>Le projet pastoral et \u00e9ducatif de l\u2019\u00e9tablissement garantit des apprentissages qui ont du sens pour l\u2019\u00e9l\u00e8ve. Il permet \u00e9galement&nbsp;\u00e0 chaque jeune de grandir, de se construire, en acqu\u00e9rant \u00e0 la fin de son parcours une v\u00e9ritable autonomie.<br>&nbsp;Faire confiance, Responsabiliser, Encourager, Valoriser la r\u00e9ussite, donner des rep\u00e8res dans un partenariat enseignants \u2013 parents,&nbsp;tel est l\u2019esprit qui anime l\u2019\u00e9quipe enseignante.&nbsp;&nbsp;<\/p>\n\n\n\n<p><br>Par une p\u00e9dagogie diff\u00e9renci\u00e9e chacun est conduit \u00e0 l\u2019excellence dont il est capable. De nombreuses\u00a0aides individualis\u00e9es sont mises en place : <\/p>\n\n\n\n<ul class=\"wp-block-list\"><li> Etude accompagn\u00e9e<\/li><li>Soutien<\/li><li>PPRE, PAI<\/li><li>Classe d\u2019adaptation  <\/li><\/ul>\n","protected":false},"excerpt":{"rendered":"<p>La loi d\u2019orientation commence ainsi&nbsp;: \u00ab&nbsp;Le droit \u00e0 l\u2019\u00e9ducation est garanti \u00e0 chacun afin de lui permettre de d\u00e9velopper sa personnalit\u00e9, d\u2019\u00e9lever son niveau de formation initiale et continue, de <a class=\"more-link\" href=\"https:\/\/www.saint-joseph-tartas.com\/?page_id=23\">Lire la suite<\/a><\/p>\n","protected":false},"author":4,"featured_media":0,"parent":21,"menu_order":0,"comment_status":"closed","ping_status":"closed","template":"page-fullwidth.php","meta":{"footnotes":""},"class_list":["post-23","page","type-page","status-publish","hentry"],"_links":{"self":[{"href":"https:\/\/www.saint-joseph-tartas.com\/index.php?rest_route=\/wp\/v2\/pages\/23","targetHints":{"allow":["GET"]}}],"collection":[{"href":"https:\/\/www.saint-joseph-tartas.com\/index.php?rest_route=\/wp\/v2\/pages"}],"about":[{"href":"https:\/\/www.saint-joseph-tartas.com\/index.php?rest_route=\/wp\/v2\/types\/page"}],"author":[{"embeddable":true,"href":"https:\/\/www.saint-joseph-tartas.com\/index.php?rest_route=\/wp\/v2\/users\/4"}],"replies":[{"embeddable":true,"href":"https:\/\/www.saint-joseph-tartas.com\/index.php?rest_route=%2Fwp%2Fv2%2Fcomments&post=23"}],"version-history":[{"count":6,"href":"https:\/\/www.saint-joseph-tartas.com\/index.php?rest_route=\/wp\/v2\/pages\/23\/revisions"}],"predecessor-version":[{"id":4268,"href":"https:\/\/www.saint-joseph-tartas.com\/index.php?rest_route=\/wp\/v2\/pages\/23\/revisions\/4268"}],"up":[{"embeddable":true,"href":"https:\/\/www.saint-joseph-tartas.com\/index.php?rest_route=\/wp\/v2\/pages\/21"}],"wp:attachment":[{"href":"https:\/\/www.saint-joseph-tartas.com\/index.php?rest_route=%2Fwp%2Fv2%2Fmedia&parent=23"}],"curies":[{"name":"wp","href":"https:\/\/api.w.org\/{rel}","templated":true}]}}