{"id":27,"date":"2019-06-25T22:50:20","date_gmt":"2019-06-25T20:50:20","guid":{"rendered":"https:\/\/www.saint-joseph-tartas.com\/?page_id=27"},"modified":"2025-01-26T20:31:24","modified_gmt":"2025-01-26T19:31:24","slug":"projets-et-actions-menes","status":"publish","type":"page","link":"https:\/\/www.saint-joseph-tartas.com\/?page_id=27","title":{"rendered":"Projets et actions men\u00e9s"},"content":{"rendered":"\t\t<div data-elementor-type=\"wp-page\" data-elementor-id=\"27\" class=\"elementor elementor-27\" data-elementor-settings=\"[]\">\n\t\t\t<div class=\"elementor-inner\">\n\t\t\t\t<div class=\"elementor-section-wrap\">\n\t\t\t\t\t\t\t<section class=\"elementor-element elementor-element-a2fc9ac elementor-section-boxed elementor-section-height-default elementor-section-height-default elementor-section elementor-top-section\" data-id=\"a2fc9ac\" data-element_type=\"section\">\n\t\t\t\t\t\t<div class=\"elementor-container elementor-column-gap-default\">\n\t\t\t\t<div class=\"elementor-row\">\n\t\t\t\t<div class=\"elementor-element elementor-element-09eba08 elementor-column elementor-col-100 elementor-top-column\" data-id=\"09eba08\" data-element_type=\"column\">\n\t\t\t<div class=\"elementor-column-wrap  elementor-element-populated\">\n\t\t\t\t\t<div class=\"elementor-widget-wrap\">\n\t\t\t\t<div class=\"elementor-element elementor-element-eabdbc8 elementor-widget elementor-widget-text-editor\" data-id=\"eabdbc8\" data-element_type=\"widget\" data-widget_type=\"text-editor.default\">\n\t\t\t\t<div class=\"elementor-widget-container\">\n\t\t\t\t\t<div class=\"elementor-text-editor elementor-clearfix\"><p>Des projets p\u00e9dagogiques innovants favorisent la motivation des \u00e9l\u00e8ves, enrichissent culturellement, ouvrent au monde ext\u00e9rieur, \u00e9duquent \u00e0 la citoyennet\u00e9 et \u00e0 la tol\u00e9rance.L\u2019\u00e9veil \u00e0 la foi, la culture religieuse et la cat\u00e9ch\u00e8se pour les plus grands visent au d\u00e9veloppement de l\u2019enfant dans toute sa personne, l\u2019\u00e9veillant et l\u2019\u00e9duquant \u00e0 la spiritualit\u00e9.\u00a0Le tutorat favorise le respect, la solidarit\u00e9. Il fonctionne \u00e0 l\u2019int\u00e9rieur des classes. A la cantine, les CM partageant leur table avec les CP et GS. Dans la cour, les CM2 remplissant le r\u00f4le de m\u00e9diateurs.<\/p><\/div>\n\t\t\t\t<\/div>\n\t\t\t\t<\/div>\n\t\t\t\t\t\t<\/div>\n\t\t\t<\/div>\n\t\t<\/div>\n\t\t\t\t\t\t<\/div>\n\t\t\t<\/div>\n\t\t<\/section>\n\t\t\t\t<section class=\"elementor-element elementor-element-c6565e0 elementor-section-boxed elementor-section-height-default elementor-section-height-default elementor-section elementor-top-section\" data-id=\"c6565e0\" data-element_type=\"section\">\n\t\t\t\t\t\t<div class=\"elementor-container elementor-column-gap-default\">\n\t\t\t\t<div class=\"elementor-row\">\n\t\t\t\t<div class=\"elementor-element elementor-element-b49f2cf elementor-column elementor-col-100 elementor-top-column\" data-id=\"b49f2cf\" data-element_type=\"column\">\n\t\t\t<div class=\"elementor-column-wrap  elementor-element-populated\">\n\t\t\t\t\t<div class=\"elementor-widget-wrap\">\n\t\t\t\t<div class=\"elementor-element elementor-element-9482463 elementor-widget elementor-widget-heading\" data-id=\"9482463\" data-element_type=\"widget\" data-widget_type=\"heading.default\">\n\t\t\t\t<div class=\"elementor-widget-container\">\n\t\t\t<h2 class=\"elementor-heading-title elementor-size-default\">Ann\u00e9e scolaire 2024\/2025<\/h2>\t\t<\/div>\n\t\t\t\t<\/div>\n\t\t\t\t\t\t<\/div>\n\t\t\t<\/div>\n\t\t<\/div>\n\t\t\t\t\t\t<\/div>\n\t\t\t<\/div>\n\t\t<\/section>\n\t\t\t\t<section class=\"elementor-element elementor-element-cc005ee elementor-section-boxed elementor-section-height-default elementor-section-height-default elementor-section elementor-top-section\" data-id=\"cc005ee\" data-element_type=\"section\">\n\t\t\t\t\t\t<div class=\"elementor-container elementor-column-gap-default\">\n\t\t\t\t<div class=\"elementor-row\">\n\t\t\t\t<div class=\"elementor-element elementor-element-e7ec0bf elementor-column elementor-col-50 elementor-top-column\" data-id=\"e7ec0bf\" data-element_type=\"column\">\n\t\t\t<div class=\"elementor-column-wrap  elementor-element-populated\">\n\t\t\t\t\t<div class=\"elementor-widget-wrap\">\n\t\t\t\t<div class=\"elementor-element elementor-element-df5cb7b elementor-widget elementor-widget-text-editor\" data-id=\"df5cb7b\" data-element_type=\"widget\" data-widget_type=\"text-editor.default\">\n\t\t\t\t<div class=\"elementor-widget-container\">\n\t\t\t\t\t<div class=\"elementor-text-editor elementor-clearfix\"><p>\u00a0<\/p><p style=\"text-align: center;\"><strong><span style=\"font-family: Comic Sans MS, cursive; color: #333399;\">March\u00e9 de No\u00ebl sous le clo\u00eetre suivi d\u2019un concert anim\u00e9 par Marie \u00e0 l\u2019\u00e9glise.<\/span><\/strong><\/p><\/div>\n\t\t\t\t<\/div>\n\t\t\t\t<\/div>\n\t\t\t\t\t\t<\/div>\n\t\t\t<\/div>\n\t\t<\/div>\n\t\t\t\t<div class=\"elementor-element elementor-element-b147018 elementor-column elementor-col-50 elementor-top-column\" data-id=\"b147018\" data-element_type=\"column\">\n\t\t\t<div class=\"elementor-column-wrap  elementor-element-populated\">\n\t\t\t\t\t<div class=\"elementor-widget-wrap\">\n\t\t\t\t<div class=\"elementor-element elementor-element-09dbf2a elementor-arrows-position-inside elementor-widget elementor-widget-image-carousel\" data-id=\"09dbf2a\" data-element_type=\"widget\" data-settings=\"{&quot;slides_to_show&quot;:&quot;1&quot;,&quot;navigation&quot;:&quot;arrows&quot;,&quot;pause_on_hover&quot;:&quot;yes&quot;,&quot;autoplay&quot;:&quot;yes&quot;,&quot;autoplay_speed&quot;:5000,&quot;infinite&quot;:&quot;yes&quot;,&quot;effect&quot;:&quot;slide&quot;,&quot;speed&quot;:500,&quot;direction&quot;:&quot;ltr&quot;}\" data-widget_type=\"image-carousel.default\">\n\t\t\t\t<div class=\"elementor-widget-container\">\n\t\t\t\t\t<div class=\"elementor-image-carousel-wrapper swiper-container\" dir=\"ltr\">\n\t\t\t<div class=\"elementor-image-carousel swiper-wrapper\">\n\t\t\t\t<div class=\"swiper-slide\"><a href=\"https:\/\/www.saint-joseph-tartas.com\/wp-content\/uploads\/2025\/01\/IMG-20241214-WA0030.jpg\" data-elementor-open-lightbox=\"default\" data-elementor-lightbox-slideshow=\"09dbf2a\" data-elementor-lightbox-index=\"0\"><figure class=\"swiper-slide-inner\"><img decoding=\"async\" class=\"swiper-slide-image\" src=\"https:\/\/www.saint-joseph-tartas.com\/wp-content\/uploads\/2025\/01\/IMG-20241214-WA0030.jpg\" alt=\"IMG-20241214-WA0030\" \/><\/figure><\/a><\/div><div class=\"swiper-slide\"><a href=\"https:\/\/www.saint-joseph-tartas.com\/wp-content\/uploads\/2025\/01\/IMG-20241214-WA0012.jpg\" data-elementor-open-lightbox=\"default\" data-elementor-lightbox-slideshow=\"09dbf2a\" data-elementor-lightbox-index=\"1\"><figure class=\"swiper-slide-inner\"><img decoding=\"async\" class=\"swiper-slide-image\" src=\"https:\/\/www.saint-joseph-tartas.com\/wp-content\/uploads\/2025\/01\/IMG-20241214-WA0012.jpg\" alt=\"IMG-20241214-WA0012\" \/><\/figure><\/a><\/div><div class=\"swiper-slide\"><a href=\"https:\/\/www.saint-joseph-tartas.com\/wp-content\/uploads\/2025\/01\/IMG-20241214-WA0010.jpg\" data-elementor-open-lightbox=\"default\" data-elementor-lightbox-slideshow=\"09dbf2a\" data-elementor-lightbox-index=\"2\"><figure class=\"swiper-slide-inner\"><img decoding=\"async\" class=\"swiper-slide-image\" src=\"https:\/\/www.saint-joseph-tartas.com\/wp-content\/uploads\/2025\/01\/IMG-20241214-WA0010.jpg\" alt=\"IMG-20241214-WA0010\" \/><\/figure><\/a><\/div><div class=\"swiper-slide\"><a href=\"https:\/\/www.saint-joseph-tartas.com\/wp-content\/uploads\/2025\/01\/IMG-20241214-WA0003.jpg\" data-elementor-open-lightbox=\"default\" data-elementor-lightbox-slideshow=\"09dbf2a\" data-elementor-lightbox-index=\"3\"><figure class=\"swiper-slide-inner\"><img decoding=\"async\" class=\"swiper-slide-image\" src=\"https:\/\/www.saint-joseph-tartas.com\/wp-content\/uploads\/2025\/01\/IMG-20241214-WA0003.jpg\" alt=\"IMG-20241214-WA0003\" \/><\/figure><\/a><\/div><div class=\"swiper-slide\"><a href=\"https:\/\/www.saint-joseph-tartas.com\/wp-content\/uploads\/2025\/01\/20241201_093358-scaled.jpg\" data-elementor-open-lightbox=\"default\" data-elementor-lightbox-slideshow=\"09dbf2a\" data-elementor-lightbox-index=\"4\"><figure class=\"swiper-slide-inner\"><img decoding=\"async\" class=\"swiper-slide-image\" src=\"https:\/\/www.saint-joseph-tartas.com\/wp-content\/uploads\/2025\/01\/20241201_093358-scaled.jpg\" alt=\"20241201_093358\" \/><\/figure><\/a><\/div><div class=\"swiper-slide\"><a href=\"https:\/\/www.saint-joseph-tartas.com\/wp-content\/uploads\/2025\/01\/IMG-20241214-WA0026.jpg\" data-elementor-open-lightbox=\"default\" data-elementor-lightbox-slideshow=\"09dbf2a\" data-elementor-lightbox-index=\"5\"><figure class=\"swiper-slide-inner\"><img decoding=\"async\" class=\"swiper-slide-image\" src=\"https:\/\/www.saint-joseph-tartas.com\/wp-content\/uploads\/2025\/01\/IMG-20241214-WA0026.jpg\" alt=\"IMG-20241214-WA0026\" \/><\/figure><\/a><\/div><div class=\"swiper-slide\"><a href=\"https:\/\/www.saint-joseph-tartas.com\/wp-content\/uploads\/2025\/01\/IMG-20241214-WA0021.jpg\" data-elementor-open-lightbox=\"default\" data-elementor-lightbox-slideshow=\"09dbf2a\" data-elementor-lightbox-index=\"6\"><figure class=\"swiper-slide-inner\"><img decoding=\"async\" class=\"swiper-slide-image\" src=\"https:\/\/www.saint-joseph-tartas.com\/wp-content\/uploads\/2025\/01\/IMG-20241214-WA0021.jpg\" alt=\"IMG-20241214-WA0021\" \/><\/figure><\/a><\/div><div class=\"swiper-slide\"><a href=\"https:\/\/www.saint-joseph-tartas.com\/wp-content\/uploads\/2025\/01\/IMG-20241214-WA0020.jpg\" data-elementor-open-lightbox=\"default\" data-elementor-lightbox-slideshow=\"09dbf2a\" data-elementor-lightbox-index=\"7\"><figure class=\"swiper-slide-inner\"><img decoding=\"async\" class=\"swiper-slide-image\" src=\"https:\/\/www.saint-joseph-tartas.com\/wp-content\/uploads\/2025\/01\/IMG-20241214-WA0020.jpg\" alt=\"IMG-20241214-WA0020\" \/><\/figure><\/a><\/div>\t\t\t<\/div>\n\t\t\t\t\t\t\t\t\t\t\t\t\t\t\t\t<div class=\"elementor-swiper-button elementor-swiper-button-prev\">\n\t\t\t\t\t\t<i class=\"eicon-chevron-left\" aria-hidden=\"true\"><\/i>\n\t\t\t\t\t\t<span class=\"elementor-screen-only\">Pr\u00e9c\u00e9dent<\/span>\n\t\t\t\t\t<\/div>\n\t\t\t\t\t<div class=\"elementor-swiper-button elementor-swiper-button-next\">\n\t\t\t\t\t\t<i class=\"eicon-chevron-right\" aria-hidden=\"true\"><\/i>\n\t\t\t\t\t\t<span class=\"elementor-screen-only\">Suivant<\/span>\n\t\t\t\t\t<\/div>\n\t\t\t\t\t\t\t\t\t<\/div>\n\t\t\t\t<\/div>\n\t\t\t\t<\/div>\n\t\t\t\t\t\t<\/div>\n\t\t\t<\/div>\n\t\t<\/div>\n\t\t\t\t\t\t<\/div>\n\t\t\t<\/div>\n\t\t<\/section>\n\t\t\t\t<section class=\"elementor-element elementor-element-4953592 elementor-section-boxed elementor-section-height-default elementor-section-height-default elementor-section elementor-top-section\" data-id=\"4953592\" data-element_type=\"section\">\n\t\t\t\t\t\t<div class=\"elementor-container elementor-column-gap-default\">\n\t\t\t\t<div class=\"elementor-row\">\n\t\t\t\t<div class=\"elementor-element elementor-element-afb0a24 elementor-column elementor-col-50 elementor-top-column\" data-id=\"afb0a24\" data-element_type=\"column\">\n\t\t\t<div class=\"elementor-column-wrap  elementor-element-populated\">\n\t\t\t\t\t<div class=\"elementor-widget-wrap\">\n\t\t\t\t<div class=\"elementor-element elementor-element-4da3423 elementor-aspect-ratio-169 elementor-widget elementor-widget-video\" data-id=\"4da3423\" data-element_type=\"widget\" data-settings=\"{&quot;aspect_ratio&quot;:&quot;169&quot;}\" data-widget_type=\"video.default\">\n\t\t\t\t<div class=\"elementor-widget-container\">\n\t\t\t\t\t<div class=\"elementor-wrapper elementor-fit-aspect-ratio elementor-open-inline\">\n\t\t\t\t\t<video class=\"elementor-video\" src=\"https:\/\/www.saint-joseph-tartas.com\/wp-content\/uploads\/2025\/01\/VID-20241213-WA0003.mp4\" controls=\"\" controlsList=\"nodownload\"><\/video>\n\t\t\t\t<\/div>\n\t\t\t\t<\/div>\n\t\t\t\t<\/div>\n\t\t\t\t\t\t<\/div>\n\t\t\t<\/div>\n\t\t<\/div>\n\t\t\t\t<div class=\"elementor-element elementor-element-5c9f38c elementor-column elementor-col-50 elementor-top-column\" data-id=\"5c9f38c\" data-element_type=\"column\">\n\t\t\t<div class=\"elementor-column-wrap  elementor-element-populated\">\n\t\t\t\t\t<div class=\"elementor-widget-wrap\">\n\t\t\t\t<div class=\"elementor-element elementor-element-3a42e63 elementor-aspect-ratio-169 elementor-widget elementor-widget-video\" data-id=\"3a42e63\" data-element_type=\"widget\" data-settings=\"{&quot;aspect_ratio&quot;:&quot;169&quot;}\" data-widget_type=\"video.default\">\n\t\t\t\t<div class=\"elementor-widget-container\">\n\t\t\t\t\t<div class=\"elementor-wrapper elementor-fit-aspect-ratio elementor-open-inline\">\n\t\t\t\t\t<video class=\"elementor-video\" src=\"https:\/\/www.saint-joseph-tartas.com\/wp-content\/uploads\/2025\/01\/VID-20241213-WA0004.mp4\" controls=\"\" controlsList=\"nodownload\"><\/video>\n\t\t\t\t<\/div>\n\t\t\t\t<\/div>\n\t\t\t\t<\/div>\n\t\t\t\t\t\t<\/div>\n\t\t\t<\/div>\n\t\t<\/div>\n\t\t\t\t\t\t<\/div>\n\t\t\t<\/div>\n\t\t<\/section>\n\t\t\t\t<section class=\"elementor-element elementor-element-8022367 elementor-section-boxed elementor-section-height-default elementor-section-height-default elementor-section elementor-top-section\" data-id=\"8022367\" data-element_type=\"section\">\n\t\t\t\t\t\t<div class=\"elementor-container elementor-column-gap-default\">\n\t\t\t\t<div class=\"elementor-row\">\n\t\t\t\t<div class=\"elementor-element elementor-element-b3e753f elementor-column elementor-col-33 elementor-top-column\" data-id=\"b3e753f\" data-element_type=\"column\">\n\t\t\t<div class=\"elementor-column-wrap  elementor-element-populated\">\n\t\t\t\t\t<div class=\"elementor-widget-wrap\">\n\t\t\t\t<div class=\"elementor-element elementor-element-3b3fd1d elementor-aspect-ratio-169 elementor-widget elementor-widget-video\" data-id=\"3b3fd1d\" data-element_type=\"widget\" data-settings=\"{&quot;aspect_ratio&quot;:&quot;169&quot;}\" data-widget_type=\"video.default\">\n\t\t\t\t<div class=\"elementor-widget-container\">\n\t\t\t\t\t<div class=\"elementor-wrapper elementor-fit-aspect-ratio elementor-open-inline\">\n\t\t\t\t\t<video class=\"elementor-video\" src=\"https:\/\/www.saint-joseph-tartas.com\/wp-content\/uploads\/2025\/01\/VID-20241214-WA0032.mp4\" controls=\"\" controlsList=\"nodownload\"><\/video>\n\t\t\t\t<\/div>\n\t\t\t\t<\/div>\n\t\t\t\t<\/div>\n\t\t\t\t\t\t<\/div>\n\t\t\t<\/div>\n\t\t<\/div>\n\t\t\t\t<div class=\"elementor-element elementor-element-a403be5 elementor-column elementor-col-33 elementor-top-column\" data-id=\"a403be5\" data-element_type=\"column\">\n\t\t\t<div class=\"elementor-column-wrap  elementor-element-populated\">\n\t\t\t\t\t<div class=\"elementor-widget-wrap\">\n\t\t\t\t<div class=\"elementor-element elementor-element-8da4085 elementor-aspect-ratio-169 elementor-widget elementor-widget-video\" data-id=\"8da4085\" data-element_type=\"widget\" data-settings=\"{&quot;aspect_ratio&quot;:&quot;169&quot;}\" data-widget_type=\"video.default\">\n\t\t\t\t<div class=\"elementor-widget-container\">\n\t\t\t\t\t<div class=\"elementor-wrapper elementor-fit-aspect-ratio elementor-open-inline\">\n\t\t\t\t\t<video class=\"elementor-video\" src=\"https:\/\/www.saint-joseph-tartas.com\/wp-content\/uploads\/2025\/01\/VID-20241214-WA0031.mp4\" controls=\"\" controlsList=\"nodownload\"><\/video>\n\t\t\t\t<\/div>\n\t\t\t\t<\/div>\n\t\t\t\t<\/div>\n\t\t\t\t\t\t<\/div>\n\t\t\t<\/div>\n\t\t<\/div>\n\t\t\t\t<div class=\"elementor-element elementor-element-f0aa9a1 elementor-column elementor-col-33 elementor-top-column\" data-id=\"f0aa9a1\" data-element_type=\"column\">\n\t\t\t<div class=\"elementor-column-wrap  elementor-element-populated\">\n\t\t\t\t\t<div class=\"elementor-widget-wrap\">\n\t\t\t\t<div class=\"elementor-element elementor-element-4efb0b8 elementor-aspect-ratio-169 elementor-widget elementor-widget-video\" data-id=\"4efb0b8\" data-element_type=\"widget\" data-settings=\"{&quot;aspect_ratio&quot;:&quot;169&quot;}\" data-widget_type=\"video.default\">\n\t\t\t\t<div class=\"elementor-widget-container\">\n\t\t\t\t\t<div class=\"elementor-wrapper elementor-fit-aspect-ratio elementor-open-inline\">\n\t\t\t\t\t<video class=\"elementor-video\" src=\"https:\/\/www.saint-joseph-tartas.com\/wp-content\/uploads\/2025\/01\/VID-20241213-WA0005.mp4\" controls=\"\" controlsList=\"nodownload\"><\/video>\n\t\t\t\t<\/div>\n\t\t\t\t<\/div>\n\t\t\t\t<\/div>\n\t\t\t\t\t\t<\/div>\n\t\t\t<\/div>\n\t\t<\/div>\n\t\t\t\t\t\t<\/div>\n\t\t\t<\/div>\n\t\t<\/section>\n\t\t\t\t<section class=\"elementor-element elementor-element-dda827d elementor-section-boxed elementor-section-height-default elementor-section-height-default elementor-section elementor-top-section\" data-id=\"dda827d\" data-element_type=\"section\">\n\t\t\t\t\t\t<div class=\"elementor-container elementor-column-gap-default\">\n\t\t\t\t<div class=\"elementor-row\">\n\t\t\t\t<div class=\"elementor-element elementor-element-cdeacbd elementor-column elementor-col-100 elementor-top-column\" data-id=\"cdeacbd\" data-element_type=\"column\">\n\t\t\t<div class=\"elementor-column-wrap  elementor-element-populated\">\n\t\t\t\t\t<div class=\"elementor-widget-wrap\">\n\t\t\t\t<div class=\"elementor-element elementor-element-2ba3047 elementor-widget elementor-widget-heading\" data-id=\"2ba3047\" data-element_type=\"widget\" data-widget_type=\"heading.default\">\n\t\t\t\t<div class=\"elementor-widget-container\">\n\t\t\t<h2 class=\"elementor-heading-title elementor-size-default\">Ann\u00e9e scolaire 2020\/2021<\/h2>\t\t<\/div>\n\t\t\t\t<\/div>\n\t\t\t\t\t\t<\/div>\n\t\t\t<\/div>\n\t\t<\/div>\n\t\t\t\t\t\t<\/div>\n\t\t\t<\/div>\n\t\t<\/section>\n\t\t\t\t<section class=\"elementor-element elementor-element-b6fc643 elementor-section-boxed elementor-section-height-default elementor-section-height-default elementor-section elementor-top-section\" data-id=\"b6fc643\" data-element_type=\"section\">\n\t\t\t\t\t\t<div class=\"elementor-container elementor-column-gap-default\">\n\t\t\t\t<div class=\"elementor-row\">\n\t\t\t\t<div class=\"elementor-element elementor-element-38d8424 elementor-column elementor-col-50 elementor-top-column\" data-id=\"38d8424\" data-element_type=\"column\">\n\t\t\t<div class=\"elementor-column-wrap  elementor-element-populated\">\n\t\t\t\t\t<div class=\"elementor-widget-wrap\">\n\t\t\t\t<div class=\"elementor-element elementor-element-01e0a44 elementor-widget elementor-widget-text-editor\" data-id=\"01e0a44\" data-element_type=\"widget\" data-widget_type=\"text-editor.default\">\n\t\t\t\t<div class=\"elementor-widget-container\">\n\t\t\t\t\t<div class=\"elementor-text-editor elementor-clearfix\"><h2 dir=\"ltr\">Saint Joseph se pr\u00e9pare pour les f\u00eates<\/h2><div dir=\"ltr\"><div dir=\"ltr\"><div><p>Saint Joseph se pare de son plus beau costume\u00a0pour les f\u00eates de No\u00ebl.<\/p><div>Petits et grands se font une joie de d\u00e9corer l&rsquo;\u00e9cole.<\/div><\/div><\/div><\/div><\/div>\n\t\t\t\t<\/div>\n\t\t\t\t<\/div>\n\t\t\t\t\t\t<\/div>\n\t\t\t<\/div>\n\t\t<\/div>\n\t\t\t\t<div class=\"elementor-element elementor-element-9463ec4 elementor-column elementor-col-50 elementor-top-column\" data-id=\"9463ec4\" data-element_type=\"column\">\n\t\t\t<div class=\"elementor-column-wrap  elementor-element-populated\">\n\t\t\t\t\t<div class=\"elementor-widget-wrap\">\n\t\t\t\t<div class=\"elementor-element elementor-element-0f16117 elementor-arrows-position-inside elementor-pagination-position-outside elementor-widget elementor-widget-image-carousel\" data-id=\"0f16117\" data-element_type=\"widget\" data-settings=\"{&quot;slides_to_show&quot;:&quot;1&quot;,&quot;navigation&quot;:&quot;both&quot;,&quot;pause_on_hover&quot;:&quot;yes&quot;,&quot;autoplay&quot;:&quot;yes&quot;,&quot;autoplay_speed&quot;:5000,&quot;infinite&quot;:&quot;yes&quot;,&quot;effect&quot;:&quot;slide&quot;,&quot;speed&quot;:500,&quot;direction&quot;:&quot;ltr&quot;}\" data-widget_type=\"image-carousel.default\">\n\t\t\t\t<div class=\"elementor-widget-container\">\n\t\t\t\t\t<div class=\"elementor-image-carousel-wrapper swiper-container\" dir=\"ltr\">\n\t\t\t<div class=\"elementor-image-carousel swiper-wrapper\">\n\t\t\t\t<div class=\"swiper-slide\"><a href=\"https:\/\/www.saint-joseph-tartas.com\/wp-content\/uploads\/2020\/12\/DSC00982-scaled.jpg\" data-elementor-open-lightbox=\"default\" data-elementor-lightbox-slideshow=\"0f16117\" data-elementor-lightbox-index=\"0\"><figure class=\"swiper-slide-inner\"><img decoding=\"async\" class=\"swiper-slide-image\" src=\"https:\/\/www.saint-joseph-tartas.com\/wp-content\/uploads\/2020\/12\/DSC00982-300x225.jpg\" alt=\"DSC00982\" \/><\/figure><\/a><\/div><div class=\"swiper-slide\"><a href=\"https:\/\/www.saint-joseph-tartas.com\/wp-content\/uploads\/2020\/12\/DSC01022-scaled.jpg\" data-elementor-open-lightbox=\"default\" data-elementor-lightbox-slideshow=\"0f16117\" data-elementor-lightbox-index=\"1\"><figure class=\"swiper-slide-inner\"><img decoding=\"async\" class=\"swiper-slide-image\" src=\"https:\/\/www.saint-joseph-tartas.com\/wp-content\/uploads\/2020\/12\/DSC01022-225x300.jpg\" alt=\"DSC01022\" \/><\/figure><\/a><\/div><div class=\"swiper-slide\"><a href=\"https:\/\/www.saint-joseph-tartas.com\/wp-content\/uploads\/2020\/12\/DSC01023-scaled.jpg\" data-elementor-open-lightbox=\"default\" data-elementor-lightbox-slideshow=\"0f16117\" data-elementor-lightbox-index=\"2\"><figure class=\"swiper-slide-inner\"><img decoding=\"async\" class=\"swiper-slide-image\" src=\"https:\/\/www.saint-joseph-tartas.com\/wp-content\/uploads\/2020\/12\/DSC01023-225x300.jpg\" alt=\"DSC01023\" \/><\/figure><\/a><\/div><div class=\"swiper-slide\"><a href=\"https:\/\/www.saint-joseph-tartas.com\/wp-content\/uploads\/2020\/12\/DSC01028-scaled.jpg\" data-elementor-open-lightbox=\"default\" data-elementor-lightbox-slideshow=\"0f16117\" data-elementor-lightbox-index=\"3\"><figure class=\"swiper-slide-inner\"><img decoding=\"async\" class=\"swiper-slide-image\" src=\"https:\/\/www.saint-joseph-tartas.com\/wp-content\/uploads\/2020\/12\/DSC01028-300x225.jpg\" alt=\"DSC01028\" \/><\/figure><\/a><\/div>\t\t\t<\/div>\n\t\t\t\t\t\t\t\t\t\t\t\t<div class=\"swiper-pagination\"><\/div>\n\t\t\t\t\t\t\t\t\t\t\t\t\t<div class=\"elementor-swiper-button elementor-swiper-button-prev\">\n\t\t\t\t\t\t<i class=\"eicon-chevron-left\" aria-hidden=\"true\"><\/i>\n\t\t\t\t\t\t<span class=\"elementor-screen-only\">Pr\u00e9c\u00e9dent<\/span>\n\t\t\t\t\t<\/div>\n\t\t\t\t\t<div class=\"elementor-swiper-button elementor-swiper-button-next\">\n\t\t\t\t\t\t<i class=\"eicon-chevron-right\" aria-hidden=\"true\"><\/i>\n\t\t\t\t\t\t<span class=\"elementor-screen-only\">Suivant<\/span>\n\t\t\t\t\t<\/div>\n\t\t\t\t\t\t\t\t\t<\/div>\n\t\t\t\t<\/div>\n\t\t\t\t<\/div>\n\t\t\t\t\t\t<\/div>\n\t\t\t<\/div>\n\t\t<\/div>\n\t\t\t\t\t\t<\/div>\n\t\t\t<\/div>\n\t\t<\/section>\n\t\t\t\t<section class=\"elementor-element elementor-element-88812a1 elementor-section-boxed elementor-section-height-default elementor-section-height-default elementor-section elementor-top-section\" data-id=\"88812a1\" data-element_type=\"section\">\n\t\t\t\t\t\t<div class=\"elementor-container elementor-column-gap-default\">\n\t\t\t\t<div class=\"elementor-row\">\n\t\t\t\t<div class=\"elementor-element elementor-element-de5f155 elementor-column elementor-col-50 elementor-top-column\" data-id=\"de5f155\" data-element_type=\"column\">\n\t\t\t<div class=\"elementor-column-wrap  elementor-element-populated\">\n\t\t\t\t\t<div class=\"elementor-widget-wrap\">\n\t\t\t\t<div class=\"elementor-element elementor-element-b86a80d elementor-widget elementor-widget-text-editor\" data-id=\"b86a80d\" data-element_type=\"widget\" data-widget_type=\"text-editor.default\">\n\t\t\t\t<div class=\"elementor-widget-container\">\n\t\t\t\t\t<div class=\"elementor-text-editor elementor-clearfix\"><h2><strong>L\u2019\u00e9tablissement s\u2019est mis \u00e0 l\u2019heure Espagnole le temps d\u2019un repas.<\/strong><\/h2><p>Le repas sur le th\u00e8me de l\u2019Espagne s\u2019est av\u00e9r\u00e9 tr\u00e8s plaisant pour les enfants et les adultes.<\/p><p>Ce repas a \u00e9t\u00e9\u00a0 agr\u00e9ment\u00e9 d\u2019une ambiance musicale mais \u00e9galement d\u2019une d\u00e9coration qui a beaucoup s\u00e9duit.<\/p><\/div>\n\t\t\t\t<\/div>\n\t\t\t\t<\/div>\n\t\t\t\t\t\t<\/div>\n\t\t\t<\/div>\n\t\t<\/div>\n\t\t\t\t<div class=\"elementor-element elementor-element-5a04aef elementor-column elementor-col-50 elementor-top-column\" data-id=\"5a04aef\" data-element_type=\"column\">\n\t\t\t<div class=\"elementor-column-wrap  elementor-element-populated\">\n\t\t\t\t\t<div class=\"elementor-widget-wrap\">\n\t\t\t\t<div class=\"elementor-element elementor-element-ec0739b elementor-widget elementor-widget-image\" data-id=\"ec0739b\" data-element_type=\"widget\" data-widget_type=\"image.default\">\n\t\t\t\t<div class=\"elementor-widget-container\">\n\t\t\t\t\t<div class=\"elementor-image\">\n\t\t\t\t\t\t\t\t\t\t<img loading=\"lazy\" decoding=\"async\" width=\"678\" height=\"381\" src=\"https:\/\/www.saint-joseph-tartas.com\/wp-content\/uploads\/2020\/09\/repas-espagnol-3--1024x576.jpg\" class=\"attachment-large size-large\" alt=\"\" srcset=\"https:\/\/www.saint-joseph-tartas.com\/wp-content\/uploads\/2020\/09\/repas-espagnol-3--1024x576.jpg 1024w, https:\/\/www.saint-joseph-tartas.com\/wp-content\/uploads\/2020\/09\/repas-espagnol-3--300x169.jpg 300w, https:\/\/www.saint-joseph-tartas.com\/wp-content\/uploads\/2020\/09\/repas-espagnol-3--768x432.jpg 768w, https:\/\/www.saint-joseph-tartas.com\/wp-content\/uploads\/2020\/09\/repas-espagnol-3--1536x864.jpg 1536w, https:\/\/www.saint-joseph-tartas.com\/wp-content\/uploads\/2020\/09\/repas-espagnol-3--2048x1152.jpg 2048w\" sizes=\"auto, (max-width: 678px) 100vw, 678px\" \/>\t\t\t\t\t\t\t\t\t\t\t<\/div>\n\t\t\t\t<\/div>\n\t\t\t\t<\/div>\n\t\t\t\t\t\t<\/div>\n\t\t\t<\/div>\n\t\t<\/div>\n\t\t\t\t\t\t<\/div>\n\t\t\t<\/div>\n\t\t<\/section>\n\t\t\t\t<section class=\"elementor-element elementor-element-35d5654 elementor-section-boxed elementor-section-height-default elementor-section-height-default elementor-section elementor-top-section\" data-id=\"35d5654\" data-element_type=\"section\">\n\t\t\t\t\t\t<div class=\"elementor-container elementor-column-gap-default\">\n\t\t\t\t<div class=\"elementor-row\">\n\t\t\t\t<div class=\"elementor-element elementor-element-48d6298 elementor-column elementor-col-100 elementor-top-column\" data-id=\"48d6298\" data-element_type=\"column\">\n\t\t\t<div class=\"elementor-column-wrap  elementor-element-populated\">\n\t\t\t\t\t<div class=\"elementor-widget-wrap\">\n\t\t\t\t<div class=\"elementor-element elementor-element-506e405 elementor-widget elementor-widget-text-editor\" data-id=\"506e405\" data-element_type=\"widget\" data-widget_type=\"text-editor.default\">\n\t\t\t\t<div class=\"elementor-widget-container\">\n\t\t\t\t\t<div class=\"elementor-text-editor elementor-clearfix\"><h2><strong>Saint-Joseph fait sa foire d&rsquo;automne<\/strong><\/h2><\/div>\n\t\t\t\t<\/div>\n\t\t\t\t<\/div>\n\t\t\t\t\t\t<\/div>\n\t\t\t<\/div>\n\t\t<\/div>\n\t\t\t\t\t\t<\/div>\n\t\t\t<\/div>\n\t\t<\/section>\n\t\t\t\t<section class=\"elementor-element elementor-element-c80014f elementor-section-boxed elementor-section-height-default elementor-section-height-default elementor-section elementor-top-section\" data-id=\"c80014f\" data-element_type=\"section\">\n\t\t\t\t\t\t<div class=\"elementor-container elementor-column-gap-default\">\n\t\t\t\t<div class=\"elementor-row\">\n\t\t\t\t<div class=\"elementor-element elementor-element-0876dcd elementor-column elementor-col-50 elementor-top-column\" data-id=\"0876dcd\" data-element_type=\"column\">\n\t\t\t<div class=\"elementor-column-wrap  elementor-element-populated\">\n\t\t\t\t\t<div class=\"elementor-widget-wrap\">\n\t\t\t\t<div class=\"elementor-element elementor-element-848c21e elementor-widget elementor-widget-text-editor\" data-id=\"848c21e\" data-element_type=\"widget\" data-widget_type=\"text-editor.default\">\n\t\t\t\t<div class=\"elementor-widget-container\">\n\t\t\t\t\t<div class=\"elementor-text-editor elementor-clearfix\"><p class=\"MsoNormal\" style=\"margin-bottom: .0001pt; text-align: justify; line-height: 21.6pt;\">Le clo\u00eetre du couvent des Ursulines au sein de l\u2019\u00e9tablissement Saint Joseph a accueilli sa premi\u00e8re foire d\u2019automne, au menu des festivit\u00e9s, ferme p\u00e9dagogique, artisans locaux, jeux en bois et repas dans le clo\u00eetre.<\/p><p>\u00a0<\/p><p class=\"MsoNormal\" style=\"margin-bottom: .0001pt; text-align: justify; line-height: 21.6pt;\">Bref tous les ingr\u00e9dients pour passer une agr\u00e9able journ\u00e9e.<\/p><\/div>\n\t\t\t\t<\/div>\n\t\t\t\t<\/div>\n\t\t\t\t\t\t<\/div>\n\t\t\t<\/div>\n\t\t<\/div>\n\t\t\t\t<div class=\"elementor-element elementor-element-bcf3b1c elementor-column elementor-col-50 elementor-top-column\" data-id=\"bcf3b1c\" data-element_type=\"column\">\n\t\t\t<div class=\"elementor-column-wrap  elementor-element-populated\">\n\t\t\t\t\t<div class=\"elementor-widget-wrap\">\n\t\t\t\t<div class=\"elementor-element elementor-element-86b6a0f elementor-arrows-position-inside elementor-widget elementor-widget-image-carousel\" data-id=\"86b6a0f\" data-element_type=\"widget\" data-settings=\"{&quot;slides_to_show&quot;:&quot;1&quot;,&quot;navigation&quot;:&quot;arrows&quot;,&quot;pause_on_hover&quot;:&quot;yes&quot;,&quot;autoplay&quot;:&quot;yes&quot;,&quot;autoplay_speed&quot;:5000,&quot;infinite&quot;:&quot;yes&quot;,&quot;effect&quot;:&quot;slide&quot;,&quot;speed&quot;:500,&quot;direction&quot;:&quot;ltr&quot;}\" data-widget_type=\"image-carousel.default\">\n\t\t\t\t<div class=\"elementor-widget-container\">\n\t\t\t\t\t<div class=\"elementor-image-carousel-wrapper swiper-container\" dir=\"ltr\">\n\t\t\t<div class=\"elementor-image-carousel swiper-wrapper\">\n\t\t\t\t<div class=\"swiper-slide\"><a href=\"https:\/\/www.saint-joseph-tartas.com\/wp-content\/uploads\/2020\/09\/foire-dautomne-1-scaled.jpg\" data-elementor-open-lightbox=\"default\" data-elementor-lightbox-slideshow=\"86b6a0f\" data-elementor-lightbox-index=\"0\"><figure class=\"swiper-slide-inner\"><img decoding=\"async\" class=\"swiper-slide-image\" src=\"https:\/\/www.saint-joseph-tartas.com\/wp-content\/uploads\/2020\/09\/foire-dautomne-1-300x225.jpg\" alt=\"foire d&#039;automne 1\" \/><\/figure><\/a><\/div><div class=\"swiper-slide\"><a href=\"https:\/\/www.saint-joseph-tartas.com\/wp-content\/uploads\/2020\/09\/la-foire-dautomne-4-1-scaled.jpg\" data-elementor-open-lightbox=\"default\" data-elementor-lightbox-slideshow=\"86b6a0f\" data-elementor-lightbox-index=\"1\"><figure class=\"swiper-slide-inner\"><img decoding=\"async\" class=\"swiper-slide-image\" src=\"https:\/\/www.saint-joseph-tartas.com\/wp-content\/uploads\/2020\/09\/la-foire-dautomne-4-1-300x225.jpg\" alt=\"la foire d&#039;automne 4\" \/><\/figure><\/a><\/div>\t\t\t<\/div>\n\t\t\t\t\t\t\t\t\t\t\t\t\t\t\t\t<div class=\"elementor-swiper-button elementor-swiper-button-prev\">\n\t\t\t\t\t\t<i class=\"eicon-chevron-left\" aria-hidden=\"true\"><\/i>\n\t\t\t\t\t\t<span class=\"elementor-screen-only\">Pr\u00e9c\u00e9dent<\/span>\n\t\t\t\t\t<\/div>\n\t\t\t\t\t<div class=\"elementor-swiper-button elementor-swiper-button-next\">\n\t\t\t\t\t\t<i class=\"eicon-chevron-right\" aria-hidden=\"true\"><\/i>\n\t\t\t\t\t\t<span class=\"elementor-screen-only\">Suivant<\/span>\n\t\t\t\t\t<\/div>\n\t\t\t\t\t\t\t\t\t<\/div>\n\t\t\t\t<\/div>\n\t\t\t\t<\/div>\n\t\t\t\t\t\t<\/div>\n\t\t\t<\/div>\n\t\t<\/div>\n\t\t\t\t\t\t<\/div>\n\t\t\t<\/div>\n\t\t<\/section>\n\t\t\t\t<section class=\"elementor-element elementor-element-17131e8 elementor-section-boxed elementor-section-height-default elementor-section-height-default elementor-section elementor-top-section\" data-id=\"17131e8\" data-element_type=\"section\">\n\t\t\t\t\t\t<div class=\"elementor-container elementor-column-gap-default\">\n\t\t\t\t<div class=\"elementor-row\">\n\t\t\t\t<div class=\"elementor-element elementor-element-ebc4388 elementor-column elementor-col-100 elementor-top-column\" data-id=\"ebc4388\" data-element_type=\"column\">\n\t\t\t<div class=\"elementor-column-wrap  elementor-element-populated\">\n\t\t\t\t\t<div class=\"elementor-widget-wrap\">\n\t\t\t\t<div class=\"elementor-element elementor-element-739fab1 elementor-widget elementor-widget-heading\" data-id=\"739fab1\" data-element_type=\"widget\" data-widget_type=\"heading.default\">\n\t\t\t\t<div class=\"elementor-widget-container\">\n\t\t\t<h2 class=\"elementor-heading-title elementor-size-default\">Ann\u00e9e scolaire 2019\/2020<\/h2>\t\t<\/div>\n\t\t\t\t<\/div>\n\t\t\t\t\t\t<\/div>\n\t\t\t<\/div>\n\t\t<\/div>\n\t\t\t\t\t\t<\/div>\n\t\t\t<\/div>\n\t\t<\/section>\n\t\t\t\t<section class=\"elementor-element elementor-element-339454a elementor-section-boxed elementor-section-height-default elementor-section-height-default elementor-section elementor-top-section\" data-id=\"339454a\" data-element_type=\"section\">\n\t\t\t\t\t\t<div class=\"elementor-container elementor-column-gap-default\">\n\t\t\t\t<div class=\"elementor-row\">\n\t\t\t\t<div class=\"elementor-element elementor-element-95c3165 elementor-column elementor-col-100 elementor-top-column\" data-id=\"95c3165\" data-element_type=\"column\">\n\t\t\t<div class=\"elementor-column-wrap  elementor-element-populated\">\n\t\t\t\t\t<div class=\"elementor-widget-wrap\">\n\t\t\t\t<div class=\"elementor-element elementor-element-d39486e elementor-widget elementor-widget-text-editor\" data-id=\"d39486e\" data-element_type=\"widget\" data-widget_type=\"text-editor.default\">\n\t\t\t\t<div class=\"elementor-widget-container\">\n\t\t\t\t\t<div class=\"elementor-text-editor elementor-clearfix\"><h2 class=\"elementor-heading-title elementor-size-default elementor-inline-editing pen\" contenteditable=\"true\" data-elementor-setting-key=\"title\" data-pen-placeholder=\"\u00c9crivez ici...\"><span style=\"color: #333399;\">L&rsquo;\u00e9cole Saint Joseph fait son m\u00e9nage\u200b<\/span><\/h2><\/div>\n\t\t\t\t<\/div>\n\t\t\t\t<\/div>\n\t\t\t\t\t\t<\/div>\n\t\t\t<\/div>\n\t\t<\/div>\n\t\t\t\t\t\t<\/div>\n\t\t\t<\/div>\n\t\t<\/section>\n\t\t\t\t<section class=\"elementor-element elementor-element-ab3a2c3 elementor-section-boxed elementor-section-height-default elementor-section-height-default elementor-section elementor-top-section\" data-id=\"ab3a2c3\" data-element_type=\"section\">\n\t\t\t\t\t\t<div class=\"elementor-container elementor-column-gap-default\">\n\t\t\t\t<div class=\"elementor-row\">\n\t\t\t\t<div class=\"elementor-element elementor-element-2bdd992 elementor-column elementor-col-50 elementor-top-column\" data-id=\"2bdd992\" data-element_type=\"column\">\n\t\t\t<div class=\"elementor-column-wrap  elementor-element-populated\">\n\t\t\t\t\t<div class=\"elementor-widget-wrap\">\n\t\t\t\t<div class=\"elementor-element elementor-element-06e7086 elementor-arrows-position-inside elementor-pagination-position-outside elementor-widget elementor-widget-image-carousel\" data-id=\"06e7086\" data-element_type=\"widget\" data-settings=\"{&quot;slides_to_show&quot;:&quot;1&quot;,&quot;navigation&quot;:&quot;both&quot;,&quot;pause_on_hover&quot;:&quot;yes&quot;,&quot;autoplay&quot;:&quot;yes&quot;,&quot;autoplay_speed&quot;:5000,&quot;infinite&quot;:&quot;yes&quot;,&quot;effect&quot;:&quot;slide&quot;,&quot;speed&quot;:500,&quot;direction&quot;:&quot;ltr&quot;}\" data-widget_type=\"image-carousel.default\">\n\t\t\t\t<div class=\"elementor-widget-container\">\n\t\t\t\t\t<div class=\"elementor-image-carousel-wrapper swiper-container\" dir=\"ltr\">\n\t\t\t<div class=\"elementor-image-carousel swiper-wrapper\">\n\t\t\t\t<div class=\"swiper-slide\"><figure class=\"swiper-slide-inner\"><img decoding=\"async\" class=\"swiper-slide-image\" src=\"https:\/\/www.saint-joseph-tartas.com\/wp-content\/uploads\/2019\/12\/p1110149.jpg\" alt=\"p1110149\" \/><\/figure><\/div><div class=\"swiper-slide\"><figure class=\"swiper-slide-inner\"><img decoding=\"async\" class=\"swiper-slide-image\" src=\"https:\/\/www.saint-joseph-tartas.com\/wp-content\/uploads\/2019\/12\/p1110142.jpg\" alt=\"p1110142\" \/><\/figure><\/div><div class=\"swiper-slide\"><figure class=\"swiper-slide-inner\"><img decoding=\"async\" class=\"swiper-slide-image\" src=\"https:\/\/www.saint-joseph-tartas.com\/wp-content\/uploads\/2019\/12\/p1110138.jpg\" alt=\"p1110138\" \/><\/figure><\/div>\t\t\t<\/div>\n\t\t\t\t\t\t\t\t\t\t\t\t<div class=\"swiper-pagination\"><\/div>\n\t\t\t\t\t\t\t\t\t\t\t\t\t<div class=\"elementor-swiper-button elementor-swiper-button-prev\">\n\t\t\t\t\t\t<i class=\"eicon-chevron-left\" aria-hidden=\"true\"><\/i>\n\t\t\t\t\t\t<span class=\"elementor-screen-only\">Pr\u00e9c\u00e9dent<\/span>\n\t\t\t\t\t<\/div>\n\t\t\t\t\t<div class=\"elementor-swiper-button elementor-swiper-button-next\">\n\t\t\t\t\t\t<i class=\"eicon-chevron-right\" aria-hidden=\"true\"><\/i>\n\t\t\t\t\t\t<span class=\"elementor-screen-only\">Suivant<\/span>\n\t\t\t\t\t<\/div>\n\t\t\t\t\t\t\t\t\t<\/div>\n\t\t\t\t<\/div>\n\t\t\t\t<\/div>\n\t\t\t\t\t\t<\/div>\n\t\t\t<\/div>\n\t\t<\/div>\n\t\t\t\t<div class=\"elementor-element elementor-element-9a388ba elementor-column elementor-col-50 elementor-top-column\" data-id=\"9a388ba\" data-element_type=\"column\">\n\t\t\t<div class=\"elementor-column-wrap  elementor-element-populated\">\n\t\t\t\t\t<div class=\"elementor-widget-wrap\">\n\t\t\t\t<div class=\"elementor-element elementor-element-5fd3511 elementor-widget elementor-widget-text-editor\" data-id=\"5fd3511\" data-element_type=\"widget\" data-widget_type=\"text-editor.default\">\n\t\t\t\t<div class=\"elementor-widget-container\">\n\t\t\t\t\t<div class=\"elementor-text-editor elementor-clearfix\"><p>Les \u00e9l\u00e8ves de saint Joseph ont encore une fois montr\u00e9 leur engagement dans le respect de l&rsquo;environnement.<\/p><p>En effet, le travail quotidien sur ce th\u00e8me est consolid\u00e9 par des actions ponctuelles dont \u00ab\u00a0Nettoyons la nature\u00a0\u00bb .<\/p><p>Le vendredi 12 octobre, les \u00e9l\u00e8ves de Saint Joseph , de la maternelle au CM2 ont donc pris du temps pour nettoyer l&rsquo;\u00e9tablissement et ses abords.<\/p><\/div>\n\t\t\t\t<\/div>\n\t\t\t\t<\/div>\n\t\t\t\t\t\t<\/div>\n\t\t\t<\/div>\n\t\t<\/div>\n\t\t\t\t\t\t<\/div>\n\t\t\t<\/div>\n\t\t<\/section>\n\t\t\t\t<section class=\"elementor-element elementor-element-fc46655 elementor-section-boxed elementor-section-height-default elementor-section-height-default elementor-section elementor-top-section\" data-id=\"fc46655\" data-element_type=\"section\">\n\t\t\t\t\t\t<div class=\"elementor-container elementor-column-gap-default\">\n\t\t\t\t<div class=\"elementor-row\">\n\t\t\t\t<div class=\"elementor-element elementor-element-c77bc63 elementor-column elementor-col-100 elementor-top-column\" data-id=\"c77bc63\" data-element_type=\"column\">\n\t\t\t<div class=\"elementor-column-wrap  elementor-element-populated\">\n\t\t\t\t\t<div class=\"elementor-widget-wrap\">\n\t\t\t\t<div class=\"elementor-element elementor-element-ec65f3a elementor-drop-cap-yes elementor-drop-cap-view-default elementor-widget elementor-widget-text-editor\" data-id=\"ec65f3a\" data-element_type=\"widget\" data-settings=\"{&quot;drop_cap&quot;:&quot;yes&quot;}\" data-widget_type=\"text-editor.default\">\n\t\t\t\t<div class=\"elementor-widget-container\">\n\t\t\t\t\t<div class=\"elementor-text-editor elementor-clearfix\"><h2><span style=\"color: #333399;\">R\u00e9alisation d\u2019un journal<\/span><\/h2><div>La r\u00e9alisation d\u2019un journal d\u2019\u00e9cole, permet aux enfants de raconter leur vie de classe, leurs sorties, leurs divers travaux. Ce projet donne lieu \u00e0 des visites (imprimerie de Sud-Ouest \u00e0 Bordeaux, des enqu\u00eates, interview d\u2019\u00e9crivain, de journaliste\u2026)<br \/>En lien \u00e9troit avec la biblioth\u00e8que municipale et l\u2019AMI (association multim\u00e9dia) lecture \u00e0 la biblioth\u00e8que, participation au prix litt\u00e9raire des enfants (prix des incorruptibles), initiation \u00e0 l\u2019informatique (B2I).<\/div><\/div>\n\t\t\t\t<\/div>\n\t\t\t\t<\/div>\n\t\t\t\t\t\t<\/div>\n\t\t\t<\/div>\n\t\t<\/div>\n\t\t\t\t\t\t<\/div>\n\t\t\t<\/div>\n\t\t<\/section>\n\t\t\t\t<section class=\"elementor-element elementor-element-5a9a4f78 elementor-section-boxed elementor-section-height-default elementor-section-height-default elementor-section elementor-top-section\" data-id=\"5a9a4f78\" data-element_type=\"section\">\n\t\t\t\t\t\t<div class=\"elementor-container elementor-column-gap-default\">\n\t\t\t\t<div class=\"elementor-row\">\n\t\t\t\t<div class=\"elementor-element elementor-element-78265165 elementor-column elementor-col-100 elementor-top-column\" data-id=\"78265165\" data-element_type=\"column\">\n\t\t\t<div class=\"elementor-column-wrap  elementor-element-populated\">\n\t\t\t\t\t<div class=\"elementor-widget-wrap\">\n\t\t\t\t<div class=\"elementor-element elementor-element-b63b953 elementor-widget elementor-widget-text-editor\" data-id=\"b63b953\" data-element_type=\"widget\" data-widget_type=\"text-editor.default\">\n\t\t\t\t<div class=\"elementor-widget-container\">\n\t\t\t\t\t<div class=\"elementor-text-editor elementor-clearfix\"><h2><span style=\"color: #333399;\">Projet citoyen<\/span><\/h2><p>Sensibilisation aux enjeux pour notre plan\u00e8te, \u00e9ducation au d\u00e9veloppement durable\u00a0: travail r\u00e9gulier avec le Si\u00e9tom de Chalosse\u00a0: tri des d\u00e9chets, mise en place d\u2019un composteur.<\/p><h2><span style=\"color: #333399;\">Projet jardin<\/span><\/h2><p><strong><u>L\u2019\u00e9laboration de diff\u00e9rents\u00a0jardins ( m\u00e9diterran\u00e9en\u00a0, japonnais\u2026 ) a permis aux \u00e9l\u00e8ves de travailler <\/u><\/strong><\/p><p>-La sensibilisation \u00e0 la nature et \u00e0 la culture<\/p><p>&#8211; la sensibilisation\u00a0au paysage \u00e0\u00a0l\u2019environnement et au vivant en g\u00e9n\u00e9ral d\u00e9couvrir l\u2019histoire, l\u2019architecture, les essences des diff\u00e9rents jardins<\/p><p>-l\u2019\u00e9laboration\u00a0des documents, des sch\u00e9mas<\/p><p>&#8211; La capacit\u00e9 d\u2019invention et d\u2019imagination<\/p><p>-d\u00e9veloppement des qualit\u00e9s que n\u00e9cessite le travail d\u2019\u00e9quipe,\u00a0esprit coop\u00e9ratif, collectif, prendre en compte le point de vue de tous les camarades<\/p><p>-l\u2019 ouverture\u00a0sur des cultures diff\u00e9rentes (jardin japonais)<\/p><p>Une logique de d\u00e9veloppement durable (r\u00e9cup\u00e9ration des eaux de pluies)<\/p><p>(Ouverture maison de retraite)<\/p><p>-La communication , le \u00a0dialogue pour organiser les productions du groupe<\/p><p>&#8211; R\u00e9diger \u00e0 partir d\u2019une liste d\u2019information des textes \u00e0 but descriptif et informatif<\/p><p>&#8211; Mettre en page et organiser un document \u00e9crit dans la perspective d\u2019un projet<\/p><p>&#8211; Produire cr\u00e9er et modifier un document \u00e0 l\u2019aide d\u2019un logiciel\u00a0de traitement de texte<\/p><p>-R\u00e9employer des savoirs faire au profit d\u2019une production musicale invent\u00e9e collectivement<\/p><p>-Trouver sur Internet des informations, les appr\u00e9cier de mani\u00e8re critique.<\/p><h2><span style=\"color: #333399;\">Projet d\u2019\u00e9cole (sur 3 ans )<\/span><\/h2><p>Une\u00a0probl\u00e9matique diff\u00e9rente est\u00a0propos\u00e9e chaque ann\u00e9e.<\/p><p><em>Comment am\u00e9liorer les comp\u00e9tences des \u00e9l\u00e8ves en math\u00e9matiques\u00a0?Avec des rallyes math\u00e9matiques<\/em><\/p><p><em>Comment \u00e9duquer \u00e0 une d\u00e9marche scientifique\u00a0?Avec des d\u00e9fis scientifiques <\/em><\/p><p><em>Comment concr\u00e9tiser par la r\u00e9alisation d\u2019objets technologiques ? \u00a0Avec des d\u00e9fis technologiques.<\/em><\/p><h2><span style=\"color: #333399;\">Cross pour ELA<\/span><\/h2><p>Chaque ann\u00e9e, l\u2019\u00e9tablissement Saint Joseph court pour l\u2019association ELA , les \u00e9l\u00e8ves se mobilisent pour r\u00e9colter des fonds au profit de cette association.<\/p><h2><span style=\"color: #333399;\">Nettoyons la nature<\/span><\/h2><p>Les \u00e9l\u00e8ves de l\u2019\u00e9tablissement se sentent concern\u00e9s par l\u2019environnement et chaque ann\u00e9e ils participent au nettoyage de la nature.<\/p><h2><span style=\"color: #333399;\">Op\u00e9ration bol de riz<\/span><\/h2><p>L\u2019op\u00e9ration \u00ab\u00a0bol de riz\u00a0\u00bb est organis\u00e9e chaque ann\u00e9e le vendredi saint. L\u2019argent r\u00e9colt\u00e9 par l\u2019\u00e9cole sera envoy\u00e9 au P\u00e8re de Bourran \u00e0 Madagascar pour construire une nouvelle \u00e9cole. Au lieu du repas habituel du, midi, nous mangerons un bol de riz ou de p\u00e2tes.<\/p><p>Participer au bol de riz est un geste qui rappelle que tout le monde ne mange pas \u00e0 sa faim. C\u2019est un renoncement \u00e0 son confort habituel, o\u00f9 l\u2019on vit et partage, tr\u00e8s symboliquement, la m\u00eame vie.<\/p><h2><span style=\"color: #333399;\">Projet cirque<\/span><\/h2><p>Les \u00e9l\u00e8ves ont pris plaisir \u00e0 d\u00e9couvrir le festival europ\u00e9en du cirque en d\u00e9but d\u2019ann\u00e9e avant la r\u00e9alisation\u00a0de leur propre spectacle sur ce th\u00e8me.<\/p><p>Le projet cirque permet aux \u00e9l\u00e8ves de d\u00e9couvrir un milieu culturel, artistique et sportif ancr\u00e9 dans\u00a0l\u2019histoire : le cirque.<\/p><p><u>Avec comme sous objectifs de\u00a0:<\/u><\/p><p>-Comprendre les sp\u00e9cificit\u00e9s du cirque<\/p><p>-Sensibiliser les enfants \u00e0 la peinture par l&rsquo;interm\u00e9diaire de reproduction sur le cirque.<\/p><p>-Utiliser la biblioth\u00e8que pour chercher des albums sur le cirque<br \/>-Sensibilisation \u00e0 la po\u00e9sie et apprentissage<br \/>-Savoir communiquer les r\u00e9sultats de ses recherches et de ses cr\u00e9ations<br \/>-Evolution du cirque \u00e0 travers les \u00e2ges. Les traditions du cirque \u00e0 travers le monde. Les diff\u00e9rents cirques<br \/>Suivre le trajet d&rsquo;un cirque en France et en Europe<\/p><p><strong>Sur le plan moteur<\/strong>\u00a0: am\u00e9liorer la dissociation des diff\u00e9rentes parties du corps en r\u00e9alisant des encha\u00eenements d\u2019actions de plus en plus complexes, de ma\u00eetriser des situations d\u00e9s\u00e9quilibrantes et d\u00e9stabilisantes, d\u2019effectuer des formes d\u2019actions vari\u00e9es\u00a0: jongler, porter, parer, voltiger<\/p><p><strong>Sur le plan cognitif<\/strong>\u00a0: observer, prendre des rep\u00e8res, ma\u00eetriser sa peur de la hauteur ou de la chute, prendre conscience de ces capacit\u00e9s motrices et rechercher des solutions pour r\u00e9aliser un num\u00e9ro \u00e0 plusieurs.<\/p><p><strong>Sur le plan socio-affectif<\/strong>\u00a0: contr\u00f4ler ses \u00e9motions, sa peur et prendre confiance en soi et en l\u2019autre permettent d\u2019appr\u00e9cier le plaisir de r\u00e9ussir ( seul ou en groupe). Interviennent alors les notions de coop\u00e9ration, d\u2019entraide et de solidarit\u00e9. L\u2019enfant apprend \u00e9galement \u00e0 \u00e9valuer, juger une production et \u00e0 \u00e9laborer des strat\u00e9gies collectives pour un spectacle.<\/p><p>Composer \u00e0 plusieurs en organisant l&rsquo;espace et le temps des manipulations collectives pour cr\u00e9er une \u00e9motion chez le spectateur.<\/p><h2><span style=\"color: #333399;\">Le march\u00e9 de Noel<\/span><\/h2><p>Les bricolages des \u00e9l\u00e8ves au moment de No\u00ebl sont mis en valeur par la vente de ces objets lors d\u2019un march\u00e9 de Noel tr\u00e8s color\u00e9 et vari\u00e9.<\/p><h2><span style=\"color: #333399;\">Notre soir\u00e9e carnaval<\/span><\/h2><p>Il n&rsquo;y a pas besoin de commentaire les photos nous laissent d\u00e9voiler la convivialit\u00e9 et la bonne humeur qui r\u00e9gnaient ce soir l\u00e0.<\/p><\/div>\n\t\t\t\t<\/div>\n\t\t\t\t<\/div>\n\t\t\t\t\t\t<\/div>\n\t\t\t<\/div>\n\t\t<\/div>\n\t\t\t\t\t\t<\/div>\n\t\t\t<\/div>\n\t\t<\/section>\n\t\t\t\t\t\t<\/div>\n\t\t\t<\/div>\n\t\t<\/div>\n\t\t","protected":false},"excerpt":{"rendered":"<p>Des projets p\u00e9dagogiques innovants favorisent la motivation des \u00e9l\u00e8ves, enrichissent culturellement, ouvrent au monde ext\u00e9rieur, \u00e9duquent \u00e0 la citoyennet\u00e9 et \u00e0 la tol\u00e9rance.L\u2019\u00e9veil \u00e0 la foi, la culture religieuse et <a class=\"more-link\" href=\"https:\/\/www.saint-joseph-tartas.com\/?page_id=27\">Lire la suite<\/a><\/p>\n","protected":false},"author":4,"featured_media":0,"parent":21,"menu_order":0,"comment_status":"closed","ping_status":"closed","template":"page-fullwidth.php","meta":{"footnotes":""},"class_list":["post-27","page","type-page","status-publish","hentry"],"_links":{"self":[{"href":"https:\/\/www.saint-joseph-tartas.com\/index.php?rest_route=\/wp\/v2\/pages\/27","targetHints":{"allow":["GET"]}}],"collection":[{"href":"https:\/\/www.saint-joseph-tartas.com\/index.php?rest_route=\/wp\/v2\/pages"}],"about":[{"href":"https:\/\/www.saint-joseph-tartas.com\/index.php?rest_route=\/wp\/v2\/types\/page"}],"author":[{"embeddable":true,"href":"https:\/\/www.saint-joseph-tartas.com\/index.php?rest_route=\/wp\/v2\/users\/4"}],"replies":[{"embeddable":true,"href":"https:\/\/www.saint-joseph-tartas.com\/index.php?rest_route=%2Fwp%2Fv2%2Fcomments&post=27"}],"version-history":[{"count":29,"href":"https:\/\/www.saint-joseph-tartas.com\/index.php?rest_route=\/wp\/v2\/pages\/27\/revisions"}],"predecessor-version":[{"id":9599,"href":"https:\/\/www.saint-joseph-tartas.com\/index.php?rest_route=\/wp\/v2\/pages\/27\/revisions\/9599"}],"up":[{"embeddable":true,"href":"https:\/\/www.saint-joseph-tartas.com\/index.php?rest_route=\/wp\/v2\/pages\/21"}],"wp:attachment":[{"href":"https:\/\/www.saint-joseph-tartas.com\/index.php?rest_route=%2Fwp%2Fv2%2Fmedia&parent=27"}],"curies":[{"name":"wp","href":"https:\/\/api.w.org\/{rel}","templated":true}]}}