{"id":4110,"date":"2020-10-23T07:15:36","date_gmt":"2020-10-23T05:15:36","guid":{"rendered":"https:\/\/www.saint-joseph-tartas.com\/?page_id=4110"},"modified":"2020-10-23T17:10:00","modified_gmt":"2020-10-23T15:10:00","slug":"enseignement-specialise","status":"publish","type":"page","link":"https:\/\/www.saint-joseph-tartas.com\/?page_id=4110","title":{"rendered":"Enseignement sp\u00e9cialis\u00e9"},"content":{"rendered":"\t\t<div data-elementor-type=\"wp-page\" data-elementor-id=\"4110\" class=\"elementor elementor-4110\" data-elementor-settings=\"[]\">\n\t\t\t<div class=\"elementor-inner\">\n\t\t\t\t<div class=\"elementor-section-wrap\">\n\t\t\t\t\t\t\t<section class=\"elementor-element elementor-element-dba52bd elementor-section-boxed elementor-section-height-default elementor-section-height-default elementor-section elementor-top-section\" data-id=\"dba52bd\" data-element_type=\"section\">\n\t\t\t\t\t\t<div class=\"elementor-container elementor-column-gap-default\">\n\t\t\t\t<div class=\"elementor-row\">\n\t\t\t\t<div class=\"elementor-element elementor-element-e57d200 elementor-column elementor-col-100 elementor-top-column\" data-id=\"e57d200\" data-element_type=\"column\">\n\t\t\t<div class=\"elementor-column-wrap  elementor-element-populated\">\n\t\t\t\t\t<div class=\"elementor-widget-wrap\">\n\t\t\t\t<div class=\"elementor-element elementor-element-4b82eae elementor-widget elementor-widget-text-editor\" data-id=\"4b82eae\" data-element_type=\"widget\" data-widget_type=\"text-editor.default\">\n\t\t\t\t<div class=\"elementor-widget-container\">\n\t\t\t\t\t<div class=\"elementor-text-editor elementor-clearfix\"><p><strong>Quel est le r\u00f4le de l&rsquo;enseignant sp\u00e9cialis\u00e9?\u00a0<\/strong><\/p><div dir=\"ltr\"><div><p class=\"gmail-Standard\" style=\"font-size: 12pt; font-family: 'Times New Roman',serif; margin: 0cm;\"><span style=\"font-family: OpenDyslexic;\">Sa premi\u00e8re exp\u00e9rience d&rsquo;enseignant non sp\u00e9cialis\u00e9 lui permet de comprendre le syst\u00e8me \u00e9ducatif, la gestion d&rsquo;un groupe classe et le travail en \u00e9quipe au sein de l&rsquo;\u00e9cole.<\/span><\/p><p class=\"gmail-Standard\" style=\"font-size: 12pt; font-family: 'Times New Roman',serif; margin: 0cm;\"><span style=\"font-family: OpenDyslexic;\">\u00a0<\/span><\/p><p class=\"gmail-Standard\" style=\"font-size: 12pt; font-family: 'Times New Roman',serif; margin: 0cm;\"><span style=\"font-family: OpenDyslexic;\">Sa formation sp\u00e9cialis\u00e9e lui donne une connaissance compl\u00e9mentaire des processus d&rsquo;apprentissage et lui permet une lecture experte des difficult\u00e9s rencontr\u00e9es par les \u00e9l\u00e8ves.<\/span><\/p><p class=\"gmail-Standard\" style=\"font-size: 12pt; font-family: 'Times New Roman',serif; margin: 0cm;\"><span style=\"font-family: OpenDyslexic;\">\u00a0<\/span><\/p><p class=\"gmail-Standard\" style=\"font-size: 12pt; font-family: 'Times New Roman',serif; margin: 0cm;\"><span style=\"font-family: OpenDyslexic;\">Il agit en partenariat avec l&rsquo;enseignant de la classe, les parents, et d&rsquo;autres professionnels (orthophonistes, orthoptistes, psychologues, psychomotriciens, \u2026) concern\u00e9s par les progr\u00e8s de l&rsquo;enfant-apprenant<\/span><\/p><p class=\"gmail-Standard\" style=\"font-size: 12pt; font-family: 'Times New Roman',serif; margin: 0cm;\"><span style=\"font-family: OpenDyslexic;\">\u00a0<\/span><\/p><p class=\"gmail-Standard\" style=\"font-size: 12pt; font-family: 'Times New Roman',serif; margin: 0cm 0cm 0cm 36pt;\"><span style=\"font-family: OpenSymbol;\">\u2022<span style=\"font-size: 7pt; font-family: 'Times New Roman'; line-height: normal; font-variant-numeric: normal; font-variant-east-asian: normal; font-stretch: normal;\">\u00a0\u00a0\u00a0\u00a0\u00a0\u00a0\u00a0 <\/span><\/span>en pr\u00e9vention, avant l&rsquo;apparition ou l&rsquo;aggravation de difficult\u00e9s chez certains \u00e9l\u00e8ves<\/p><p class=\"gmail-Standard\" style=\"font-size: 12pt; font-family: 'Times New Roman',serif; margin: 0cm;\"><span style=\"font-family: OpenDyslexic;\">\u00a0<\/span><\/p><p class=\"gmail-Standard\" style=\"font-size: 12pt; font-family: 'Times New Roman',serif; margin: 0cm 0cm 0cm 36pt;\"><span style=\"font-family: OpenSymbol;\">\u2022<span style=\"font-size: 7pt; font-family: 'Times New Roman'; line-height: normal; font-variant-numeric: normal; font-variant-east-asian: normal; font-stretch: normal;\">\u00a0\u00a0\u00a0\u00a0\u00a0\u00a0\u00a0 <\/span><\/span>\u00a0en rem\u00e9diation pour construire ou restaurer des comp\u00e9tences scolaires de base (lire \u2013 \u00e9crire \u2013 compter)<\/p><p class=\"gmail-Standard\" style=\"font-size: 12pt; font-family: 'Times New Roman',serif; margin: 0cm;\"><span style=\"font-family: OpenDyslexic;\">\u00a0<\/span><\/p><p class=\"gmail-Standard\" style=\"font-size: 12pt; font-family: 'Times New Roman',serif; margin: 0cm;\"><span style=\"font-family: OpenDyslexic;\">Il observe l&rsquo;\u00e9l\u00e8ve, identifie ses points d&rsquo;appui et les obstacles, analyse pour construire un projet ajust\u00e9 aux besoins particuliers de l&rsquo;\u00e9l\u00e8ve.<\/span><\/p><p class=\"gmail-Standard\" style=\"font-size: 12pt; font-family: 'Times New Roman',serif; margin: 0cm;\"><span style=\"font-family: OpenDyslexic;\">\u00a0<\/span><\/p><p class=\"gmail-Standard\" style=\"font-size: 12pt; font-family: 'Times New Roman',serif; margin: 0cm;\"><span style=\"font-family: OpenDyslexic;\">Il travaille avec l&rsquo;\u00e9l\u00e8ve en tout petit groupe, dans ou hors la classe, mais toujours en lien avec la classe de r\u00e9f\u00e9rence de l&rsquo;\u00e9l\u00e8ve.<\/span><\/p><p class=\"gmail-Standard\" style=\"font-size: 12pt; font-family: 'Times New Roman',serif; margin: 0cm;\"><span style=\"font-family: OpenDyslexic;\">\u00a0<\/span><\/p><p class=\"gmail-Standard\" style=\"font-size: 12pt; font-family: 'Times New Roman',serif; margin: 0cm;\"><span style=\"font-family: OpenDyslexic;\">Il institue un cadre de travail s\u00e9curisant, utilise la p\u00e9dagogie du d\u00e9tour pour que l&rsquo;\u00e9l\u00e8ve puisse\u00a0:<\/span><\/p><p class=\"gmail-Standard\" style=\"font-size: 12pt; font-family: 'Times New Roman',serif; margin: 0cm;\"><span style=\"font-family: OpenDyslexic;\">acqu\u00e9rir, repr\u00e9senter, traiter l&rsquo;information, s&rsquo;engager dans la t\u00e2che, contr\u00f4ler son travail, planifier, automatiser, m\u00e9moriser, communiquer ses d\u00e9marches.<\/span><\/p><p class=\"gmail-Standard\" style=\"font-size: 12pt; font-family: 'Times New Roman',serif; margin: 0cm;\"><span style=\"font-family: OpenDyslexic;\">\u00a0<\/span><\/p><p class=\"gmail-Standard\" style=\"font-size: 12pt; font-family: 'Times New Roman',serif; margin: 0cm;\"><span style=\"font-family: OpenDyslexic;\">Il rend accessible les apprentissages en intervenant avant, pendant ou apr\u00e8s une le\u00e7on, par l&rsquo;am\u00e9nagement des contenus, des supports et des rythmes d&rsquo;apprentissage.<\/span><\/p><p>C&rsquo;est Mme Gozard H\u00e9l\u00e8ne qui occupe cette fonction.<\/p><p class=\"gmail-Standard\" style=\"font-size: 12pt; font-family: 'Times New Roman',serif; margin: 0cm;\"><span style=\"font-family: OpenDyslexic;\">\u00a0<\/span><\/p><\/div><\/div><\/div>\n\t\t\t\t<\/div>\n\t\t\t\t<\/div>\n\t\t\t\t\t\t<\/div>\n\t\t\t<\/div>\n\t\t<\/div>\n\t\t\t\t\t\t<\/div>\n\t\t\t<\/div>\n\t\t<\/section>\n\t\t\t\t<section class=\"elementor-element elementor-element-c929299 elementor-section-boxed elementor-section-height-default elementor-section-height-default elementor-section elementor-top-section\" data-id=\"c929299\" data-element_type=\"section\">\n\t\t\t\t\t\t<div class=\"elementor-container elementor-column-gap-default\">\n\t\t\t\t<div class=\"elementor-row\">\n\t\t\t\t<div class=\"elementor-element elementor-element-4943ffb elementor-column elementor-col-100 elementor-top-column\" data-id=\"4943ffb\" data-element_type=\"column\">\n\t\t\t<div class=\"elementor-column-wrap  elementor-element-populated\">\n\t\t\t\t\t<div class=\"elementor-widget-wrap\">\n\t\t\t\t<div class=\"elementor-element elementor-element-d46d30a elementor-widget elementor-widget-text-editor\" data-id=\"d46d30a\" data-element_type=\"widget\" data-widget_type=\"text-editor.default\">\n\t\t\t\t<div class=\"elementor-widget-container\">\n\t\t\t\t\t<div class=\"elementor-text-editor elementor-clearfix\"><h3><strong>Des exemples d&rsquo;activit\u00e9s propos\u00e9es aux \u00e9l\u00e8ves<\/strong><\/h3><\/div>\n\t\t\t\t<\/div>\n\t\t\t\t<\/div>\n\t\t\t\t\t\t<\/div>\n\t\t\t<\/div>\n\t\t<\/div>\n\t\t\t\t\t\t<\/div>\n\t\t\t<\/div>\n\t\t<\/section>\n\t\t\t\t<section class=\"elementor-element elementor-element-7f94783 elementor-section-boxed elementor-section-height-default elementor-section-height-default elementor-section elementor-top-section\" data-id=\"7f94783\" data-element_type=\"section\">\n\t\t\t\t\t\t<div class=\"elementor-container elementor-column-gap-default\">\n\t\t\t\t<div class=\"elementor-row\">\n\t\t\t\t<div class=\"elementor-element elementor-element-0a48b21 elementor-column elementor-col-33 elementor-top-column\" data-id=\"0a48b21\" data-element_type=\"column\">\n\t\t\t<div class=\"elementor-column-wrap  elementor-element-populated\">\n\t\t\t\t\t<div class=\"elementor-widget-wrap\">\n\t\t\t\t<div class=\"elementor-element elementor-element-1989e3a elementor-widget elementor-widget-heading\" data-id=\"1989e3a\" data-element_type=\"widget\" data-widget_type=\"heading.default\">\n\t\t\t\t<div class=\"elementor-widget-container\">\n\t\t\t<h2 class=\"elementor-heading-title elementor-size-medium\">Adaptation du travail en CE1   \n<\/h2>\t\t<\/div>\n\t\t\t\t<\/div>\n\t\t\t\t\t\t<\/div>\n\t\t\t<\/div>\n\t\t<\/div>\n\t\t\t\t<div class=\"elementor-element elementor-element-d643b28 elementor-column elementor-col-33 elementor-top-column\" data-id=\"d643b28\" data-element_type=\"column\">\n\t\t\t<div class=\"elementor-column-wrap  elementor-element-populated\">\n\t\t\t\t\t<div class=\"elementor-widget-wrap\">\n\t\t\t\t<div class=\"elementor-element elementor-element-0a8bb4d elementor-widget elementor-widget-image\" data-id=\"0a8bb4d\" data-element_type=\"widget\" data-widget_type=\"image.default\">\n\t\t\t\t<div class=\"elementor-widget-container\">\n\t\t\t\t\t<div class=\"elementor-image\">\n\t\t\t\t\t\t\t\t\t\t\t<a href=\"https:\/\/www.saint-joseph-tartas.com\/wp-content\/uploads\/2020\/10\/adaptation-travail-ce1-1-rotated.jpg\" data-elementor-open-lightbox=\"default\">\n\t\t\t\t\t\t\t<img loading=\"lazy\" decoding=\"async\" width=\"300\" height=\"180\" src=\"https:\/\/www.saint-joseph-tartas.com\/wp-content\/uploads\/2020\/10\/adaptation-travail-ce1-1-300x180.jpg\" class=\"attachment-medium size-medium\" alt=\"\" srcset=\"https:\/\/www.saint-joseph-tartas.com\/wp-content\/uploads\/2020\/10\/adaptation-travail-ce1-1-300x180.jpg 300w, https:\/\/www.saint-joseph-tartas.com\/wp-content\/uploads\/2020\/10\/adaptation-travail-ce1-1-1024x614.jpg 1024w, https:\/\/www.saint-joseph-tartas.com\/wp-content\/uploads\/2020\/10\/adaptation-travail-ce1-1-768x461.jpg 768w, https:\/\/www.saint-joseph-tartas.com\/wp-content\/uploads\/2020\/10\/adaptation-travail-ce1-1-1536x922.jpg 1536w, https:\/\/www.saint-joseph-tartas.com\/wp-content\/uploads\/2020\/10\/adaptation-travail-ce1-1-2048x1229.jpg 2048w\" sizes=\"auto, (max-width: 300px) 100vw, 300px\" \/>\t\t\t\t\t\t\t\t<\/a>\n\t\t\t\t\t\t\t\t\t\t\t<\/div>\n\t\t\t\t<\/div>\n\t\t\t\t<\/div>\n\t\t\t\t\t\t<\/div>\n\t\t\t<\/div>\n\t\t<\/div>\n\t\t\t\t<div class=\"elementor-element elementor-element-b418a8d elementor-column elementor-col-33 elementor-top-column\" data-id=\"b418a8d\" data-element_type=\"column\">\n\t\t\t<div class=\"elementor-column-wrap  elementor-element-populated\">\n\t\t\t\t\t<div class=\"elementor-widget-wrap\">\n\t\t\t\t<div class=\"elementor-element elementor-element-86ed503 elementor-widget elementor-widget-text-editor\" data-id=\"86ed503\" data-element_type=\"widget\" data-widget_type=\"text-editor.default\">\n\t\t\t\t<div class=\"elementor-widget-container\">\n\t\t\t\t\t<div class=\"elementor-text-editor elementor-clearfix\"><div dir=\"ltr\"><div><div><span style=\"font-size: 16px; font-family: Calibri,Helvetica,sans-serif; color: #000000;\">L&rsquo;\u00e9crit est pr\u00e9sent\u00e9 avec une \u00e9criture qui facilite la lecture : police Opendyslexic, caract\u00e8re 14, interligne double, segmentation des syllabes en couleur ; le travail est fractionn\u00e9 : carnet d&rsquo;exercices (1 exercice\/page); la trace \u00e9crite est all\u00e9g\u00e9e, l&rsquo;\u00e9l\u00e8ve dicte \u00e0 l&rsquo;adulte ses r\u00e9ponses<\/span>\u00a0\u00a0<\/div><\/div><\/div><\/div>\n\t\t\t\t<\/div>\n\t\t\t\t<\/div>\n\t\t\t\t\t\t<\/div>\n\t\t\t<\/div>\n\t\t<\/div>\n\t\t\t\t\t\t<\/div>\n\t\t\t<\/div>\n\t\t<\/section>\n\t\t\t\t<section class=\"elementor-element elementor-element-1d0961a elementor-section-boxed elementor-section-height-default elementor-section-height-default elementor-section elementor-top-section\" data-id=\"1d0961a\" data-element_type=\"section\">\n\t\t\t\t\t\t<div class=\"elementor-container elementor-column-gap-default\">\n\t\t\t\t<div class=\"elementor-row\">\n\t\t\t\t<div class=\"elementor-element elementor-element-88b4537 elementor-column elementor-col-33 elementor-top-column\" data-id=\"88b4537\" data-element_type=\"column\">\n\t\t\t<div class=\"elementor-column-wrap  elementor-element-populated\">\n\t\t\t\t\t<div class=\"elementor-widget-wrap\">\n\t\t\t\t<div class=\"elementor-element elementor-element-269dc4b elementor-widget elementor-widget-heading\" data-id=\"269dc4b\" data-element_type=\"widget\" data-widget_type=\"heading.default\">\n\t\t\t\t<div class=\"elementor-widget-container\">\n\t\t\t<h2 class=\"elementor-heading-title elementor-size-medium\">Co-intervention en CE1<\/h2>\t\t<\/div>\n\t\t\t\t<\/div>\n\t\t\t\t\t\t<\/div>\n\t\t\t<\/div>\n\t\t<\/div>\n\t\t\t\t<div class=\"elementor-element elementor-element-539ba7c elementor-column elementor-col-33 elementor-top-column\" data-id=\"539ba7c\" data-element_type=\"column\">\n\t\t\t<div class=\"elementor-column-wrap  elementor-element-populated\">\n\t\t\t\t\t<div class=\"elementor-widget-wrap\">\n\t\t\t\t<div class=\"elementor-element elementor-element-58c7afb elementor-widget elementor-widget-text-editor\" data-id=\"58c7afb\" data-element_type=\"widget\" data-widget_type=\"text-editor.default\">\n\t\t\t\t<div class=\"elementor-widget-container\">\n\t\t\t\t\t<div class=\"elementor-text-editor elementor-clearfix\"><div dir=\"ltr\"><div><div><div style=\"font-size: 12pt; font-family: Calibri,Helvetica,sans-serif; color: #000000;\">Les \u00e9l\u00e8ves en difficult\u00e9 qui b\u00e9n\u00e9ficient d&rsquo;un projet d&rsquo;aide sp\u00e9cialis\u00e9 restent dans leur classe, o\u00f9 2 enseignants interviennent en m\u00eame temps \u00e0 certains moments: l&rsquo;enseignant de la classe et l&rsquo;enseignant sp\u00e9cialis\u00e9;<\/div><div style=\"font-size: 12pt; font-family: Calibri,Helvetica,sans-serif; color: #000000;\">les \u00e9l\u00e8ves \u00e0 besoins \u00e9ducatifs particuliers signalent \u00e0 l&rsquo;enseignant sp\u00e9cialis\u00e9 s&rsquo;ils ont besoin d&rsquo;aide gr\u00e2ce au t\u00e9tra aide pos\u00e9 sur la table, ils positionnent en haut la couleur selon leurs besoins: rouge -&gt; \u00e0 l&rsquo;aide!\u00a0 jaune -&gt; question non urgente\u00a0 bleu -&gt; j&rsquo;aide ou je suis aid\u00e9\u00a0 vert-&gt; tout va bien<\/div><\/div><\/div><\/div><\/div>\n\t\t\t\t<\/div>\n\t\t\t\t<\/div>\n\t\t\t\t\t\t<\/div>\n\t\t\t<\/div>\n\t\t<\/div>\n\t\t\t\t<div class=\"elementor-element elementor-element-9ee5ec8 elementor-column elementor-col-33 elementor-top-column\" data-id=\"9ee5ec8\" data-element_type=\"column\">\n\t\t\t<div class=\"elementor-column-wrap  elementor-element-populated\">\n\t\t\t\t\t<div class=\"elementor-widget-wrap\">\n\t\t\t\t<div class=\"elementor-element elementor-element-be5d0ff elementor-widget elementor-widget-image\" data-id=\"be5d0ff\" data-element_type=\"widget\" data-widget_type=\"image.default\">\n\t\t\t\t<div class=\"elementor-widget-container\">\n\t\t\t\t\t<div class=\"elementor-image\">\n\t\t\t\t\t\t\t\t\t\t\t<a href=\"https:\/\/www.saint-joseph-tartas.com\/wp-content\/uploads\/2020\/10\/co-inter-ce1-1-rotated.jpg\" data-elementor-open-lightbox=\"default\">\n\t\t\t\t\t\t\t<img loading=\"lazy\" decoding=\"async\" width=\"300\" height=\"180\" src=\"https:\/\/www.saint-joseph-tartas.com\/wp-content\/uploads\/2020\/10\/co-inter-ce1-1-300x180.jpg\" class=\"attachment-medium size-medium\" alt=\"\" srcset=\"https:\/\/www.saint-joseph-tartas.com\/wp-content\/uploads\/2020\/10\/co-inter-ce1-1-300x180.jpg 300w, https:\/\/www.saint-joseph-tartas.com\/wp-content\/uploads\/2020\/10\/co-inter-ce1-1-1024x614.jpg 1024w, https:\/\/www.saint-joseph-tartas.com\/wp-content\/uploads\/2020\/10\/co-inter-ce1-1-768x461.jpg 768w, https:\/\/www.saint-joseph-tartas.com\/wp-content\/uploads\/2020\/10\/co-inter-ce1-1-1536x922.jpg 1536w, https:\/\/www.saint-joseph-tartas.com\/wp-content\/uploads\/2020\/10\/co-inter-ce1-1-2048x1229.jpg 2048w\" sizes=\"auto, (max-width: 300px) 100vw, 300px\" \/>\t\t\t\t\t\t\t\t<\/a>\n\t\t\t\t\t\t\t\t\t\t\t<\/div>\n\t\t\t\t<\/div>\n\t\t\t\t<\/div>\n\t\t\t\t\t\t<\/div>\n\t\t\t<\/div>\n\t\t<\/div>\n\t\t\t\t\t\t<\/div>\n\t\t\t<\/div>\n\t\t<\/section>\n\t\t\t\t<section class=\"elementor-element elementor-element-198a1b5 elementor-section-boxed elementor-section-height-default elementor-section-height-default elementor-section elementor-top-section\" data-id=\"198a1b5\" data-element_type=\"section\">\n\t\t\t\t\t\t<div class=\"elementor-container elementor-column-gap-default\">\n\t\t\t\t<div class=\"elementor-row\">\n\t\t\t\t<div class=\"elementor-element elementor-element-9393c8b elementor-column elementor-col-33 elementor-top-column\" data-id=\"9393c8b\" data-element_type=\"column\">\n\t\t\t<div class=\"elementor-column-wrap  elementor-element-populated\">\n\t\t\t\t\t<div class=\"elementor-widget-wrap\">\n\t\t\t\t<div class=\"elementor-element elementor-element-a94b242 elementor-widget elementor-widget-heading\" data-id=\"a94b242\" data-element_type=\"widget\" data-widget_type=\"heading.default\">\n\t\t\t\t<div class=\"elementor-widget-container\">\n\t\t\t<h2 class=\"elementor-heading-title elementor-size-medium\">Accompagner les \u00e9l\u00e8ves dans la lecture et l'\u00e9criture<\/h2>\t\t<\/div>\n\t\t\t\t<\/div>\n\t\t\t\t\t\t<\/div>\n\t\t\t<\/div>\n\t\t<\/div>\n\t\t\t\t<div class=\"elementor-element elementor-element-12dd79d elementor-column elementor-col-33 elementor-top-column\" data-id=\"12dd79d\" data-element_type=\"column\">\n\t\t\t<div class=\"elementor-column-wrap  elementor-element-populated\">\n\t\t\t\t\t<div class=\"elementor-widget-wrap\">\n\t\t\t\t<div class=\"elementor-element elementor-element-8b835d9 elementor-arrows-position-inside elementor-pagination-position-outside elementor-widget elementor-widget-image-carousel\" data-id=\"8b835d9\" data-element_type=\"widget\" data-settings=\"{&quot;slides_to_show&quot;:&quot;1&quot;,&quot;navigation&quot;:&quot;both&quot;,&quot;pause_on_hover&quot;:&quot;yes&quot;,&quot;autoplay&quot;:&quot;yes&quot;,&quot;autoplay_speed&quot;:5000,&quot;infinite&quot;:&quot;yes&quot;,&quot;effect&quot;:&quot;slide&quot;,&quot;speed&quot;:500,&quot;direction&quot;:&quot;ltr&quot;}\" data-widget_type=\"image-carousel.default\">\n\t\t\t\t<div class=\"elementor-widget-container\">\n\t\t\t\t\t<div class=\"elementor-image-carousel-wrapper swiper-container\" dir=\"ltr\">\n\t\t\t<div class=\"elementor-image-carousel swiper-wrapper\">\n\t\t\t\t<div class=\"swiper-slide\"><a href=\"https:\/\/www.saint-joseph-tartas.com\/wp-content\/uploads\/2020\/10\/co-inter-CP-lettres-mobiles-1-rotated.jpg\" data-elementor-open-lightbox=\"default\" data-elementor-lightbox-slideshow=\"8b835d9\" data-elementor-lightbox-index=\"0\"><figure class=\"swiper-slide-inner\"><img decoding=\"async\" class=\"swiper-slide-image\" src=\"https:\/\/www.saint-joseph-tartas.com\/wp-content\/uploads\/2020\/10\/co-inter-CP-lettres-mobiles-1-180x300.jpg\" alt=\"co inter CP lettres mobiles (1)\" \/><\/figure><\/a><\/div><div class=\"swiper-slide\"><a href=\"https:\/\/www.saint-joseph-tartas.com\/wp-content\/uploads\/2020\/10\/co-inter-CP-coop\u00e9ration-rotated.jpg\" data-elementor-open-lightbox=\"default\" data-elementor-lightbox-slideshow=\"8b835d9\" data-elementor-lightbox-index=\"1\"><figure class=\"swiper-slide-inner\"><img decoding=\"async\" class=\"swiper-slide-image\" src=\"https:\/\/www.saint-joseph-tartas.com\/wp-content\/uploads\/2020\/10\/co-inter-CP-coop\u00e9ration-300x180.jpg\" alt=\"co inter CP coop\u00e9ration\" \/><\/figure><\/a><\/div>\t\t\t<\/div>\n\t\t\t\t\t\t\t\t\t\t\t\t<div class=\"swiper-pagination\"><\/div>\n\t\t\t\t\t\t\t\t\t\t\t\t\t<div class=\"elementor-swiper-button elementor-swiper-button-prev\">\n\t\t\t\t\t\t<i class=\"eicon-chevron-left\" aria-hidden=\"true\"><\/i>\n\t\t\t\t\t\t<span class=\"elementor-screen-only\">Pr\u00e9c\u00e9dent<\/span>\n\t\t\t\t\t<\/div>\n\t\t\t\t\t<div class=\"elementor-swiper-button elementor-swiper-button-next\">\n\t\t\t\t\t\t<i class=\"eicon-chevron-right\" aria-hidden=\"true\"><\/i>\n\t\t\t\t\t\t<span class=\"elementor-screen-only\">Suivant<\/span>\n\t\t\t\t\t<\/div>\n\t\t\t\t\t\t\t\t\t<\/div>\n\t\t\t\t<\/div>\n\t\t\t\t<\/div>\n\t\t\t\t\t\t<\/div>\n\t\t\t<\/div>\n\t\t<\/div>\n\t\t\t\t<div class=\"elementor-element elementor-element-a57a704 elementor-column elementor-col-33 elementor-top-column\" data-id=\"a57a704\" data-element_type=\"column\">\n\t\t\t<div class=\"elementor-column-wrap  elementor-element-populated\">\n\t\t\t\t\t<div class=\"elementor-widget-wrap\">\n\t\t\t\t<div class=\"elementor-element elementor-element-e96414b elementor-widget elementor-widget-text-editor\" data-id=\"e96414b\" data-element_type=\"widget\" data-widget_type=\"text-editor.default\">\n\t\t\t\t<div class=\"elementor-widget-container\">\n\t\t\t\t\t<div class=\"elementor-text-editor elementor-clearfix\"><div dir=\"ltr\"><div><span style=\"font-size: 16px; font-family: Calibri,Helvetica,sans-serif; color: #000000;\">Au CP , utilisation des lettres mobiles Montessori pour \u00e9crire un mot sous la dict\u00e9e, d\u00e9bat entre \u00e9l\u00e8ves, on n&rsquo;a pas peur de se tromper, on apprend de l&rsquo;autre<\/span>\u00a0<\/div><\/div><p>\u00a0<\/p><\/div>\n\t\t\t\t<\/div>\n\t\t\t\t<\/div>\n\t\t\t\t\t\t<\/div>\n\t\t\t<\/div>\n\t\t<\/div>\n\t\t\t\t\t\t<\/div>\n\t\t\t<\/div>\n\t\t<\/section>\n\t\t\t\t<section class=\"elementor-element elementor-element-7e0bff1 elementor-section-boxed elementor-section-height-default elementor-section-height-default elementor-section elementor-top-section\" data-id=\"7e0bff1\" data-element_type=\"section\">\n\t\t\t\t\t\t<div class=\"elementor-container elementor-column-gap-default\">\n\t\t\t\t<div class=\"elementor-row\">\n\t\t\t\t<div class=\"elementor-element elementor-element-41e640b elementor-column elementor-col-33 elementor-top-column\" data-id=\"41e640b\" data-element_type=\"column\">\n\t\t\t<div class=\"elementor-column-wrap  elementor-element-populated\">\n\t\t\t\t\t<div class=\"elementor-widget-wrap\">\n\t\t\t\t<div class=\"elementor-element elementor-element-0ca8524 elementor-widget elementor-widget-heading\" data-id=\"0ca8524\" data-element_type=\"widget\" data-widget_type=\"heading.default\">\n\t\t\t\t<div class=\"elementor-widget-container\">\n\t\t\t<h2 class=\"elementor-heading-title elementor-size-medium\">Pr\u00e9vention du langage oral <\/h2>\t\t<\/div>\n\t\t\t\t<\/div>\n\t\t\t\t\t\t<\/div>\n\t\t\t<\/div>\n\t\t<\/div>\n\t\t\t\t<div class=\"elementor-element elementor-element-a464326 elementor-column elementor-col-33 elementor-top-column\" data-id=\"a464326\" data-element_type=\"column\">\n\t\t\t<div class=\"elementor-column-wrap  elementor-element-populated\">\n\t\t\t\t\t<div class=\"elementor-widget-wrap\">\n\t\t\t\t<div class=\"elementor-element elementor-element-b4d9938 elementor-widget elementor-widget-text-editor\" data-id=\"b4d9938\" data-element_type=\"widget\" data-widget_type=\"text-editor.default\">\n\t\t\t\t<div class=\"elementor-widget-container\">\n\t\t\t\t\t<div class=\"elementor-text-editor elementor-clearfix\"><div dir=\"ltr\"><div><div><span style=\"font-size: 16px; font-family: Calibri,Helvetica,sans-serif; color: #000000;\">En GS, \u00e0 partir d&rsquo;albums favorisant la prise de parole ; gestion des prises de parole avec un micro ; chacun s&rsquo;exprime en toute confiance au sein du petit groupe et progresse dans sa fa\u00e7on de construire les phrases et d&rsquo;acqu\u00e9rir du vocabulaire nouveau<\/span><\/div><\/div><\/div><p>.<\/p><\/div>\n\t\t\t\t<\/div>\n\t\t\t\t<\/div>\n\t\t\t\t\t\t<\/div>\n\t\t\t<\/div>\n\t\t<\/div>\n\t\t\t\t<div class=\"elementor-element elementor-element-51f6556 elementor-column elementor-col-33 elementor-top-column\" data-id=\"51f6556\" data-element_type=\"column\">\n\t\t\t<div class=\"elementor-column-wrap  elementor-element-populated\">\n\t\t\t\t\t<div class=\"elementor-widget-wrap\">\n\t\t\t\t<div class=\"elementor-element elementor-element-b056701 elementor-widget elementor-widget-image\" data-id=\"b056701\" data-element_type=\"widget\" data-widget_type=\"image.default\">\n\t\t\t\t<div class=\"elementor-widget-container\">\n\t\t\t\t\t<div class=\"elementor-image\">\n\t\t\t\t\t\t\t\t\t\t<img loading=\"lazy\" decoding=\"async\" width=\"300\" height=\"180\" src=\"https:\/\/www.saint-joseph-tartas.com\/wp-content\/uploads\/2020\/10\/pr\u00e9vention-langage-oral-GS-300x180.jpg\" class=\"attachment-medium size-medium\" alt=\"\" srcset=\"https:\/\/www.saint-joseph-tartas.com\/wp-content\/uploads\/2020\/10\/pr\u00e9vention-langage-oral-GS-300x180.jpg 300w, https:\/\/www.saint-joseph-tartas.com\/wp-content\/uploads\/2020\/10\/pr\u00e9vention-langage-oral-GS-1024x614.jpg 1024w, https:\/\/www.saint-joseph-tartas.com\/wp-content\/uploads\/2020\/10\/pr\u00e9vention-langage-oral-GS-768x461.jpg 768w, https:\/\/www.saint-joseph-tartas.com\/wp-content\/uploads\/2020\/10\/pr\u00e9vention-langage-oral-GS-1536x922.jpg 1536w, https:\/\/www.saint-joseph-tartas.com\/wp-content\/uploads\/2020\/10\/pr\u00e9vention-langage-oral-GS-2048x1229.jpg 2048w\" sizes=\"auto, (max-width: 300px) 100vw, 300px\" \/>\t\t\t\t\t\t\t\t\t\t\t<\/div>\n\t\t\t\t<\/div>\n\t\t\t\t<\/div>\n\t\t\t\t\t\t<\/div>\n\t\t\t<\/div>\n\t\t<\/div>\n\t\t\t\t\t\t<\/div>\n\t\t\t<\/div>\n\t\t<\/section>\n\t\t\t\t\t\t<\/div>\n\t\t\t<\/div>\n\t\t<\/div>\n\t\t","protected":false},"excerpt":{"rendered":"<p>Quel est le r\u00f4le de l&rsquo;enseignant sp\u00e9cialis\u00e9?&nbsp; Sa premi\u00e8re exp\u00e9rience d&rsquo;enseignant non sp\u00e9cialis\u00e9 lui permet de comprendre le syst\u00e8me \u00e9ducatif, la gestion d&rsquo;un groupe classe et le travail en \u00e9quipe <a class=\"more-link\" href=\"https:\/\/www.saint-joseph-tartas.com\/?page_id=4110\">Lire la suite<\/a><\/p>\n","protected":false},"author":3,"featured_media":0,"parent":0,"menu_order":0,"comment_status":"closed","ping_status":"closed","template":"","meta":{"footnotes":""},"class_list":["post-4110","page","type-page","status-publish","hentry"],"_links":{"self":[{"href":"https:\/\/www.saint-joseph-tartas.com\/index.php?rest_route=\/wp\/v2\/pages\/4110","targetHints":{"allow":["GET"]}}],"collection":[{"href":"https:\/\/www.saint-joseph-tartas.com\/index.php?rest_route=\/wp\/v2\/pages"}],"about":[{"href":"https:\/\/www.saint-joseph-tartas.com\/index.php?rest_route=\/wp\/v2\/types\/page"}],"author":[{"embeddable":true,"href":"https:\/\/www.saint-joseph-tartas.com\/index.php?rest_route=\/wp\/v2\/users\/3"}],"replies":[{"embeddable":true,"href":"https:\/\/www.saint-joseph-tartas.com\/index.php?rest_route=%2Fwp%2Fv2%2Fcomments&post=4110"}],"version-history":[{"count":3,"href":"https:\/\/www.saint-joseph-tartas.com\/index.php?rest_route=\/wp\/v2\/pages\/4110\/revisions"}],"predecessor-version":[{"id":4121,"href":"https:\/\/www.saint-joseph-tartas.com\/index.php?rest_route=\/wp\/v2\/pages\/4110\/revisions\/4121"}],"wp:attachment":[{"href":"https:\/\/www.saint-joseph-tartas.com\/index.php?rest_route=%2Fwp%2Fv2%2Fmedia&parent=4110"}],"curies":[{"name":"wp","href":"https:\/\/api.w.org\/{rel}","templated":true}]}}