{"id":47,"date":"2019-06-25T22:56:27","date_gmt":"2019-06-25T20:56:27","guid":{"rendered":"https:\/\/www.saint-joseph-tartas.com\/?page_id=47"},"modified":"2024-09-02T17:42:12","modified_gmt":"2024-09-02T15:42:12","slug":"charte-de-leleve","status":"publish","type":"page","link":"https:\/\/www.saint-joseph-tartas.com\/?page_id=47","title":{"rendered":"R\u00e8glement et Charte de l&rsquo;\u00e9l\u00e8ve"},"content":{"rendered":"\t\t<div data-elementor-type=\"wp-page\" data-elementor-id=\"47\" class=\"elementor elementor-47\" data-elementor-settings=\"[]\">\n\t\t\t<div class=\"elementor-inner\">\n\t\t\t\t<div class=\"elementor-section-wrap\">\n\t\t\t\t\t\t\t<section class=\"elementor-element elementor-element-53ff5396 elementor-section-boxed elementor-section-height-default elementor-section-height-default elementor-section elementor-top-section\" data-id=\"53ff5396\" data-element_type=\"section\">\n\t\t\t\t\t\t<div class=\"elementor-container elementor-column-gap-default\">\n\t\t\t\t<div class=\"elementor-row\">\n\t\t\t\t<div class=\"elementor-element elementor-element-266eaf6e elementor-column elementor-col-100 elementor-top-column\" data-id=\"266eaf6e\" data-element_type=\"column\">\n\t\t\t<div class=\"elementor-column-wrap  elementor-element-populated\">\n\t\t\t\t\t<div class=\"elementor-widget-wrap\">\n\t\t\t\t<div class=\"elementor-element elementor-element-2e639647 elementor-widget elementor-widget-text-editor\" data-id=\"2e639647\" data-element_type=\"widget\" data-widget_type=\"text-editor.default\">\n\t\t\t\t<div class=\"elementor-widget-container\">\n\t\t\t\t\t<div class=\"elementor-text-editor elementor-clearfix\"><h1 style=\"text-align: center;\"><span style=\"color: #566b75;\"><strong><span style=\"font-family: Comic Sans MS, cursive;\">R\u00e8glement int\u00e9rieur<\/span><\/strong><\/span><\/h1>\n<p><span style=\"color: #566b75;\"><span style=\"font-family: Comic Sans MS, cursive;\">Votre enfant est accueilli par la communaut\u00e9 \u00e9ducative du coll\u00e8ge Saint Joseph au sein de laquelle savoir, savoir-faire et savoir-\u00eatre se d\u00e9clinent tout au long du quotidien (pendant les cours et en dehors des cours). <\/span><\/span><\/p>\n<p style=\"text-align: center;\"><span style=\"color: #566b75;\"><strong><span style=\"font-family: Comic Sans MS, cursive;\">Le \u00ab\u00a0vivre ensemble\u00a0\u00bb est le fondement pour l&rsquo;\u00e9panouissement de chaque enfant.<\/span><\/strong><\/span><\/p>\n<p><span style=\"font-family: Comic Sans MS, cursive; color: #566b75;\">Ce r\u00e8glement n&rsquo;a pas \u00e9t\u00e9 \u00e9tabli pour contraindre. Il a \u00e9t\u00e9 r\u00e9dig\u00e9 dans le but de cr\u00e9er un climat favorable au travail scolaire et \u00e0 l&rsquo;\u00e9ducation <u>humaine et chr\u00e9tienne<\/u> des enfants qui sont confi\u00e9s \u00e0 notre \u00e9tablissement.<\/span><\/p>\n<p><span style=\"font-family: Comic Sans MS, cursive; color: #566b75;\">Il doit \u00eatre connu et accept\u00e9 des \u00e9l\u00e8ves <u>et<\/u> des familles.<\/span><\/p>\n<h6><span style=\"color: #566b75;\"><strong><span style=\"font-family: Comic Sans MS, cursive;\">R\u00e8glement EPS<\/span><\/strong><\/span><\/h6>\n<p><span style=\"font-family: Comic Sans MS, cursive; color: #566b75;\">Les professeurs d&rsquo;Education Physique et Sportive ont \u00e9labor\u00e9 un r\u00e8glement commun.<\/span><\/p>\n<h6><span style=\"color: #566b75;\"><strong><span style=\"font-family: Comic Sans MS, cursive;\">Charte informatique et Internet<\/span><\/strong><\/span><\/h6>\n<p><span style=\"font-family: Comic Sans MS, cursive; color: #566b75;\">Une charte informatique a \u00e9t\u00e9 \u00e9labor\u00e9e afin de d\u00e9finir les conditions d&rsquo;utilisation de l&rsquo;outil informatique et d&rsquo;Internet au sein de l&rsquo;\u00e9tablissement.<\/span><\/p>\n<p><span style=\"font-family: Comic Sans MS, cursive;\"><span style=\"color: #566b75;\">Pour lire les r\u00e8glements et la charte informatique et Internet dans leur int\u00e9gralit\u00e9,<\/span><a href=\"https:\/\/www.saint-joseph-tartas.com\/wp-content\/uploads\/2024\/09\/r\u00e8glement_int\u00e9rieur_2024_2025.pdf\"> cliquez ici<\/a><br \/><\/span><\/p>\n<!-- wp:paragraph {\"fontSize\":\"medium\"} --><!-- \/wp:paragraph --><\/div>\n\t\t\t\t<\/div>\n\t\t\t\t<\/div>\n\t\t\t\t\t\t<\/div>\n\t\t\t<\/div>\n\t\t<\/div>\n\t\t\t\t\t\t<\/div>\n\t\t\t<\/div>\n\t\t<\/section>\n\t\t\t\t\t\t<\/div>\n\t\t\t<\/div>\n\t\t<\/div>\n\t\t","protected":false},"excerpt":{"rendered":"<p>R\u00e8glement int\u00e9rieur Votre enfant est accueilli par la communaut\u00e9 \u00e9ducative du coll\u00e8ge Saint Joseph au sein de laquelle savoir, savoir-faire et savoir-\u00eatre se d\u00e9clinent tout au long du quotidien (pendant <a class=\"more-link\" href=\"https:\/\/www.saint-joseph-tartas.com\/?page_id=47\">Lire la suite<\/a><\/p>\n","protected":false},"author":3,"featured_media":0,"parent":41,"menu_order":0,"comment_status":"closed","ping_status":"closed","template":"page-fullwidth.php","meta":{"footnotes":""},"class_list":["post-47","page","type-page","status-publish","hentry"],"_links":{"self":[{"href":"https:\/\/www.saint-joseph-tartas.com\/index.php?rest_route=\/wp\/v2\/pages\/47","targetHints":{"allow":["GET"]}}],"collection":[{"href":"https:\/\/www.saint-joseph-tartas.com\/index.php?rest_route=\/wp\/v2\/pages"}],"about":[{"href":"https:\/\/www.saint-joseph-tartas.com\/index.php?rest_route=\/wp\/v2\/types\/page"}],"author":[{"embeddable":true,"href":"https:\/\/www.saint-joseph-tartas.com\/index.php?rest_route=\/wp\/v2\/users\/3"}],"replies":[{"embeddable":true,"href":"https:\/\/www.saint-joseph-tartas.com\/index.php?rest_route=%2Fwp%2Fv2%2Fcomments&post=47"}],"version-history":[{"count":32,"href":"https:\/\/www.saint-joseph-tartas.com\/index.php?rest_route=\/wp\/v2\/pages\/47\/revisions"}],"predecessor-version":[{"id":8914,"href":"https:\/\/www.saint-joseph-tartas.com\/index.php?rest_route=\/wp\/v2\/pages\/47\/revisions\/8914"}],"up":[{"embeddable":true,"href":"https:\/\/www.saint-joseph-tartas.com\/index.php?rest_route=\/wp\/v2\/pages\/41"}],"wp:attachment":[{"href":"https:\/\/www.saint-joseph-tartas.com\/index.php?rest_route=%2Fwp%2Fv2%2Fmedia&parent=47"}],"curies":[{"name":"wp","href":"https:\/\/api.w.org\/{rel}","templated":true}]}}