{"id":51,"date":"2019-06-25T22:58:10","date_gmt":"2019-06-25T20:58:10","guid":{"rendered":"https:\/\/www.saint-joseph-tartas.com\/?page_id=51"},"modified":"2019-12-17T21:23:30","modified_gmt":"2019-12-17T20:23:30","slug":"la-page-des-delegues-de-classe","status":"publish","type":"page","link":"https:\/\/www.saint-joseph-tartas.com\/?page_id=51","title":{"rendered":"La page des d\u00e9l\u00e9gu\u00e9s"},"content":{"rendered":"\n<figure class=\"wp-block-table\"><table class=\"\"><tbody><tr><td><strong>Le r\u00f4le des d\u00e9l\u00e9gu\u00e9s pendant les conseils de classe<\/strong> : Les d\u00e9l\u00e9gu\u00e9s de classe repr\u00e9sentent leurs camarades lors du conseil de classe. Mais, quel est le r\u00f4le des d\u00e9l\u00e9gu\u00e9s pr\u00e9cis\u00e9ment?&nbsp;<br>Tout d&rsquo;abord, ils repr\u00e9sentent la classe et sont donc les porte-paroles de la classe. Ils lisent un bilan r\u00e9alis\u00e9 par la classe, pr\u00e9par\u00e9 en amont en HVC avec le professeur principal.<a href=\"http:\/\/www.saint-joseph-tartas.com\/UserFiles\/Site\/files\/prepa%20conseil%20trim1%2020172018.doc\">Pr\u00e9parer le conseil avec la classe<\/a><a href=\"http:\/\/www.saint-joseph-tartas.com\/UserFiles\/Site\/files\/Fiche%20eleve%20bilan%201er%20trim.%203eme.odt\">; Questionnaire pour les 3\u00e8mes<\/a>&nbsp;<br>Puis, ils doivent prendre des notes lors du tour de table des professeurs. Ils liront ensuite ces remarques \u00e0 leurs camarades.<a href=\"http:\/\/www.saint-joseph-tartas.com\/UserFiles\/Site\/files\/Bilan%20des%20professeurs%20lors%20du%20conseil%20de%20classe%20%201er%20trimestre%281%29.doc\">Prendre des notes durant le tour de table des professeurs<\/a>&nbsp;<br><br><a href=\"http:\/\/www.saint-joseph-tartas.com\/home\/college-la-page-des-delegues-de-classe.php#haut\"><\/a><\/td><\/tr><\/tbody><\/table><\/figure>\n\n\n\n<figure class=\"wp-block-table\"><table class=\"\"><tbody><tr><td><strong>Formation des d\u00e9l\u00e9gu\u00e9s:<\/strong>   <br> <br>  Le mardi 5 novembre, tous les d\u00e9l\u00e9gu\u00e9s et sous-d\u00e9l\u00e9gu\u00e9s ont \u00e9t\u00e9 r\u00e9unis au CDI par Monsieur Dupouy, le chef d\u2019\u00e9tablissement et Mme Sourigues-Chinon professeur d\u2019histoire-G\u00e9ographie.<br> &nbsp;<br> En lien avec le programme d\u2019enseignement moral et civique, cette r\u00e9union de deux heures avait pour objectif d&rsquo;\u00e9changer avec les jeunes sur leur fonction d\u2019\u00e9l\u00e8ve d\u00e9l\u00e9gu\u00e9, de les pr\u00e9parer \u00e0 assister aux conseils de classe et de les accompagner \u00e0 des prises de responsabilit\u00e9s dans la vie de l\u2019\u00e9tablissement.<br> &nbsp;<br> M. Dupouy souhaite que les d\u00e9l\u00e9gu\u00e9s et sous-d\u00e9l\u00e9gu\u00e9s s&rsquo;investissent dans la vie du coll\u00e8ge, qu&rsquo;ils soient porteurs d&rsquo;id\u00e9es. Les d\u00e9l\u00e9gu\u00e9s et sous-d\u00e9l\u00e9gu\u00e9s pourraient tr\u00e8s bien organiser des animations durant la pause m\u00e9ridienne.  <br><a lambdaeverupdated=\"140\" href=\"http:\/\/www.saint-joseph-tartas.com\/home\/college-la-page-des-delegues-de-classe.php#haut\"><\/a><\/td><\/tr><\/tbody><\/table><\/figure>\n\n\n\n<figure class=\"wp-block-table\"><table class=\"\"><tbody><tr><td><strong>Les d\u00e9l\u00e9gu\u00e9s et sous-d\u00e9l\u00e9gu\u00e9s du coll\u00e8ge<\/strong> : Qui sont les d\u00e9l\u00e9gu\u00e9s et sous-d\u00e9l\u00e9gu\u00e9s de chaque classe?\u00a0<a href=\"https:\/\/www.saint-joseph-tartas.com\/wp-content\/uploads\/2019\/12\/d\u00e9l\u00e9gu\u00e9s-et-sous-d\u00e9l\u00e9gu\u00e9s.pdf\">Cliquez ici pour les connaitre<\/a><\/td><\/tr><\/tbody><\/table><\/figure>\n","protected":false},"excerpt":{"rendered":"<p>Le r\u00f4le des d\u00e9l\u00e9gu\u00e9s pendant les conseils de classe : Les d\u00e9l\u00e9gu\u00e9s de classe repr\u00e9sentent leurs camarades lors du conseil de classe. Mais, quel est le r\u00f4le des d\u00e9l\u00e9gu\u00e9s pr\u00e9cis\u00e9ment?&nbsp;Tout <a class=\"more-link\" href=\"https:\/\/www.saint-joseph-tartas.com\/?page_id=51\">Lire la suite<\/a><\/p>\n","protected":false},"author":1,"featured_media":0,"parent":69,"menu_order":0,"comment_status":"closed","ping_status":"closed","template":"page-fullwidth.php","meta":{"footnotes":""},"class_list":["post-51","page","type-page","status-publish","hentry"],"_links":{"self":[{"href":"https:\/\/www.saint-joseph-tartas.com\/index.php?rest_route=\/wp\/v2\/pages\/51","targetHints":{"allow":["GET"]}}],"collection":[{"href":"https:\/\/www.saint-joseph-tartas.com\/index.php?rest_route=\/wp\/v2\/pages"}],"about":[{"href":"https:\/\/www.saint-joseph-tartas.com\/index.php?rest_route=\/wp\/v2\/types\/page"}],"author":[{"embeddable":true,"href":"https:\/\/www.saint-joseph-tartas.com\/index.php?rest_route=\/wp\/v2\/users\/1"}],"replies":[{"embeddable":true,"href":"https:\/\/www.saint-joseph-tartas.com\/index.php?rest_route=%2Fwp%2Fv2%2Fcomments&post=51"}],"version-history":[{"count":6,"href":"https:\/\/www.saint-joseph-tartas.com\/index.php?rest_route=\/wp\/v2\/pages\/51\/revisions"}],"predecessor-version":[{"id":1264,"href":"https:\/\/www.saint-joseph-tartas.com\/index.php?rest_route=\/wp\/v2\/pages\/51\/revisions\/1264"}],"up":[{"embeddable":true,"href":"https:\/\/www.saint-joseph-tartas.com\/index.php?rest_route=\/wp\/v2\/pages\/69"}],"wp:attachment":[{"href":"https:\/\/www.saint-joseph-tartas.com\/index.php?rest_route=%2Fwp%2Fv2%2Fmedia&parent=51"}],"curies":[{"name":"wp","href":"https:\/\/api.w.org\/{rel}","templated":true}]}}