{"id":80,"date":"2019-06-25T23:06:05","date_gmt":"2019-06-25T21:06:05","guid":{"rendered":"https:\/\/www.saint-joseph-tartas.com\/?page_id=80"},"modified":"2019-12-22T14:25:42","modified_gmt":"2019-12-22T13:25:42","slug":"secourisme","status":"publish","type":"page","link":"https:\/\/www.saint-joseph-tartas.com\/?page_id=80","title":{"rendered":"Projet pastoral"},"content":{"rendered":"\t\t<div data-elementor-type=\"wp-page\" data-elementor-id=\"80\" class=\"elementor elementor-80\" data-elementor-settings=\"[]\">\n\t\t\t<div class=\"elementor-inner\">\n\t\t\t\t<div class=\"elementor-section-wrap\">\n\t\t\t\t\t\t\t<section class=\"elementor-element elementor-element-5f81c9c elementor-section-boxed elementor-section-height-default elementor-section-height-default elementor-section elementor-top-section\" data-id=\"5f81c9c\" data-element_type=\"section\">\n\t\t\t\t\t\t<div class=\"elementor-container elementor-column-gap-default\">\n\t\t\t\t<div class=\"elementor-row\">\n\t\t\t\t<div class=\"elementor-element elementor-element-0e86e73 elementor-column elementor-col-66 elementor-top-column\" data-id=\"0e86e73\" data-element_type=\"column\">\n\t\t\t<div class=\"elementor-column-wrap  elementor-element-populated\">\n\t\t\t\t\t<div class=\"elementor-widget-wrap\">\n\t\t\t\t<div class=\"elementor-element elementor-element-74cd367 elementor-widget elementor-widget-text-editor\" data-id=\"74cd367\" data-element_type=\"widget\" data-widget_type=\"text-editor.default\">\n\t\t\t\t<div class=\"elementor-widget-container\">\n\t\t\t\t\t<div class=\"elementor-text-editor elementor-clearfix\"><p><span style=\"text-decoration: underline;\"><strong>Pour<\/strong><\/span> servir de r\u00e9f\u00e9rence, de support et de soutien aux actions quotidiennes.<br \/><span style=\"text-decoration: underline;\"><strong>Pour<\/strong><\/span> tendre \u00e0 ce que notre communaut\u00e9 (parents, \u00e9l\u00e8ves, gestionnaires, personnel AESH, enseignants, intervenants\u2026) \u00a0vive selon le message du Christ. <br \/><span style=\"text-decoration: underline;\"><strong>Pour<\/strong> <\/span>faire entendre la Parole Sacr\u00e9e, dans les diff\u00e9rents lieux de vie de notre \u00e9tablissement. <br \/><span style=\"text-decoration: underline;\"><strong>Pour<\/strong><\/span> \u00e9valuer, si notre t\u00e9moignage, notre comportement et nos convictions, \u00e0 travers le dire et le faire, vont toujours dans le sens que nous lui avons donn\u00e9.<\/p>\n<p><strong>\u00ab Au dernier jour,J\u00e9sus ne nous demandera pas si nous avons bien pri\u00e9, si nous avons \u00e9t\u00e9 de bons chr\u00e9tiens, <\/strong><strong style=\"font-size: 16px;\">mais si nous avons aim\u00e9 et partag\u00e9.\u00a0\u00bb<\/strong><span style=\"font-size: 16px;\"> (P\u00e8re H. CARO)<\/span><\/p>\n<p><!-- \/wp:paragraph --><!-- wp:paragraph --><\/p>\n<p>C\u2019est aussi \u00e0 cela que notre \u00e9tablissement sera reconnu catholique par les valeurs de l\u2019\u00c9vangile que sont\u00a0: la pratique du service, le t\u00e9moignage \u00e9vang\u00e9lique, la pri\u00e8re et la c\u00e9l\u00e9bration.<\/p>\n<p><!-- \/wp:paragraph --><!-- wp:paragraph --><\/p><\/div>\n\t\t\t\t<\/div>\n\t\t\t\t<\/div>\n\t\t\t\t\t\t<\/div>\n\t\t\t<\/div>\n\t\t<\/div>\n\t\t\t\t<div class=\"elementor-element elementor-element-b5ae88a elementor-column elementor-col-33 elementor-top-column\" data-id=\"b5ae88a\" data-element_type=\"column\">\n\t\t\t<div class=\"elementor-column-wrap  elementor-element-populated\">\n\t\t\t\t\t<div class=\"elementor-widget-wrap\">\n\t\t\t\t<div class=\"elementor-element elementor-element-f7c9883 elementor-widget elementor-widget-image\" data-id=\"f7c9883\" data-element_type=\"widget\" data-widget_type=\"image.default\">\n\t\t\t\t<div class=\"elementor-widget-container\">\n\t\t\t\t\t<div class=\"elementor-image\">\n\t\t\t\t\t\t\t\t\t\t<img loading=\"lazy\" decoding=\"async\" width=\"678\" height=\"452\" src=\"https:\/\/www.saint-joseph-tartas.com\/wp-content\/uploads\/2019\/12\/IMG_9940-1024x683.jpg\" class=\"attachment-large size-large\" alt=\"\" srcset=\"https:\/\/www.saint-joseph-tartas.com\/wp-content\/uploads\/2019\/12\/IMG_9940-1024x683.jpg 1024w, https:\/\/www.saint-joseph-tartas.com\/wp-content\/uploads\/2019\/12\/IMG_9940-300x200.jpg 300w, https:\/\/www.saint-joseph-tartas.com\/wp-content\/uploads\/2019\/12\/IMG_9940-768x512.jpg 768w, https:\/\/www.saint-joseph-tartas.com\/wp-content\/uploads\/2019\/12\/IMG_9940.jpg 1500w\" sizes=\"auto, (max-width: 678px) 100vw, 678px\" \/>\t\t\t\t\t\t\t\t\t\t\t<\/div>\n\t\t\t\t<\/div>\n\t\t\t\t<\/div>\n\t\t\t\t\t\t<\/div>\n\t\t\t<\/div>\n\t\t<\/div>\n\t\t\t\t\t\t<\/div>\n\t\t\t<\/div>\n\t\t<\/section>\n\t\t\t\t<section class=\"elementor-element elementor-element-1e54122b elementor-section-boxed elementor-section-height-default elementor-section-height-default elementor-section elementor-top-section\" data-id=\"1e54122b\" data-element_type=\"section\">\n\t\t\t\t\t\t<div class=\"elementor-container elementor-column-gap-default\">\n\t\t\t\t<div class=\"elementor-row\">\n\t\t\t\t<div class=\"elementor-element elementor-element-734d86d2 elementor-column elementor-col-100 elementor-top-column\" data-id=\"734d86d2\" data-element_type=\"column\">\n\t\t\t<div class=\"elementor-column-wrap  elementor-element-populated\">\n\t\t\t\t\t<div class=\"elementor-widget-wrap\">\n\t\t\t\t<div class=\"elementor-element elementor-element-57136da7 elementor-widget elementor-widget-text-editor\" data-id=\"57136da7\" data-element_type=\"widget\" data-widget_type=\"text-editor.default\">\n\t\t\t\t<div class=\"elementor-widget-container\">\n\t\t\t\t\t<div class=\"elementor-text-editor elementor-clearfix\"><p><!-- wp:paragraph --><\/p>\n<p><!-- \/wp:paragraph --><!-- wp:paragraph --><\/p>\n<p><!-- \/wp:paragraph --><!-- wp:paragraph --><\/p>\n<p><span style=\"color: #0000ff;\"><strong>Une communaut\u00e9 accueillante<br \/><\/strong><\/span><strong>\u00ab\u00a0Ne pas voir chez l\u2019autre, \u00e9l\u00e8ve ou adulte, que ce qu\u2019il me pla\u00eet d\u2019y voir.\u00a0\u00bb <\/strong>(L\u2019\u00e9quipe de Pastorale)<br \/><em>Nous acceptons l\u2019autre avec ses diff\u00e9rences\u00a0: spirituelles, culturelles, sociales\u2026<br \/><\/em>Nous devons lui montrer que nous lui accordons de l\u2019int\u00e9r\u00eat, que nous lui donnons la parole, que nous sommes \u00e0 son \u00e9coute, m\u00eame si parfois les meilleures conditions ne sont pas r\u00e9unies, dans le but de lui permettre de r\u00e9fl\u00e9chir, de se mettre ou de rester debout.<\/p>\n<p><!-- \/wp:paragraph --><!-- wp:paragraph --><\/p>\n<p><!-- \/wp:paragraph --><!-- wp:paragraph --><\/p>\n<p><!-- \/wp:paragraph --><!-- wp:paragraph --><\/p>\n<p><!-- \/wp:paragraph --><!-- wp:paragraph --><\/p>\n<p><span style=\"color: #0000ff;\"><strong>Une communaut\u00e9 au service<br \/><\/strong><\/span><strong>\u00ab\u00a0Le Fils de l\u2019homme est venu non pour \u00eatre servi, mais pour servir.\u00a0\u00bb <\/strong>(Matthieu 20,28)<br \/><em>Nous sommes attentif \u00e0 tous.<br \/><\/em>Dans nos responsabilit\u00e9s et nos fonctions, sachons faire preuve d\u2019humilit\u00e9 dans notre relation au jeune qui nous est confi\u00e9 ou \u00e0 l\u2019adulte qui travaille \u00e0 nos c\u00f4t\u00e9s. Nous devons nous efforcer de faire don de nous-m\u00eames gratuitement, pour le servir et l\u2019aider \u00e0 grandir.<\/p>\n<p><!-- \/wp:paragraph --><!-- wp:paragraph --><\/p>\n<p><!-- \/wp:paragraph --><!-- wp:paragraph --><\/p>\n<p><!-- \/wp:paragraph --><!-- wp:paragraph --><\/p>\n<p><!-- \/wp:paragraph --><!-- wp:paragraph --><\/p>\n<p><span style=\"color: #0000ff;\"><strong>Une communaut\u00e9 qui c\u00e9l\u00e8bre<br \/><\/strong><\/span><strong>\u00ab\u00a0L\u00e0 ou deux ou trois se trouvent r\u00e9unis en mon nom, je suis au milieu d\u2019eux.\u00a0\u00bb <\/strong>(Matthieu 18,20)<br \/><em>Nous t\u00e9moignons de celui qui nous fait vivre e<\/em>n donnant un sens \u00e0 nos actes quotidiens.<br \/><em>Nous donnons une dimension festive. <\/em>En osant mettre en valeur un travail une r\u00e9ussite de tel ou tel \u00e9l\u00e8ve, groupe ou adulte\u2026<br \/><em>Nous partageons ce qui nous touche. <\/em>Moments heureux ou plus d\u00e9licats, qui rythment la vie de notre communaut\u00e9.<br \/><em>Nous allons vers l\u2019autre. <\/em>Avec un esprit ouvert et si besoin un d\u00e9sir de r\u00e9conciliation.<\/p>\n<p><!-- \/wp:paragraph --><!-- wp:paragraph --><\/p>\n<p><!-- \/wp:paragraph --><!-- wp:paragraph --><\/p>\n<p><!-- \/wp:paragraph --><!-- wp:paragraph --><\/p>\n<p><!-- \/wp:paragraph --><!-- wp:paragraph --><\/p>\n<p><!-- \/wp:paragraph --><!-- wp:paragraph --><\/p>\n<p><!-- \/wp:paragraph --><!-- wp:paragraph --><\/p>\n<p>Pour nous y aider, nous pouvons mettre \u00e0 profit les temps forts qui jalonnent l\u2019ann\u00e9e scolaire\u00a0: No\u00ebl, P\u00e2ques&#8230; Les rencontres\u00a0 tous les quinze jours avec chaque classe : temps d\u2019\u00e9changes, de d\u00e9couverte des textes bibliques (La Gen\u00e8se propos\u00e9e cette ann\u00e9e), lieu de partage&#8230; Les rencontres cat\u00e9ch\u00e9tiques en Paroisse pour ceux qui pr\u00e9parent les diff\u00e9rents sacrements.<\/p>\n<p><!-- \/wp:paragraph --><!-- wp:paragraph --><\/p>\n<p><strong>Que le message de l\u2019\u00c9vangile, nous aide \u00e0 respecter chaque acteur de notre communaut\u00e9, pour le d\u00e9veloppement harmonieux de chacun.<\/strong><\/p>\n<p><!-- \/wp:paragraph --><\/p><\/div>\n\t\t\t\t<\/div>\n\t\t\t\t<\/div>\n\t\t\t\t\t\t<\/div>\n\t\t\t<\/div>\n\t\t<\/div>\n\t\t\t\t\t\t<\/div>\n\t\t\t<\/div>\n\t\t<\/section>\n\t\t\t\t\t\t<\/div>\n\t\t\t<\/div>\n\t\t<\/div>\n\t\t","protected":false},"excerpt":{"rendered":"<p>Pour servir de r\u00e9f\u00e9rence, de support et de soutien aux actions quotidiennes.Pour tendre \u00e0 ce que notre communaut\u00e9 (parents, \u00e9l\u00e8ves, gestionnaires, personnel AESH, enseignants, intervenants\u2026) \u00a0vive selon le message du <a class=\"more-link\" href=\"https:\/\/www.saint-joseph-tartas.com\/?page_id=80\">Lire la suite<\/a><\/p>\n","protected":false},"author":1,"featured_media":0,"parent":8,"menu_order":0,"comment_status":"closed","ping_status":"closed","template":"page-fullwidth.php","meta":{"footnotes":""},"class_list":["post-80","page","type-page","status-publish","hentry"],"_links":{"self":[{"href":"https:\/\/www.saint-joseph-tartas.com\/index.php?rest_route=\/wp\/v2\/pages\/80","targetHints":{"allow":["GET"]}}],"collection":[{"href":"https:\/\/www.saint-joseph-tartas.com\/index.php?rest_route=\/wp\/v2\/pages"}],"about":[{"href":"https:\/\/www.saint-joseph-tartas.com\/index.php?rest_route=\/wp\/v2\/types\/page"}],"author":[{"embeddable":true,"href":"https:\/\/www.saint-joseph-tartas.com\/index.php?rest_route=\/wp\/v2\/users\/1"}],"replies":[{"embeddable":true,"href":"https:\/\/www.saint-joseph-tartas.com\/index.php?rest_route=%2Fwp%2Fv2%2Fcomments&post=80"}],"version-history":[{"count":13,"href":"https:\/\/www.saint-joseph-tartas.com\/index.php?rest_route=\/wp\/v2\/pages\/80\/revisions"}],"predecessor-version":[{"id":1763,"href":"https:\/\/www.saint-joseph-tartas.com\/index.php?rest_route=\/wp\/v2\/pages\/80\/revisions\/1763"}],"up":[{"embeddable":true,"href":"https:\/\/www.saint-joseph-tartas.com\/index.php?rest_route=\/wp\/v2\/pages\/8"}],"wp:attachment":[{"href":"https:\/\/www.saint-joseph-tartas.com\/index.php?rest_route=%2Fwp%2Fv2%2Fmedia&parent=80"}],"curies":[{"name":"wp","href":"https:\/\/api.w.org\/{rel}","templated":true}]}}