{"id":95,"date":"2019-06-25T23:11:08","date_gmt":"2019-06-25T21:11:08","guid":{"rendered":"https:\/\/www.saint-joseph-tartas.com\/?page_id=95"},"modified":"2025-01-15T00:11:58","modified_gmt":"2025-01-14T23:11:58","slug":"a-p-e-l","status":"publish","type":"page","link":"https:\/\/www.saint-joseph-tartas.com\/?page_id=95","title":{"rendered":"A.P.E.L"},"content":{"rendered":"\t\t<div data-elementor-type=\"wp-page\" data-elementor-id=\"95\" class=\"elementor elementor-95\" data-elementor-settings=\"[]\">\n\t\t\t<div class=\"elementor-inner\">\n\t\t\t\t<div class=\"elementor-section-wrap\">\n\t\t\t\t\t\t\t<section class=\"elementor-element elementor-element-4951cfb elementor-section-boxed elementor-section-height-default elementor-section-height-default elementor-section elementor-top-section\" data-id=\"4951cfb\" data-element_type=\"section\">\n\t\t\t\t\t\t<div class=\"elementor-container elementor-column-gap-default\">\n\t\t\t\t<div class=\"elementor-row\">\n\t\t\t\t<div class=\"elementor-element elementor-element-46283bf elementor-column elementor-col-100 elementor-top-column\" data-id=\"46283bf\" data-element_type=\"column\">\n\t\t\t<div class=\"elementor-column-wrap  elementor-element-populated\">\n\t\t\t\t\t<div class=\"elementor-widget-wrap\">\n\t\t\t\t<div class=\"elementor-element elementor-element-004d4f6 elementor-widget elementor-widget-text-editor\" data-id=\"004d4f6\" data-element_type=\"widget\" data-widget_type=\"text-editor.default\">\n\t\t\t\t<div class=\"elementor-widget-container\">\n\t\t\t\t\t<div class=\"elementor-text-editor elementor-clearfix\"><p style=\"text-align: center;\" align=\"LEFT\"><span style=\"color: #0c4245;\"><span style=\"font-family: Comic Sans MS, cursive;\"><span style=\"font-size: small;\">Chers parents,<\/span><\/span><\/span><\/p><p><span style=\"color: #0c4245;\"><span style=\"font-family: Comic Sans MS, cursive;\"><span style=\"font-size: small;\">Bienvenue dans notre grande communaut\u00e9 scolaire !<\/span><\/span><\/span><\/p><p style=\"text-align: center;\"><strong><span style=\"color: #0c4245;\"><span style=\"font-family: Comic Sans MS, cursive;\"><span style=\"font-size: small;\">En tant que pr\u00e9sidente de l\u2019APEL (Association des Parents d\u2019\u00c9l\u00e8ves de l\u2019Enseignement <\/span><\/span><span style=\"font-family: Comic Sans MS, cursive;\"><span style=\"font-size: small;\">Libre), c\u2019est avec joie que je vous pr\u00e9sente notre association et les nombreuses actions que <\/span><\/span><span style=\"font-family: Comic Sans MS, cursive;\"><span style=\"font-size: small;\">nous organisons pour enrichir la vie de notre \u00e9tablissement.<\/span><\/span><\/span><\/strong><\/p><p><span style=\"color: #0c4245;\"><span style=\"font-family: Comic Sans MS, cursive;\"><span style=\"font-size: small;\"><b>L\u2019APEL a pour mission principale de cr\u00e9er un lien solide entre les parents, les \u00e9quipes <\/b><\/span><\/span><span style=\"font-family: Comic Sans MS, cursive;\"><span style=\"font-size: small;\"><b>p\u00e9dagogiques et l\u2019\u00e9cole. Nous sommes \u00e0 votre \u00e9coute pour partager vos id\u00e9es, vos attentes <\/b><\/span><\/span><span style=\"font-family: Comic Sans MS, cursive;\"><span style=\"font-size: small;\"><b>et vos questions, et nous engageons \u00e0 \u00eatre un v\u00e9ritable relais pour que chaque famille se <\/b><\/span><\/span><span style=\"font-family: Comic Sans MS, cursive;\"><span style=\"font-size: small;\"><b>sente pleinement int\u00e9gr\u00e9e dans la vie scolaire de ses enfants.<\/b><\/span><\/span><\/span><\/p><p><span style=\"color: #0c4245;\"><span style=\"font-family: Comic Sans MS, cursive;\"><span style=\"font-size: small;\">L\u2019Apel, c\u2019est aussi la plus importante association nationale de parents d\u2019\u00e9l\u00e8ves, avec ses <\/span><\/span><span style=\"font-family: Comic Sans MS, cursive;\"><span style=\"font-size: small;\">860 000 familles adh\u00e9rentes. Porteuse de convictions \u00e9ducatives fortes (Projet du <\/span><\/span><span style=\"font-family: Comic Sans MS, cursive;\"><span style=\"font-size: small;\">mouvement, t\u00e9l\u00e9chargeable sur le site www.apel.fr), l\u2019Apel participe activement au d\u00e9bat <\/span><\/span><span style=\"font-family: Comic Sans MS, cursive;\"><span style=\"font-size: small;\">\u00e9ducatif national et fait entendre la voix des parents aupr\u00e8s de l\u2019Enseignement catholique et <\/span><\/span><span style=\"font-family: Comic Sans MS, cursive;\"><span style=\"font-size: small;\">des pouvoirs publics.<\/span><\/span><\/span><\/p><p><strong><span style=\"color: #0c4245;\"><span style=\"font-family: Comic Sans MS, cursive;\"><span style=\"font-size: small;\">L\u2019Apel, c\u2019est enfin quatre services concrets d\u2019aide \u00e0 la scolarit\u00e9 et \u00e0 l\u2019\u00e9ducation :<\/span><\/span><\/span><\/strong><\/p><p><span style=\"color: #0c4245;\"> <span style=\"font-family: Comic Sans MS, cursive;\"><span style=\"font-size: small;\"><b>&#8211; 1 Famille &amp; \u00e9ducation, le magazine de l\u2019Apel<\/b> qui, tous les deux mois, apporte aux parents <\/span><\/span><span style=\"font-family: Comic Sans MS, cursive;\"><span style=\"font-size: small;\">d\u2019\u00e9l\u00e8ves des informations pratiques et utiles sur la vie scolaire, les questions \u00e9ducatives et <\/span><\/span><span style=\"font-family: Comic Sans MS, cursive;\"><span style=\"font-size: small;\">de soci\u00e9t\u00e9, et les activit\u00e9s de loisirs pour les enfants.<\/span><\/span><\/span><\/p><p><span style=\"color: #0c4245;\"> <span style=\"font-family: Comic Sans MS, cursive;\"><span style=\"font-size: small;\"><b>&#8211; 2 <\/b><b>www.apel.fr<\/b><b>, le site internet de l\u2019Apel<\/b> qui, mis \u00e0 jour quotidiennement, r\u00e9pond aux <\/span><\/span><span style=\"font-family: Comic Sans MS, cursive;\"><span style=\"font-size: small;\">interrogations des parents sur la scolarit\u00e9 et l\u2019\u00e9ducation de leurs enfants, et leur permet de <\/span><\/span><span style=\"font-family: Comic Sans MS, cursive;\"><span style=\"font-size: small;\">partager leurs exp\u00e9riences sur des forums.<\/span><\/span><\/span><\/p><p><span style=\"color: #0c4245;\"> <span style=\"font-family: Comic Sans MS, cursive;\"><span style=\"font-size: small;\">&#8211; <b>3 Apel Service, un service t\u00e9l\u00e9phonique (0 810 255 255), au prix d\u2019un appel local, o\u00f9 des <\/b><\/span><\/span><span style=\"font-family: Comic Sans MS, cursive;\"><span style=\"font-size: small;\"><b>sp\u00e9cialistes (conseillers scolaires, psychologues, juristes \u2026) <\/b>r\u00e9pondent \u00e0 toutes les <\/span><\/span><span style=\"font-family: Comic Sans MS, cursive;\"><span style=\"font-size: small;\">questions des parents concernant la scolarit\u00e9, l\u2019orientation, les probl\u00e8mes juridiques ou <\/span><\/span><span style=\"font-family: Comic Sans MS, cursive;\"><span style=\"font-size: small;\">psychologiques.<\/span><\/span><\/span><\/p><p><span style=\"color: #0c4245;\"> <span style=\"font-family: Comic Sans MS, cursive;\"><span style=\"font-size: small;\">&#8211; 4 <b>Le Service d\u2019information et de conseil aux familles<\/b>, qui propose, dans chaque d\u00e9partement <\/span><\/span><span style=\"font-family: Comic Sans MS, cursive;\"><span style=\"font-size: small;\">ou acad\u00e9mie, un accueil personnalis\u00e9 et gratuit pour renseigner sur les \u00e9tudes et les <\/span><\/span><span style=\"font-family: Comic Sans MS, cursive;\"><span style=\"font-size: small;\">professions, ainsi que sur les difficult\u00e9s rencontr\u00e9es par les enfants (probl\u00e8mes scolaires, <\/span><\/span><span style=\"font-family: Comic Sans MS, cursive;\"><span style=\"font-size: small;\">handicap, adolescence \u2026). Voici les coordonn\u00e9es t\u00e9l\u00e9phoniques du Service d\u2019information et <\/span><\/span><span style=\"font-family: Comic Sans MS, cursive;\"><span style=\"font-size: small;\">de conseil aux familles de votre r\u00e9gion : 05 56 69 93 21.<\/span><\/span><\/span><\/p><p style=\"text-align: center;\"><strong><span style=\"color: #0c4245;\"><span style=\"font-family: Comic Sans MS, cursive;\"><span style=\"font-size: small;\">Pour animer cette communaut\u00e9 et favoriser les \u00e9changes, nous organisons tout au long de <\/span><\/span><span style=\"font-family: Comic Sans MS, cursive;\"><span style=\"font-size: small;\">l\u2019ann\u00e9e des \u00e9v\u00e9nements conviviaux et festifs.<\/span><\/span><\/span><\/strong><\/p><p><span style=\"color: #0c4245;\"><span style=\"font-family: Comic Sans MS, cursive;\"><span style=\"font-size: small;\">Ces activit\u00e9s sont non seulement l\u2019occasion de cr\u00e9er des souvenirs inoubliables, mais aussi <\/span><\/span><span style=\"font-family: Comic Sans MS, cursive;\"><span style=\"font-size: small;\">de collecter des fonds pour soutenir les projets \u00e9ducatifs et p\u00e9dagogiques de <\/span><\/span><span style=\"font-family: Comic Sans MS, cursive;\"><span style=\"font-size: small;\">l\u2019\u00e9tablissement. <b>Votre participation, qu\u2019elle soit ponctuelle ou r\u00e9guli\u00e8re, est essentielle pour <\/b><\/span><\/span><span style=\"font-family: Comic Sans MS, cursive;\"><span style=\"font-size: small;\"><b>donner vie \u00e0 ces initiatives et renforcer la dynamique de notre \u00e9cole.<\/b><\/span><\/span><\/span><\/p><p><strong><span style=\"color: #0c4245;\"><span style=\"font-family: Comic Sans MS, cursive;\"><span style=\"font-size: small;\">Durant ces derni\u00e8res ann\u00e9es divers projets ont pu \u00eatre financ\u00e9s tout ou partie par l&rsquo;Apel <\/span><\/span><span style=\"font-family: Comic Sans MS, cursive;\"><span style=\"font-size: small;\">comme l\u2019\u00e9quipement en tableaux num\u00e9riques pour toutes les classes du primaire, la <\/span><\/span><span style=\"font-family: Comic Sans MS, cursive;\"><span style=\"font-size: small;\">participation forfaitaire aux voyages scolaires, la cr\u00e9ation de vestiaires pour le coll\u00e8ge,<\/span><\/span><\/span><\/strong> <strong><span style=\"color: #0c4245;\"><span style=\"font-family: Comic Sans MS, cursive;\"><span style=\"font-size: small;\">l\u2019achat de livres pour chaque classe du primaire, l\u2019achat de v\u00e9los, draisiennes pour les <\/span><\/span><span style=\"font-family: Comic Sans MS, cursive;\"><span style=\"font-size: small;\">maternelles\u2026.<\/span><\/span><\/span><\/strong><\/p><p><span style=\"color: #0c4245;\"><span style=\"font-family: Comic Sans MS, cursive;\"><span style=\"font-size: small;\">Diff\u00e9rents projets sont \u00e9galement \u00e0 l\u2019\u00e9tude afin de contribuer au bien-\u00eatre de nos enfants et <\/span><\/span><span style=\"font-family: Comic Sans MS, cursive;\"><span style=\"font-size: small;\">de favoriser une collaboration toujours plus \u00e9troite entre les parents, les enseignants et la <\/span><\/span><span style=\"font-family: Comic Sans MS, cursive;\"><span style=\"font-size: small;\">direction de l\u2019\u00e9tablissement comme l\u2019am\u00e9nagement de la cours maternelle\/primaire (achat <\/span><\/span><span style=\"font-family: Comic Sans MS, cursive;\"><span style=\"font-size: small;\">de baby foot, tables de ping pong, structures\u2026), du soutien aux projets p\u00e9dagogiques, des <\/span><\/span><span style=\"font-family: Comic Sans MS, cursive;\"><span style=\"font-size: small;\">actions de sensibilisation et de pr\u00e9vention via des conf\u00e9rences ou des ateliers, la r\u00e9novation <\/span><\/span><span style=\"font-family: Comic Sans MS, cursive;\"><span style=\"font-size: small;\">des toilettes du coll\u00e8ge.<\/span><\/span><\/span><\/p><p><span style=\"color: #0c4245;\"><span style=\"font-family: Comic Sans MS, cursive;\"><span style=\"font-size: small;\"><b>Enfin, n\u2019h\u00e9sitez pas \u00e0 nous rejoindre ! Que ce soit pour donner un coup de main lors d\u2019un <\/b><\/span><\/span><span style=\"font-family: Comic Sans MS, cursive;\"><span style=\"font-size: small;\"><b>\u00e9v\u00e9nement, partager vos comp\u00e9tences ou simplement \u00e9changer autour d\u2019un caf\u00e9, toutes les <\/b><\/span><\/span><span style=\"font-family: Comic Sans MS, cursive;\"><span style=\"font-size: small;\"><b>contributions sont les bienvenues<\/b>. <\/span><\/span><\/span><\/p><p><span style=\"color: #0c4245;\"><span style=\"font-family: Comic Sans MS, cursive;\"><span style=\"font-size: small;\">L\u2019APEL, c\u2019est avant tout une \u00e9quipe de parents b\u00e9n\u00e9voles d\u00e9termin\u00e9s \u00e0 faire de notre \u00e9cole un lieu o\u00f9 chacun se sent bien.<\/span><\/span><\/span><\/p><p><span style=\"color: #0c4245;\"><span style=\"font-family: Comic Sans MS, cursive;\"><span style=\"font-size: small;\">Merci pour votre confiance et votre engagement. Ensemble, contribuons \u00e0 la r\u00e9ussite et au <\/span><\/span><span style=\"font-family: Comic Sans MS, cursive;\"><span style=\"font-size: small;\">bien-\u00eatre de nos enfants!<\/span><\/span><\/span><\/p><p><span style=\"color: #0c4245;\"><span style=\"font-family: Comic Sans MS, cursive;\"><span style=\"font-size: small;\">Avec toute mon amiti\u00e9,<\/span><\/span><\/span><\/p><p><span style=\"color: #0c4245;\"><span style=\"font-family: Comic Sans MS, cursive;\"><span style=\"font-size: small;\">Elodie Seurot<\/span><\/span><\/span><\/p><p><span style=\"font-family: Comic Sans MS, cursive; color: #0c4245;\"><span style=\"font-size: small;\">Pr\u00e9sidente de l\u2019APEL<\/span><\/span><\/p><\/div>\n\t\t\t\t<\/div>\n\t\t\t\t<\/div>\n\t\t\t\t\t\t<\/div>\n\t\t\t<\/div>\n\t\t<\/div>\n\t\t\t\t\t\t<\/div>\n\t\t\t<\/div>\n\t\t<\/section>\n\t\t\t\t<section class=\"elementor-element elementor-element-06d0acf elementor-section-boxed elementor-section-height-default elementor-section-height-default elementor-section elementor-top-section\" data-id=\"06d0acf\" data-element_type=\"section\">\n\t\t\t\t\t\t<div class=\"elementor-container elementor-column-gap-default\">\n\t\t\t\t<div class=\"elementor-row\">\n\t\t\t\t<div class=\"elementor-element elementor-element-b3a75af elementor-column elementor-col-100 elementor-top-column\" data-id=\"b3a75af\" data-element_type=\"column\">\n\t\t\t<div class=\"elementor-column-wrap  elementor-element-populated\">\n\t\t\t\t\t<div class=\"elementor-widget-wrap\">\n\t\t\t\t<div class=\"elementor-element elementor-element-d76ce39 elementor-widget elementor-widget-text-editor\" data-id=\"d76ce39\" data-element_type=\"widget\" data-widget_type=\"text-editor.default\">\n\t\t\t\t<div class=\"elementor-widget-container\">\n\t\t\t\t\t<div class=\"elementor-text-editor elementor-clearfix\"><p><img loading=\"lazy\" decoding=\"async\" class=\"details-image aligncenter\" draggable=\"false\" src=\"https:\/\/www.saint-joseph-tartas.com\/wp-content\/uploads\/2025\/01\/L\u2019\u00e9quipe-20242025-1.pdf-1-pdf-1024x724.jpg\" alt=\"\" width=\"370\" height=\"265\" \/><\/p><\/div>\n\t\t\t\t<\/div>\n\t\t\t\t<\/div>\n\t\t\t\t\t\t<\/div>\n\t\t\t<\/div>\n\t\t<\/div>\n\t\t\t\t\t\t<\/div>\n\t\t\t<\/div>\n\t\t<\/section>\n\t\t\t\t<section class=\"elementor-element elementor-element-2840286 elementor-section-boxed elementor-section-height-default elementor-section-height-default elementor-section elementor-top-section\" data-id=\"2840286\" data-element_type=\"section\">\n\t\t\t\t\t\t<div class=\"elementor-container elementor-column-gap-default\">\n\t\t\t\t<div class=\"elementor-row\">\n\t\t\t\t<div class=\"elementor-element elementor-element-eb2b4c8 elementor-column elementor-col-50 elementor-top-column\" data-id=\"eb2b4c8\" data-element_type=\"column\">\n\t\t\t<div class=\"elementor-column-wrap  elementor-element-populated\">\n\t\t\t\t\t<div class=\"elementor-widget-wrap\">\n\t\t\t\t<div class=\"elementor-element elementor-element-b9fa310 elementor-widget elementor-widget-text-editor\" data-id=\"b9fa310\" data-element_type=\"widget\" data-widget_type=\"text-editor.default\">\n\t\t\t\t<div class=\"elementor-widget-container\">\n\t\t\t\t\t<div class=\"elementor-text-editor elementor-clearfix\"><p style=\"text-align: center;\"><strong><span style=\"color: #3b5f66;\">Les \u00e9v\u00e9nements conviviaux et festifs :<\/span><\/strong><\/p><p><span style=\"color: #3b5f66;\">\u25cf <b>Le Forum des associations <\/b>: un moment d\u2019\u00e9changes pour d\u00e9couvrir les initiatives locales et renforcer les liens entre \u00e9cole, parents et partenaires ext\u00e9rieurs.<\/span><\/p><p><span style=\"color: #3b5f66;\">\u25cf <b>La Foire d\u2019automne <\/b>: un moment chaleureux pour marquer le d\u00e9but de l\u2019ann\u00e9e scolaire, avec des stands, des animations et des d\u00e9gustations pour toute la famille.<\/span><\/p><p><span style=\"color: #3b5f66;\">\u25cf <b>Le Go\u00fbter du cross<\/b>: une r\u00e9compense \u00e9quilibr\u00e9e apr\u00e8s les efforts fournis par nos chers enfants<\/span><\/p><p><span style=\"color: #3b5f66;\">\u25cf <b>La Vente de chocolats de No\u00ebl : <\/b>un nouveau partenaire cette ann\u00e9e qui a ravit les papilles des petits et grands<\/span><\/p><p><span style=\"color: #3b5f66;\">\u25cf <b>Le Carnaval <\/b>: une explosion de couleurs et de joie, o\u00f9 petits et grands d\u00e9filent dans leurs plus beaux costumes.<\/span><\/p><p><span style=\"color: #3b5f66;\">\u25cf <b>La Kermesse <\/b>: cl\u00f4turons l\u2019ann\u00e9e scolaire en beaut\u00e9 avec des jeux, des spectacles et une ambiance festive.<\/span><\/p><p><span style=\"color: #3b5f66;\">\u25cf <b>Nouveaut\u00e9 cette ann\u00e9e<\/b>: Nous organisons un grand Loto pour les vacances de P\u00e2ques<\/span><\/p><\/div>\n\t\t\t\t<\/div>\n\t\t\t\t<\/div>\n\t\t\t\t\t\t<\/div>\n\t\t\t<\/div>\n\t\t<\/div>\n\t\t\t\t<div class=\"elementor-element elementor-element-cb72c0a elementor-column elementor-col-50 elementor-top-column\" data-id=\"cb72c0a\" data-element_type=\"column\">\n\t\t\t<div class=\"elementor-column-wrap  elementor-element-populated\">\n\t\t\t\t\t<div class=\"elementor-widget-wrap\">\n\t\t\t\t<div class=\"elementor-element elementor-element-817638f elementor-arrows-position-inside elementor-widget elementor-widget-image-carousel\" data-id=\"817638f\" data-element_type=\"widget\" data-settings=\"{&quot;slides_to_show&quot;:&quot;1&quot;,&quot;navigation&quot;:&quot;arrows&quot;,&quot;pause_on_hover&quot;:&quot;yes&quot;,&quot;autoplay&quot;:&quot;yes&quot;,&quot;autoplay_speed&quot;:5000,&quot;infinite&quot;:&quot;yes&quot;,&quot;effect&quot;:&quot;slide&quot;,&quot;speed&quot;:500,&quot;direction&quot;:&quot;ltr&quot;}\" data-widget_type=\"image-carousel.default\">\n\t\t\t\t<div class=\"elementor-widget-container\">\n\t\t\t\t\t<div class=\"elementor-image-carousel-wrapper swiper-container\" dir=\"ltr\">\n\t\t\t<div class=\"elementor-image-carousel swiper-wrapper\">\n\t\t\t\t<div class=\"swiper-slide\"><a href=\"https:\/\/www.saint-joseph-tartas.com\/wp-content\/uploads\/2023\/12\/guinguette.jpg\" data-elementor-open-lightbox=\"default\" data-elementor-lightbox-slideshow=\"817638f\" data-elementor-lightbox-index=\"0\"><figure class=\"swiper-slide-inner\"><img decoding=\"async\" class=\"swiper-slide-image\" src=\"https:\/\/www.saint-joseph-tartas.com\/wp-content\/uploads\/2023\/12\/guinguette-768x1365.jpg\" alt=\"Guinguette\" \/><figcaption class=\"elementor-image-carousel-caption\">Guinguette<\/figcaption><\/figure><\/a><\/div><div class=\"swiper-slide\"><a href=\"https:\/\/www.saint-joseph-tartas.com\/wp-content\/uploads\/2023\/12\/Screenshot.jpg\" data-elementor-open-lightbox=\"default\" data-elementor-lightbox-slideshow=\"817638f\" data-elementor-lightbox-index=\"1\"><figure class=\"swiper-slide-inner\"><img decoding=\"async\" class=\"swiper-slide-image\" src=\"https:\/\/www.saint-joseph-tartas.com\/wp-content\/uploads\/2023\/12\/Screenshot-768x569.jpg\" alt=\"Sceenshort\" \/><figcaption class=\"elementor-image-carousel-caption\">Sceenshort<\/figcaption><\/figure><\/a><\/div><div class=\"swiper-slide\"><a href=\"https:\/\/www.saint-joseph-tartas.com\/wp-content\/uploads\/2025\/01\/Foire-automne.jpeg\" data-elementor-open-lightbox=\"default\" data-elementor-lightbox-slideshow=\"817638f\" data-elementor-lightbox-index=\"2\"><figure class=\"swiper-slide-inner\"><img decoding=\"async\" class=\"swiper-slide-image\" src=\"https:\/\/www.saint-joseph-tartas.com\/wp-content\/uploads\/2025\/01\/Foire-automne-768x512.jpeg\" alt=\"Foire automne\" \/><\/figure><\/a><\/div><div class=\"swiper-slide\"><a href=\"https:\/\/www.saint-joseph-tartas.com\/wp-content\/uploads\/2023\/12\/crossprimaire.jpg\" data-elementor-open-lightbox=\"default\" data-elementor-lightbox-slideshow=\"817638f\" data-elementor-lightbox-index=\"3\"><figure class=\"swiper-slide-inner\"><img decoding=\"async\" class=\"swiper-slide-image\" src=\"https:\/\/www.saint-joseph-tartas.com\/wp-content\/uploads\/2023\/12\/crossprimaire-768x576.jpg\" alt=\"Cross primaire\" \/><figcaption class=\"elementor-image-carousel-caption\">Cross primaire<\/figcaption><\/figure><\/a><\/div><div class=\"swiper-slide\"><a href=\"https:\/\/www.saint-joseph-tartas.com\/wp-content\/uploads\/2023\/12\/cross.jpg\" data-elementor-open-lightbox=\"default\" data-elementor-lightbox-slideshow=\"817638f\" data-elementor-lightbox-index=\"4\"><figure class=\"swiper-slide-inner\"><img decoding=\"async\" class=\"swiper-slide-image\" src=\"https:\/\/www.saint-joseph-tartas.com\/wp-content\/uploads\/2023\/12\/cross-768x1024.jpg\" alt=\"Cross primaire\" \/><figcaption class=\"elementor-image-carousel-caption\">Cross primaire<\/figcaption><\/figure><\/a><\/div><div class=\"swiper-slide\"><a href=\"https:\/\/www.saint-joseph-tartas.com\/wp-content\/uploads\/2025\/01\/Cross.jpeg\" data-elementor-open-lightbox=\"default\" data-elementor-lightbox-slideshow=\"817638f\" data-elementor-lightbox-index=\"5\"><figure class=\"swiper-slide-inner\"><img decoding=\"async\" class=\"swiper-slide-image\" src=\"https:\/\/www.saint-joseph-tartas.com\/wp-content\/uploads\/2025\/01\/Cross-768x346.jpeg\" alt=\"Cross\" \/><\/figure><\/a><\/div><div class=\"swiper-slide\"><a href=\"https:\/\/www.saint-joseph-tartas.com\/wp-content\/uploads\/2023\/12\/March\u00e9-de-No\u00ebl-scaled.jpg\" data-elementor-open-lightbox=\"default\" data-elementor-lightbox-slideshow=\"817638f\" data-elementor-lightbox-index=\"6\"><figure class=\"swiper-slide-inner\"><img decoding=\"async\" class=\"swiper-slide-image\" src=\"https:\/\/www.saint-joseph-tartas.com\/wp-content\/uploads\/2023\/12\/March\u00e9-de-No\u00ebl-768x512.jpg\" alt=\"March\u00e9 de No\u00ebl\" \/><figcaption class=\"elementor-image-carousel-caption\">March\u00e9 de No\u00ebl<\/figcaption><\/figure><\/a><\/div><div class=\"swiper-slide\"><a href=\"https:\/\/www.saint-joseph-tartas.com\/wp-content\/uploads\/2024\/01\/20231215_153122-scaled.jpg\" data-elementor-open-lightbox=\"default\" data-elementor-lightbox-slideshow=\"817638f\" data-elementor-lightbox-index=\"7\"><figure class=\"swiper-slide-inner\"><img decoding=\"async\" class=\"swiper-slide-image\" src=\"https:\/\/www.saint-joseph-tartas.com\/wp-content\/uploads\/2024\/01\/20231215_153122-768x576.jpg\" alt=\"March\u00e9 de No\u00ebl\" \/><figcaption class=\"elementor-image-carousel-caption\">March\u00e9 de No\u00ebl<\/figcaption><\/figure><\/a><\/div><div class=\"swiper-slide\"><a href=\"https:\/\/www.saint-joseph-tartas.com\/wp-content\/uploads\/2024\/01\/20231215_153235-scaled.jpg\" data-elementor-open-lightbox=\"default\" data-elementor-lightbox-slideshow=\"817638f\" data-elementor-lightbox-index=\"8\"><figure class=\"swiper-slide-inner\"><img decoding=\"async\" class=\"swiper-slide-image\" src=\"https:\/\/www.saint-joseph-tartas.com\/wp-content\/uploads\/2024\/01\/20231215_153235-768x1024.jpg\" alt=\"March\u00e9 de No\u00ebl\" \/><figcaption class=\"elementor-image-carousel-caption\">March\u00e9 de No\u00ebl<\/figcaption><\/figure><\/a><\/div><div class=\"swiper-slide\"><a href=\"\" data-elementor-open-lightbox=\"default\" data-elementor-lightbox-slideshow=\"817638f\" data-elementor-lightbox-index=\"9\"><figure class=\"swiper-slide-inner\"><img decoding=\"async\" class=\"swiper-slide-image\" src=\"\" alt=\"\" \/><\/figure><\/a><\/div><div class=\"swiper-slide\"><a href=\"https:\/\/www.saint-joseph-tartas.com\/wp-content\/uploads\/2025\/01\/forum-association.jpg\" data-elementor-open-lightbox=\"default\" data-elementor-lightbox-slideshow=\"817638f\" data-elementor-lightbox-index=\"10\"><figure class=\"swiper-slide-inner\"><img decoding=\"async\" class=\"swiper-slide-image\" src=\"https:\/\/www.saint-joseph-tartas.com\/wp-content\/uploads\/2025\/01\/forum-association-768x576.jpg\" alt=\"forum association\" \/><\/figure><\/a><\/div><div class=\"swiper-slide\"><a href=\"https:\/\/www.saint-joseph-tartas.com\/wp-content\/uploads\/2025\/01\/Kermesse.jpeg\" data-elementor-open-lightbox=\"default\" data-elementor-lightbox-slideshow=\"817638f\" data-elementor-lightbox-index=\"11\"><figure class=\"swiper-slide-inner\"><img decoding=\"async\" class=\"swiper-slide-image\" src=\"https:\/\/www.saint-joseph-tartas.com\/wp-content\/uploads\/2025\/01\/Kermesse-768x576.jpeg\" alt=\"Kermesse\" \/><\/figure><\/a><\/div><div class=\"swiper-slide\"><a href=\"https:\/\/www.saint-joseph-tartas.com\/wp-content\/uploads\/2023\/12\/Kermesse-1-rotated.jpg\" data-elementor-open-lightbox=\"default\" data-elementor-lightbox-slideshow=\"817638f\" data-elementor-lightbox-index=\"12\"><figure class=\"swiper-slide-inner\"><img decoding=\"async\" class=\"swiper-slide-image\" src=\"https:\/\/www.saint-joseph-tartas.com\/wp-content\/uploads\/2023\/12\/Kermesse-1-768x432.jpg\" alt=\"Kermesse\" \/><figcaption class=\"elementor-image-carousel-caption\">Kermesse<\/figcaption><\/figure><\/a><\/div>\t\t\t<\/div>\n\t\t\t\t\t\t\t\t\t\t\t\t\t\t\t\t<div class=\"elementor-swiper-button elementor-swiper-button-prev\">\n\t\t\t\t\t\t<i class=\"eicon-chevron-left\" aria-hidden=\"true\"><\/i>\n\t\t\t\t\t\t<span class=\"elementor-screen-only\">Pr\u00e9c\u00e9dent<\/span>\n\t\t\t\t\t<\/div>\n\t\t\t\t\t<div class=\"elementor-swiper-button elementor-swiper-button-next\">\n\t\t\t\t\t\t<i class=\"eicon-chevron-right\" aria-hidden=\"true\"><\/i>\n\t\t\t\t\t\t<span class=\"elementor-screen-only\">Suivant<\/span>\n\t\t\t\t\t<\/div>\n\t\t\t\t\t\t\t\t\t<\/div>\n\t\t\t\t<\/div>\n\t\t\t\t<\/div>\n\t\t\t\t\t\t<\/div>\n\t\t\t<\/div>\n\t\t<\/div>\n\t\t\t\t\t\t<\/div>\n\t\t\t<\/div>\n\t\t<\/section>\n\t\t\t\t<section class=\"elementor-element elementor-element-69e2e8f elementor-section-boxed elementor-section-height-default elementor-section-height-default elementor-section elementor-top-section\" data-id=\"69e2e8f\" data-element_type=\"section\">\n\t\t\t\t\t\t<div class=\"elementor-container elementor-column-gap-default\">\n\t\t\t\t<div class=\"elementor-row\">\n\t\t\t\t<div class=\"elementor-element elementor-element-56b24c3 elementor-column elementor-col-100 elementor-top-column\" data-id=\"56b24c3\" data-element_type=\"column\">\n\t\t\t<div class=\"elementor-column-wrap  elementor-element-populated\">\n\t\t\t\t\t<div class=\"elementor-widget-wrap\">\n\t\t\t\t<div class=\"elementor-element elementor-element-cd302bb elementor-widget elementor-widget-text-editor\" data-id=\"cd302bb\" data-element_type=\"widget\" data-widget_type=\"text-editor.default\">\n\t\t\t\t<div class=\"elementor-widget-container\">\n\t\t\t\t\t<div class=\"elementor-text-editor elementor-clearfix\"><\/div>\n\t\t\t\t<\/div>\n\t\t\t\t<\/div>\n\t\t\t\t\t\t<\/div>\n\t\t\t<\/div>\n\t\t<\/div>\n\t\t\t\t\t\t<\/div>\n\t\t\t<\/div>\n\t\t<\/section>\n\t\t\t\t\t\t<\/div>\n\t\t\t<\/div>\n\t\t<\/div>\n\t\t","protected":false},"excerpt":{"rendered":"<p>Chers parents, Bienvenue dans notre grande communaut\u00e9 scolaire ! En tant que pr\u00e9sidente de l\u2019APEL (Association des Parents d\u2019\u00c9l\u00e8ves de l\u2019Enseignement Libre), c\u2019est avec joie que je vous pr\u00e9sente notre <a class=\"more-link\" href=\"https:\/\/www.saint-joseph-tartas.com\/?page_id=95\">Lire la suite<\/a><\/p>\n","protected":false},"author":1,"featured_media":0,"parent":8,"menu_order":0,"comment_status":"closed","ping_status":"closed","template":"page-fullwidth.php","meta":{"footnotes":""},"class_list":["post-95","page","type-page","status-publish","hentry"],"_links":{"self":[{"href":"https:\/\/www.saint-joseph-tartas.com\/index.php?rest_route=\/wp\/v2\/pages\/95","targetHints":{"allow":["GET"]}}],"collection":[{"href":"https:\/\/www.saint-joseph-tartas.com\/index.php?rest_route=\/wp\/v2\/pages"}],"about":[{"href":"https:\/\/www.saint-joseph-tartas.com\/index.php?rest_route=\/wp\/v2\/types\/page"}],"author":[{"embeddable":true,"href":"https:\/\/www.saint-joseph-tartas.com\/index.php?rest_route=\/wp\/v2\/users\/1"}],"replies":[{"embeddable":true,"href":"https:\/\/www.saint-joseph-tartas.com\/index.php?rest_route=%2Fwp%2Fv2%2Fcomments&post=95"}],"version-history":[{"count":26,"href":"https:\/\/www.saint-joseph-tartas.com\/index.php?rest_route=\/wp\/v2\/pages\/95\/revisions"}],"predecessor-version":[{"id":9514,"href":"https:\/\/www.saint-joseph-tartas.com\/index.php?rest_route=\/wp\/v2\/pages\/95\/revisions\/9514"}],"up":[{"embeddable":true,"href":"https:\/\/www.saint-joseph-tartas.com\/index.php?rest_route=\/wp\/v2\/pages\/8"}],"wp:attachment":[{"href":"https:\/\/www.saint-joseph-tartas.com\/index.php?rest_route=%2Fwp%2Fv2%2Fmedia&parent=95"}],"curies":[{"name":"wp","href":"https:\/\/api.w.org\/{rel}","templated":true}]}}